{"id":1060,"date":"2023-06-15T14:42:30","date_gmt":"2023-06-15T19:42:30","guid":{"rendered":"https:\/\/fundacionprema.org\/ws\/?page_id=1060"},"modified":"2023-08-02T16:22:42","modified_gmt":"2023-08-02T21:22:42","slug":"unidad-de-cabeza-corazon-y-manos","status":"publish","type":"page","link":"https:\/\/fundacionprema.org\/ws\/unidad-de-cabeza-corazon-y-manos\/","title":{"rendered":"Unidad de Cabeza, Corazon y Manos"},"content":{"rendered":"\t\t<div data-elementor-type=\"wp-page\" data-elementor-id=\"1060\" class=\"elementor elementor-1060\" data-elementor-settings=\"{&quot;ha_cmc_init_switcher&quot;:&quot;no&quot;}\" data-elementor-post-type=\"page\">\n\t\t\t\t<div class=\"elementor-element elementor-element-3e2886f e-con-full e-flex e-con e-parent\" data-id=\"3e2886f\" data-element_type=\"container\" data-settings=\"{&quot;background_background&quot;:&quot;classic&quot;,&quot;_ha_eqh_enable&quot;:false}\">\n\t\t\t\t<div class=\"elementor-element elementor-element-d78249b elementor-widget elementor-widget-heading\" data-id=\"d78249b\" data-element_type=\"widget\" data-widget_type=\"heading.default\">\n\t\t\t\t<div class=\"elementor-widget-container\">\n\t\t\t\t\t<h2 class=\"elementor-heading-title elementor-size-default\">Unidad de  <br>cabeza, coraz\u00f3n y manos<\/h2>\t\t\t\t<\/div>\n\t\t\t\t<\/div>\n\t\t\t\t<\/div>\n\t\t<div class=\"elementor-element elementor-element-83155ea e-flex e-con-boxed e-con e-parent\" data-id=\"83155ea\" data-element_type=\"container\" data-settings=\"{&quot;_ha_eqh_enable&quot;:false}\">\n\t\t\t\t\t<div class=\"e-con-inner\">\n\t\t\t\t<div class=\"elementor-element elementor-element-bab07c8 elementor-widget elementor-widget-heading\" data-id=\"bab07c8\" data-element_type=\"widget\" data-widget_type=\"heading.default\">\n\t\t\t\t<div class=\"elementor-widget-container\">\n\t\t\t\t\t<h2 class=\"elementor-heading-title elementor-size-default\">Una Educaci\u00f3n <br>para toda la vida<\/h2>\t\t\t\t<\/div>\n\t\t\t\t<\/div>\n\t\t\t\t<div class=\"elementor-element elementor-element-9c61f0a elementor-widget elementor-widget-text-editor\" data-id=\"9c61f0a\" data-element_type=\"widget\" data-widget_type=\"text-editor.default\">\n\t\t\t\t<div class=\"elementor-widget-container\">\n\t\t\t\t\t\t\t\t\t<p><em>\u201cEs por pensamientos y acciones puros que la humanidad de uno se revela\u201d, afirm\u00f3 Sathya Sai, y agreg\u00f3 que, aunque a menudo hablamos de Educaci\u00f3n en Valores Humanos (EHV), debemos darnos cuenta de que EHV es 3HV. \u201cLa primera H representa el Coraz\u00f3n, la segunda la Cabeza y la tercera las Manos. La armon\u00eda de la cabeza, el coraz\u00f3n y las manos refleja la verdadera vida humana &#8220;.<\/em><\/p>\t\t\t\t\t\t\t\t<\/div>\n\t\t\t\t<\/div>\n\t\t\t\t\t<\/div>\n\t\t\t\t<\/div>\n\t\t<div class=\"elementor-element elementor-element-bd22258 e-flex e-con-boxed e-con e-parent\" data-id=\"bd22258\" data-element_type=\"container\" data-settings=\"{&quot;_ha_eqh_enable&quot;:false}\">\n\t\t\t\t\t<div class=\"e-con-inner\">\n\t\t<div class=\"elementor-element elementor-element-2fe42b5 e-con-full e-flex e-con e-parent\" data-id=\"2fe42b5\" data-element_type=\"container\" data-settings=\"{&quot;_ha_eqh_enable&quot;:false}\">\n\t\t\t\t<div class=\"elementor-element elementor-element-e075283 elementor-widget elementor-widget-image\" data-id=\"e075283\" data-element_type=\"widget\" data-widget_type=\"image.default\">\n\t\t\t\t<div class=\"elementor-widget-container\">\n\t\t\t\t\t\t\t\t\t\t\t\t\t\t\t<img fetchpriority=\"high\" decoding=\"async\" width=\"735\" height=\"957\" src=\"https:\/\/i0.wp.com\/fundacionprema.org\/ws\/wp-content\/uploads\/2023\/08\/Unidad-1.png?fit=735%2C957&amp;ssl=1\" class=\"attachment-large size-large wp-image-1562\" alt=\"\" srcset=\"https:\/\/i0.wp.com\/fundacionprema.org\/ws\/wp-content\/uploads\/2023\/08\/Unidad-1.png?w=735&amp;ssl=1 735w, https:\/\/i0.wp.com\/fundacionprema.org\/ws\/wp-content\/uploads\/2023\/08\/Unidad-1.png?resize=230%2C300&amp;ssl=1 230w\" sizes=\"(max-width: 735px) 100vw, 735px\" \/>\t\t\t\t\t\t\t\t\t\t\t\t\t\t\t<\/div>\n\t\t\t\t<\/div>\n\t\t\t\t<\/div>\n\t\t<div class=\"elementor-element elementor-element-763cb5c e-con-full e-flex e-con e-parent\" data-id=\"763cb5c\" data-element_type=\"container\" data-settings=\"{&quot;_ha_eqh_enable&quot;:false}\">\n\t\t\t\t<div class=\"elementor-element elementor-element-21b752a elementor-widget elementor-widget-text-editor\" data-id=\"21b752a\" data-element_type=\"widget\" data-widget_type=\"text-editor.default\">\n\t\t\t\t<div class=\"elementor-widget-container\">\n\t\t\t\t\t\t\t\t\t<p>Para ayudar a los ni\u00f1os a aprender a alinear y coordinar estos tres aspectos, la ESSVH les aconseja tomar sus pensamientos en su coraz\u00f3n para ver si el coraz\u00f3n los aprueba, antes de tomar cualquier acci\u00f3n. Cuando el amor llena nuestras mentes y dicta nuestras acciones, no podemos fallar. Los atributos del amor, como el respeto y la bondad, la humildad y la tolerancia, la consideraci\u00f3n por todas las personas y la naturaleza, brotan espont\u00e1neamente del coraz\u00f3n. La unidad de tres H (3HV) se manifiesta como potencial creativo.<\/p><p><em>Convertir &#8220;tres en uno&#8221; es lo que tambi\u00e9n pretend\u00eda el fil\u00f3sofo griego Plat\u00f3n. Hablando de justicia, dijo:<\/em><br \/><em>\u201cLa justicia no est\u00e1 relacionada solo con las actividades externas del hombre, sino que su esfera es la actividad interna de una persona. Significa no dejar que las tres partes del alma realicen un trabajo que no sea el suyo. Hay que ponerlos en orden seg\u00fan su propia funci\u00f3n y convertirse en su propio amo y amigo de s\u00ed mismo. Tiene que unir las tres partes de su alma, como si fueran las tres tonalidades b\u00e1sicas de una octava (baja, alta y media) y crear una armon\u00eda a partir de ellas y hacerse una entre muchas, autodisciplinado y sintonizado internamente. . &#8220;<\/em><br \/><strong><em>Rep\u00fablica de Plat\u00f3n, 443 c9-e2<\/em><\/strong><\/p>\t\t\t\t\t\t\t\t<\/div>\n\t\t\t\t<\/div>\n\t\t\t\t<\/div>\n\t\t\t\t\t<\/div>\n\t\t\t\t<\/div>\n\t\t<div class=\"elementor-element elementor-element-d56e459 e-flex e-con-boxed e-con e-parent\" data-id=\"d56e459\" data-element_type=\"container\" data-settings=\"{&quot;_ha_eqh_enable&quot;:false}\">\n\t\t\t\t\t<div class=\"e-con-inner\">\n\t\t<div class=\"elementor-element elementor-element-4ffd89d e-con-full e-flex e-con e-parent\" data-id=\"4ffd89d\" data-element_type=\"container\" data-settings=\"{&quot;_ha_eqh_enable&quot;:false}\">\n\t\t\t\t<div class=\"elementor-element elementor-element-75d829d elementor-widget elementor-widget-image\" data-id=\"75d829d\" data-element_type=\"widget\" data-widget_type=\"image.default\">\n\t\t\t\t<div class=\"elementor-widget-container\">\n\t\t\t\t\t\t\t\t\t\t\t\t\t\t\t<img decoding=\"async\" width=\"735\" height=\"957\" src=\"https:\/\/i0.wp.com\/fundacionprema.org\/ws\/wp-content\/uploads\/2023\/08\/Unidad-2.png?fit=735%2C957&amp;ssl=1\" class=\"attachment-large size-large wp-image-1563\" alt=\"\" srcset=\"https:\/\/i0.wp.com\/fundacionprema.org\/ws\/wp-content\/uploads\/2023\/08\/Unidad-2.png?w=735&amp;ssl=1 735w, https:\/\/i0.wp.com\/fundacionprema.org\/ws\/wp-content\/uploads\/2023\/08\/Unidad-2.png?resize=230%2C300&amp;ssl=1 230w\" sizes=\"(max-width: 735px) 100vw, 735px\" \/>\t\t\t\t\t\t\t\t\t\t\t\t\t\t\t<\/div>\n\t\t\t\t<\/div>\n\t\t\t\t<\/div>\n\t\t<div class=\"elementor-element elementor-element-2aee102 e-con-full e-flex e-con e-parent\" data-id=\"2aee102\" data-element_type=\"container\" data-settings=\"{&quot;_ha_eqh_enable&quot;:false}\">\n\t\t\t\t<div class=\"elementor-element elementor-element-4dbe4a2 elementor-widget elementor-widget-text-editor\" data-id=\"4dbe4a2\" data-element_type=\"widget\" data-widget_type=\"text-editor.default\">\n\t\t\t\t<div class=\"elementor-widget-container\">\n\t\t\t\t\t\t\t\t\tUna educaci\u00f3n de la cabeza corresponde a lograr una buena comprensi\u00f3n de la influencia de nuestros sentidos y de c\u00f3mo manejar nuestros pensamientos. El coraz\u00f3n es el asiento del alma y est\u00e1 en estricta conexi\u00f3n con el funcionamiento de nuestro intelecto superior. Reflexionamos y elegimos intuitivamente con el coraz\u00f3n. Una educaci\u00f3n del coraz\u00f3n crea conciencia sobre la diferencia entre los deseos y la voluntad, y fomenta la introspecci\u00f3n. Una educaci\u00f3n de las manos se refiere al poder de la acci\u00f3n y a c\u00f3mo traducimos en la pr\u00e1ctica lo que nuestra cabeza concibi\u00f3 y nuestro coraz\u00f3n aprob\u00f3. Al lograr la unidad de estas tres expresiones b\u00e1sicas de la naturaleza humana, fomentamos la integridad y la rectitud moral y nos inclinamos naturalmente a &#8216;ver el bien, hablar bien y hacer el bien&#8217;.\n\nCuando sintonizamos nuestra cabeza, coraz\u00f3n y manos, todos los pensamientos pasan por el tamiz del coraz\u00f3n haciendo que nuestras acciones no solo sean consistentes sino alineadas con nuestros valores m\u00e1s altos; as\u00ed es como nos convertimos en notables instrumentos de belleza y bondad para nosotros, nuestras familias y toda la sociedad.\nEn este sentido, la ESSVH es una invitaci\u00f3n a sintonizarnos (3HV) para encontrar armon\u00eda interior y brindar felicidad a los dem\u00e1s; nos ofrece la seguridad de que nuestro comportamiento ser\u00e1 guiado por la Conciencia y, por lo tanto, manifestar\u00e1 la mejor parte de lo que somos al invocar desde el interior de nuestro coraz\u00f3n los Valores Humanos.\n\t\t\t\t\t\t\t\t<\/div>\n\t\t\t\t<\/div>\n\t\t\t\t<\/div>\n\t\t\t\t\t<\/div>\n\t\t\t\t<\/div>\n\t\t\t\t<\/div>\n\t\t","protected":false},"excerpt":{"rendered":"<p>Unidad de cabeza, coraz\u00f3n y manos Una Educaci\u00f3n para toda la vida \u201cEs por pensamientos y acciones puros que la humanidad de uno se revela\u201d, afirm\u00f3 Sathya Sai, y agreg\u00f3 que, aunque a menudo hablamos de Educaci\u00f3n en Valores Humanos (EHV), debemos darnos cuenta de que EHV es 3HV. \u201cLa primera H representa el Coraz\u00f3n, [&hellip;]<\/p>\n","protected":false},"author":1,"featured_media":0,"parent":0,"menu_order":0,"comment_status":"closed","ping_status":"closed","template":"","meta":{"footnotes":""},"class_list":["post-1060","page","type-page","status-publish","hentry"],"jetpack_sharing_enabled":true,"_links":{"self":[{"href":"https:\/\/fundacionprema.org\/ws\/wp-json\/wp\/v2\/pages\/1060","targetHints":{"allow":["GET"]}}],"collection":[{"href":"https:\/\/fundacionprema.org\/ws\/wp-json\/wp\/v2\/pages"}],"about":[{"href":"https:\/\/fundacionprema.org\/ws\/wp-json\/wp\/v2\/types\/page"}],"author":[{"embeddable":true,"href":"https:\/\/fundacionprema.org\/ws\/wp-json\/wp\/v2\/users\/1"}],"replies":[{"embeddable":true,"href":"https:\/\/fundacionprema.org\/ws\/wp-json\/wp\/v2\/comments?post=1060"}],"version-history":[{"count":37,"href":"https:\/\/fundacionprema.org\/ws\/wp-json\/wp\/v2\/pages\/1060\/revisions"}],"predecessor-version":[{"id":1566,"href":"https:\/\/fundacionprema.org\/ws\/wp-json\/wp\/v2\/pages\/1060\/revisions\/1566"}],"wp:attachment":[{"href":"https:\/\/fundacionprema.org\/ws\/wp-json\/wp\/v2\/media?parent=1060"}],"curies":[{"name":"wp","href":"https:\/\/api.w.org\/{rel}","templated":true}]}}