{"id":1597,"date":"2023-08-08T03:26:19","date_gmt":"2023-08-08T08:26:19","guid":{"rendered":"https:\/\/fundacionprema.org\/ws\/?page_id=1597"},"modified":"2023-08-23T17:45:53","modified_gmt":"2023-08-23T22:45:53","slug":"sentir-para-sanar-el-programa-centro-de-regulacion-emocional-infantil","status":"publish","type":"page","link":"https:\/\/fundacionprema.org\/ws\/sentir-para-sanar-el-programa-centro-de-regulacion-emocional-infantil\/","title":{"rendered":"Sentir Para Sanar El Programa Centro de Regulaci\u00f3n Emocional Infantil"},"content":{"rendered":"\t\t<div data-elementor-type=\"wp-page\" data-elementor-id=\"1597\" class=\"elementor elementor-1597\" data-elementor-settings=\"{&quot;ha_cmc_init_switcher&quot;:&quot;no&quot;}\" data-elementor-post-type=\"page\">\n\t\t\t\t<div class=\"elementor-element elementor-element-fda49dc e-con-full e-flex e-con e-parent\" data-id=\"fda49dc\" data-element_type=\"container\" data-settings=\"{&quot;background_background&quot;:&quot;classic&quot;,&quot;_ha_eqh_enable&quot;:false}\">\n\t\t\t\t<div class=\"elementor-element elementor-element-7a58432 elementor-widget elementor-widget-heading\" data-id=\"7a58432\" data-element_type=\"widget\" data-widget_type=\"heading.default\">\n\t\t\t\t<div class=\"elementor-widget-container\">\n\t\t\t\t\t<h2 class=\"elementor-heading-title elementor-size-default\">Centro de Regulaci\u00f3n <br>Emocional Infantil<\/h2>\t\t\t\t<\/div>\n\t\t\t\t<\/div>\n\t\t\t\t<\/div>\n\t\t<div class=\"elementor-element elementor-element-f995a22 e-flex e-con-boxed e-con e-parent\" data-id=\"f995a22\" data-element_type=\"container\" data-settings=\"{&quot;_ha_eqh_enable&quot;:false}\">\n\t\t\t\t\t<div class=\"e-con-inner\">\n\t\t\t\t<div class=\"elementor-element elementor-element-8598d0c elementor-widget elementor-widget-heading\" data-id=\"8598d0c\" data-element_type=\"widget\" data-widget_type=\"heading.default\">\n\t\t\t\t<div class=\"elementor-widget-container\">\n\t\t\t\t\t<h2 class=\"elementor-heading-title elementor-size-default\">El Centro L\u00fadico est\u00e1 dotado con espacios dise\u00f1ados y pensados en el trabajo de las emociones, como:<\/h2>\t\t\t\t<\/div>\n\t\t\t\t<\/div>\n\t\t\t\t\t<\/div>\n\t\t\t\t<\/div>\n\t\t<div class=\"elementor-element elementor-element-ccc6988 e-flex e-con-boxed e-con e-parent\" data-id=\"ccc6988\" data-element_type=\"container\" data-settings=\"{&quot;_ha_eqh_enable&quot;:false}\">\n\t\t\t\t\t<div class=\"e-con-inner\">\n\t\t<div class=\"elementor-element elementor-element-18f99af e-con-full e-flex e-con e-parent\" data-id=\"18f99af\" data-element_type=\"container\" data-settings=\"{&quot;_ha_eqh_enable&quot;:false}\">\n\t\t\t\t<div class=\"elementor-element elementor-element-f544dc3 elementor-widget elementor-widget-heading\" data-id=\"f544dc3\" data-element_type=\"widget\" data-widget_type=\"heading.default\">\n\t\t\t\t<div class=\"elementor-widget-container\">\n\t\t\t\t\t<h2 class=\"elementor-heading-title elementor-size-default\">Feeling Buddies:<\/h2>\t\t\t\t<\/div>\n\t\t\t\t<\/div>\n\t\t\t\t<div class=\"elementor-element elementor-element-9c444e2 elementor-widget elementor-widget-text-editor\" data-id=\"9c444e2\" data-element_type=\"widget\" data-widget_type=\"text-editor.default\">\n\t\t\t\t<div class=\"elementor-widget-container\">\n\t\t\t\t\t\t\t\t\t<p>Al 40% de los ni\u00f1os les falta la habilidad m\u00e1s importante para el \u00e9xito de por vida: la autorregulaci\u00f3n. Feeling Buddies le ense\u00f1ar\u00e1 a los ni\u00f1os un proceso de autorregulaci\u00f3n de cinco pasos que los ayuda a reconocer sus desencadenantes, etiquetar sus sentimientos y aceptar y gestionar sus emociones.<\/p>\t\t\t\t\t\t\t\t<\/div>\n\t\t\t\t<\/div>\n\t\t\t\t<\/div>\n\t\t<div class=\"elementor-element elementor-element-9c98ec9 e-con-full e-flex e-con e-parent\" data-id=\"9c98ec9\" data-element_type=\"container\" data-settings=\"{&quot;_ha_eqh_enable&quot;:false}\">\n\t\t\t\t<div class=\"elementor-element elementor-element-38dec5b elementor-widget elementor-widget-image\" data-id=\"38dec5b\" data-element_type=\"widget\" data-widget_type=\"image.default\">\n\t\t\t\t<div class=\"elementor-widget-container\">\n\t\t\t\t\t\t\t\t\t\t\t\t\t\t\t<img fetchpriority=\"high\" decoding=\"async\" width=\"800\" height=\"600\" src=\"https:\/\/i0.wp.com\/fundacionprema.org\/ws\/wp-content\/uploads\/2023\/08\/Feeling-Bodies.jpg?fit=800%2C600&amp;ssl=1\" class=\"attachment-large size-large wp-image-1610\" alt=\"\" srcset=\"https:\/\/i0.wp.com\/fundacionprema.org\/ws\/wp-content\/uploads\/2023\/08\/Feeling-Bodies.jpg?w=883&amp;ssl=1 883w, https:\/\/i0.wp.com\/fundacionprema.org\/ws\/wp-content\/uploads\/2023\/08\/Feeling-Bodies.jpg?resize=300%2C225&amp;ssl=1 300w, https:\/\/i0.wp.com\/fundacionprema.org\/ws\/wp-content\/uploads\/2023\/08\/Feeling-Bodies.jpg?resize=768%2C576&amp;ssl=1 768w\" sizes=\"(max-width: 800px) 100vw, 800px\" \/>\t\t\t\t\t\t\t\t\t\t\t\t\t\t\t<\/div>\n\t\t\t\t<\/div>\n\t\t\t\t<\/div>\n\t\t\t\t\t<\/div>\n\t\t\t\t<\/div>\n\t\t<div class=\"elementor-element elementor-element-c18912c e-flex e-con-boxed e-con e-parent\" data-id=\"c18912c\" data-element_type=\"container\" data-settings=\"{&quot;_ha_eqh_enable&quot;:false}\">\n\t\t\t\t\t<div class=\"e-con-inner\">\n\t\t<div class=\"elementor-element elementor-element-88fc0b5 e-con-full e-flex e-con e-parent\" data-id=\"88fc0b5\" data-element_type=\"container\" data-settings=\"{&quot;_ha_eqh_enable&quot;:false}\">\n\t\t\t\t<div class=\"elementor-element elementor-element-6de9244 elementor-widget elementor-widget-heading\" data-id=\"6de9244\" data-element_type=\"widget\" data-widget_type=\"heading.default\">\n\t\t\t\t<div class=\"elementor-widget-container\">\n\t\t\t\t\t<h2 class=\"elementor-heading-title elementor-size-default\">\nLugar Seguro:<\/h2>\t\t\t\t<\/div>\n\t\t\t\t<\/div>\n\t\t\t\t<div class=\"elementor-element elementor-element-9eef7ef elementor-widget elementor-widget-text-editor\" data-id=\"9eef7ef\" data-element_type=\"widget\" data-widget_type=\"text-editor.default\">\n\t\t\t\t<div class=\"elementor-widget-container\">\n\t\t\t\t\t\t\t\t\tun espacio f\u00edsico dentro del Centro L\u00fadico en el Hospital que permite a ni\u00f1os (y adultos) conectar con sus emociones y regular sus estados internos. Esta herramienta de Conscious Discipline, creada por la Dra. Becky Bailey, ayuda a que los ni\u00f1os salgan de su estado reactivo y puedan acceder a su estado ejecutivo; a su cerebro pensante; a su brillantez. \n\t\t\t\t\t\t\t\t<\/div>\n\t\t\t\t<\/div>\n\t\t\t\t<\/div>\n\t\t<div class=\"elementor-element elementor-element-c35d706 e-con-full e-flex e-con e-parent\" data-id=\"c35d706\" data-element_type=\"container\" data-settings=\"{&quot;_ha_eqh_enable&quot;:false}\">\n\t\t\t\t<div class=\"elementor-element elementor-element-b4ab61d elementor-widget elementor-widget-image\" data-id=\"b4ab61d\" data-element_type=\"widget\" data-widget_type=\"image.default\">\n\t\t\t\t<div class=\"elementor-widget-container\">\n\t\t\t\t\t\t\t\t\t\t\t\t\t\t\t<img decoding=\"async\" width=\"800\" height=\"600\" src=\"https:\/\/i0.wp.com\/fundacionprema.org\/ws\/wp-content\/uploads\/2023\/08\/Centro-de-Regulacion-Emocional-Infantil-La-Cardio-1-1.jpg?fit=800%2C600&amp;ssl=1\" class=\"attachment-large size-large wp-image-1621\" alt=\"\" srcset=\"https:\/\/i0.wp.com\/fundacionprema.org\/ws\/wp-content\/uploads\/2023\/08\/Centro-de-Regulacion-Emocional-Infantil-La-Cardio-1-1.jpg?w=1500&amp;ssl=1 1500w, https:\/\/i0.wp.com\/fundacionprema.org\/ws\/wp-content\/uploads\/2023\/08\/Centro-de-Regulacion-Emocional-Infantil-La-Cardio-1-1.jpg?resize=300%2C225&amp;ssl=1 300w, https:\/\/i0.wp.com\/fundacionprema.org\/ws\/wp-content\/uploads\/2023\/08\/Centro-de-Regulacion-Emocional-Infantil-La-Cardio-1-1.jpg?resize=1024%2C768&amp;ssl=1 1024w, https:\/\/i0.wp.com\/fundacionprema.org\/ws\/wp-content\/uploads\/2023\/08\/Centro-de-Regulacion-Emocional-Infantil-La-Cardio-1-1.jpg?resize=768%2C576&amp;ssl=1 768w\" sizes=\"(max-width: 800px) 100vw, 800px\" \/>\t\t\t\t\t\t\t\t\t\t\t\t\t\t\t<\/div>\n\t\t\t\t<\/div>\n\t\t\t\t<\/div>\n\t\t\t\t\t<\/div>\n\t\t\t\t<\/div>\n\t\t<div class=\"elementor-element elementor-element-21b8fd8 e-flex e-con-boxed e-con e-parent\" data-id=\"21b8fd8\" data-element_type=\"container\" data-settings=\"{&quot;_ha_eqh_enable&quot;:false}\">\n\t\t\t\t\t<div class=\"e-con-inner\">\n\t\t<div class=\"elementor-element elementor-element-b522274 e-con-full e-flex e-con e-parent\" data-id=\"b522274\" data-element_type=\"container\" data-settings=\"{&quot;_ha_eqh_enable&quot;:false}\">\n\t\t\t\t<div class=\"elementor-element elementor-element-7722e1c elementor-widget elementor-widget-heading\" data-id=\"7722e1c\" data-element_type=\"widget\" data-widget_type=\"heading.default\">\n\t\t\t\t<div class=\"elementor-widget-container\">\n\t\t\t\t\t<h2 class=\"elementor-heading-title elementor-size-default\">Prema M\u00f3vil:<\/h2>\t\t\t\t<\/div>\n\t\t\t\t<\/div>\n\t\t\t\t<div class=\"elementor-element elementor-element-c6a8440 elementor-widget elementor-widget-text-editor\" data-id=\"c6a8440\" data-element_type=\"widget\" data-widget_type=\"text-editor.default\">\n\t\t\t\t<div class=\"elementor-widget-container\">\n\t\t\t\t\t\t\t\t\t<p>Un completo kit para la ense\u00f1anza del manejo de la salud emocional que puede ser llevado a los ni\u00f1os en que no pueden desplazarse hasta el Centro de Regulaci\u00f3n Emocional o Lugar Seguro en algunas de las etapas de su recuperaci\u00f3n.<\/p>\t\t\t\t\t\t\t\t<\/div>\n\t\t\t\t<\/div>\n\t\t\t\t<\/div>\n\t\t<div class=\"elementor-element elementor-element-4aa3a9f e-con-full e-flex e-con e-parent\" data-id=\"4aa3a9f\" data-element_type=\"container\" data-settings=\"{&quot;_ha_eqh_enable&quot;:false}\">\n\t\t\t\t<div class=\"elementor-element elementor-element-4506139 elementor-widget elementor-widget-image\" data-id=\"4506139\" data-element_type=\"widget\" data-widget_type=\"image.default\">\n\t\t\t\t<div class=\"elementor-widget-container\">\n\t\t\t\t\t\t\t\t\t\t\t\t\t\t\t<img decoding=\"async\" width=\"800\" height=\"388\" src=\"https:\/\/i0.wp.com\/fundacionprema.org\/ws\/wp-content\/uploads\/2023\/08\/collage.jpg?fit=800%2C388&amp;ssl=1\" class=\"attachment-large size-large wp-image-1651\" alt=\"\" srcset=\"https:\/\/i0.wp.com\/fundacionprema.org\/ws\/wp-content\/uploads\/2023\/08\/collage.jpg?w=2000&amp;ssl=1 2000w, https:\/\/i0.wp.com\/fundacionprema.org\/ws\/wp-content\/uploads\/2023\/08\/collage.jpg?resize=300%2C146&amp;ssl=1 300w, https:\/\/i0.wp.com\/fundacionprema.org\/ws\/wp-content\/uploads\/2023\/08\/collage.jpg?resize=1024%2C497&amp;ssl=1 1024w, https:\/\/i0.wp.com\/fundacionprema.org\/ws\/wp-content\/uploads\/2023\/08\/collage.jpg?resize=768%2C373&amp;ssl=1 768w, https:\/\/i0.wp.com\/fundacionprema.org\/ws\/wp-content\/uploads\/2023\/08\/collage.jpg?resize=1536%2C746&amp;ssl=1 1536w, https:\/\/i0.wp.com\/fundacionprema.org\/ws\/wp-content\/uploads\/2023\/08\/collage.jpg?w=1600 1600w\" sizes=\"(max-width: 800px) 100vw, 800px\" \/>\t\t\t\t\t\t\t\t\t\t\t\t\t\t\t<\/div>\n\t\t\t\t<\/div>\n\t\t\t\t<\/div>\n\t\t\t\t\t<\/div>\n\t\t\t\t<\/div>\n\t\t<div class=\"elementor-element elementor-element-1a48dae e-flex e-con-boxed e-con e-parent\" data-id=\"1a48dae\" data-element_type=\"container\" data-settings=\"{&quot;_ha_eqh_enable&quot;:false}\">\n\t\t\t\t\t<div class=\"e-con-inner\">\n\t\t\t\t<div class=\"elementor-element elementor-element-1bbf2f9 elementor-widget elementor-widget-text-editor\" data-id=\"1bbf2f9\" data-element_type=\"widget\" data-widget_type=\"text-editor.default\">\n\t\t\t\t<div class=\"elementor-widget-container\">\n\t\t\t\t\t\t\t\t\t<p>Conoce nuestro <a href=\"https:\/\/youtu.be\/1GjkzGslmoQ\" target=\"_blank\" rel=\"noopener\">Centro Infantil<\/a><\/p>\t\t\t\t\t\t\t\t<\/div>\n\t\t\t\t<\/div>\n\t\t\t\t\t<\/div>\n\t\t\t\t<\/div>\n\t\t\t\t<\/div>\n\t\t","protected":false},"excerpt":{"rendered":"<p>Centro de Regulaci\u00f3n Emocional Infantil El Centro L\u00fadico est\u00e1 dotado con espacios dise\u00f1ados y pensados en el trabajo de las emociones, como: Feeling Buddies: Al 40% de los ni\u00f1os les falta la habilidad m\u00e1s importante para el \u00e9xito de por vida: la autorregulaci\u00f3n. Feeling Buddies le ense\u00f1ar\u00e1 a los ni\u00f1os un proceso de autorregulaci\u00f3n de [&hellip;]<\/p>\n","protected":false},"author":1,"featured_media":0,"parent":0,"menu_order":0,"comment_status":"closed","ping_status":"closed","template":"","meta":{"footnotes":""},"class_list":["post-1597","page","type-page","status-publish","hentry"],"jetpack_sharing_enabled":true,"_links":{"self":[{"href":"https:\/\/fundacionprema.org\/ws\/wp-json\/wp\/v2\/pages\/1597","targetHints":{"allow":["GET"]}}],"collection":[{"href":"https:\/\/fundacionprema.org\/ws\/wp-json\/wp\/v2\/pages"}],"about":[{"href":"https:\/\/fundacionprema.org\/ws\/wp-json\/wp\/v2\/types\/page"}],"author":[{"embeddable":true,"href":"https:\/\/fundacionprema.org\/ws\/wp-json\/wp\/v2\/users\/1"}],"replies":[{"embeddable":true,"href":"https:\/\/fundacionprema.org\/ws\/wp-json\/wp\/v2\/comments?post=1597"}],"version-history":[{"count":62,"href":"https:\/\/fundacionprema.org\/ws\/wp-json\/wp\/v2\/pages\/1597\/revisions"}],"predecessor-version":[{"id":1893,"href":"https:\/\/fundacionprema.org\/ws\/wp-json\/wp\/v2\/pages\/1597\/revisions\/1893"}],"wp:attachment":[{"href":"https:\/\/fundacionprema.org\/ws\/wp-json\/wp\/v2\/media?parent=1597"}],"curies":[{"name":"wp","href":"https:\/\/api.w.org\/{rel}","templated":true}]}}