{"id":1676,"date":"2023-08-08T04:34:50","date_gmt":"2023-08-08T09:34:50","guid":{"rendered":"https:\/\/fundacionprema.org\/ws\/?page_id=1676"},"modified":"2023-08-08T05:15:00","modified_gmt":"2023-08-08T10:15:00","slug":"sentir-para-sanar-challenge-fundacion-prema","status":"publish","type":"page","link":"https:\/\/fundacionprema.org\/ws\/sentir-para-sanar-challenge-fundacion-prema\/","title":{"rendered":"Sentir Para Sanar Challenge Fundaci\u00f3n PREMA"},"content":{"rendered":"\t\t<div data-elementor-type=\"wp-page\" data-elementor-id=\"1676\" class=\"elementor elementor-1676\" data-elementor-settings=\"{&quot;ha_cmc_init_switcher&quot;:&quot;no&quot;}\" data-elementor-post-type=\"page\">\n\t\t\t\t<div class=\"elementor-element elementor-element-fda49dc e-con-full e-flex e-con e-parent\" data-id=\"fda49dc\" data-element_type=\"container\" data-settings=\"{&quot;background_background&quot;:&quot;classic&quot;,&quot;_ha_eqh_enable&quot;:false}\">\n\t\t\t\t<div class=\"elementor-element elementor-element-7a58432 elementor-widget elementor-widget-heading\" data-id=\"7a58432\" data-element_type=\"widget\" data-widget_type=\"heading.default\">\n\t\t\t\t<div class=\"elementor-widget-container\">\n\t\t\t\t\t<h2 class=\"elementor-heading-title elementor-size-default\">Challenge   <br>Fundaci\u00f3n PREMA<\/h2>\t\t\t\t<\/div>\n\t\t\t\t<\/div>\n\t\t\t\t<\/div>\n\t\t<div class=\"elementor-element elementor-element-f995a22 e-flex e-con-boxed e-con e-parent\" data-id=\"f995a22\" data-element_type=\"container\" data-settings=\"{&quot;_ha_eqh_enable&quot;:false}\">\n\t\t\t\t\t<div class=\"e-con-inner\">\n\t\t\t\t<div class=\"elementor-element elementor-element-8598d0c elementor-widget elementor-widget-heading\" data-id=\"8598d0c\" data-element_type=\"widget\" data-widget_type=\"heading.default\">\n\t\t\t\t<div class=\"elementor-widget-container\">\n\t\t\t\t\t<h2 class=\"elementor-heading-title elementor-size-default\">Centro de Regulaci\u00f3n Emocional para Adultos<\/h2>\t\t\t\t<\/div>\n\t\t\t\t<\/div>\n\t\t\t\t<div class=\"elementor-element elementor-element-4ec5acf elementor-widget elementor-widget-text-editor\" data-id=\"4ec5acf\" data-element_type=\"widget\" data-widget_type=\"text-editor.default\">\n\t\t\t\t<div class=\"elementor-widget-container\">\n\t\t\t\t\t\t\t\t\t<p>Convocados por la Fundaci\u00f3n PREMA, se reunieron en el Centro C\u00edvico de la Universidad de los Andes, cerca de 100 expertos de diferentes disciplinas que contribuyeron con sus ideas y talento para cocrear el que ser\u00e1 el primer Centro de Regulaci\u00f3n Emocional para Adultos, que se construir\u00e1 en la Fundaci\u00f3n Cardioinfantil.<\/p>\t\t\t\t\t\t\t\t<\/div>\n\t\t\t\t<\/div>\n\t\t\t\t\t<\/div>\n\t\t\t\t<\/div>\n\t\t<div class=\"elementor-element elementor-element-0f0c94e e-flex e-con-boxed e-con e-parent\" data-id=\"0f0c94e\" data-element_type=\"container\" data-settings=\"{&quot;_ha_eqh_enable&quot;:false}\">\n\t\t\t\t\t<div class=\"e-con-inner\">\n\t\t\t\t<div class=\"elementor-element elementor-element-94756df elementor-widget elementor-widget-image\" data-id=\"94756df\" data-element_type=\"widget\" data-widget_type=\"image.default\">\n\t\t\t\t<div class=\"elementor-widget-container\">\n\t\t\t\t\t\t\t\t\t\t\t\t\t\t\t<img fetchpriority=\"high\" decoding=\"async\" width=\"2000\" height=\"735\" src=\"https:\/\/i0.wp.com\/fundacionprema.org\/ws\/wp-content\/uploads\/2023\/08\/Megachallenge.jpg?fit=2000%2C735&amp;ssl=1\" class=\"attachment-full size-full wp-image-1693\" alt=\"\" srcset=\"https:\/\/i0.wp.com\/fundacionprema.org\/ws\/wp-content\/uploads\/2023\/08\/Megachallenge.jpg?w=2000&amp;ssl=1 2000w, https:\/\/i0.wp.com\/fundacionprema.org\/ws\/wp-content\/uploads\/2023\/08\/Megachallenge.jpg?resize=300%2C110&amp;ssl=1 300w, https:\/\/i0.wp.com\/fundacionprema.org\/ws\/wp-content\/uploads\/2023\/08\/Megachallenge.jpg?resize=1024%2C376&amp;ssl=1 1024w, https:\/\/i0.wp.com\/fundacionprema.org\/ws\/wp-content\/uploads\/2023\/08\/Megachallenge.jpg?resize=768%2C282&amp;ssl=1 768w, https:\/\/i0.wp.com\/fundacionprema.org\/ws\/wp-content\/uploads\/2023\/08\/Megachallenge.jpg?resize=1536%2C564&amp;ssl=1 1536w, https:\/\/i0.wp.com\/fundacionprema.org\/ws\/wp-content\/uploads\/2023\/08\/Megachallenge.jpg?w=1600 1600w\" sizes=\"(max-width: 800px) 100vw, 800px\" \/>\t\t\t\t\t\t\t\t\t\t\t\t\t\t\t<\/div>\n\t\t\t\t<\/div>\n\t\t\t\t\t<\/div>\n\t\t\t\t<\/div>\n\t\t<div class=\"elementor-element elementor-element-b4f688a e-flex e-con-boxed e-con e-parent\" data-id=\"b4f688a\" data-element_type=\"container\" data-settings=\"{&quot;_ha_eqh_enable&quot;:false}\">\n\t\t\t\t\t<div class=\"e-con-inner\">\n\t\t<div class=\"elementor-element elementor-element-738aed8 e-con-full e-flex e-con e-parent\" data-id=\"738aed8\" data-element_type=\"container\" data-settings=\"{&quot;_ha_eqh_enable&quot;:false}\">\n\t\t\t\t<div class=\"elementor-element elementor-element-2a2a1bd elementor-widget elementor-widget-text-editor\" data-id=\"2a2a1bd\" data-element_type=\"widget\" data-widget_type=\"text-editor.default\">\n\t\t\t\t<div class=\"elementor-widget-container\">\n\t\t\t\t\t\t\t\t\t<p>La jornada fue liderada por el doctor en arquitectura, Mauro Gil-Fournier, experto internacional y creador de las Arquitecturas Afectivas (Vea <a href=\"https:\/\/youtube.com\/shorts\/Bqn97LUSMIg?feature=share\">\u00bfQu\u00e9 son las arquitecturas afectivas?<\/a>) y de importantes obras, entre ellas el monumento en homenaje a las v\u00edctimas del 11M en Madrid, y qui\u00e9n viaj\u00f3 especialmente a Colombia para ayudar en la creaci\u00f3n de este proyecto, pr\u00e1cticamente \u00fanico en el mundo. (Vea aqu\u00ed \u00bf<a href=\"https:\/\/youtu.be\/z8ZzR0tHaqA\">Por qu\u00e9 es importante este Centro?<\/a>).<\/p>\t\t\t\t\t\t\t\t<\/div>\n\t\t\t\t<\/div>\n\t\t\t\t<\/div>\n\t\t<div class=\"elementor-element elementor-element-578bfc1 e-con-full e-flex e-con e-parent\" data-id=\"578bfc1\" data-element_type=\"container\" data-settings=\"{&quot;_ha_eqh_enable&quot;:false}\">\n\t\t\t\t<div class=\"elementor-element elementor-element-a6a31db elementor-widget elementor-widget-image\" data-id=\"a6a31db\" data-element_type=\"widget\" data-widget_type=\"image.default\">\n\t\t\t\t<div class=\"elementor-widget-container\">\n\t\t\t\t\t\t\t\t\t\t\t\t\t\t\t<img decoding=\"async\" width=\"800\" height=\"532\" src=\"https:\/\/i0.wp.com\/fundacionprema.org\/ws\/wp-content\/uploads\/2023\/08\/Challenge-3.jpg?fit=800%2C532&amp;ssl=1\" class=\"attachment-large size-large wp-image-1691\" alt=\"\" srcset=\"https:\/\/i0.wp.com\/fundacionprema.org\/ws\/wp-content\/uploads\/2023\/08\/Challenge-3.jpg?w=1500&amp;ssl=1 1500w, https:\/\/i0.wp.com\/fundacionprema.org\/ws\/wp-content\/uploads\/2023\/08\/Challenge-3.jpg?resize=300%2C200&amp;ssl=1 300w, https:\/\/i0.wp.com\/fundacionprema.org\/ws\/wp-content\/uploads\/2023\/08\/Challenge-3.jpg?resize=1024%2C681&amp;ssl=1 1024w, https:\/\/i0.wp.com\/fundacionprema.org\/ws\/wp-content\/uploads\/2023\/08\/Challenge-3.jpg?resize=768%2C511&amp;ssl=1 768w\" sizes=\"(max-width: 800px) 100vw, 800px\" \/>\t\t\t\t\t\t\t\t\t\t\t\t\t\t\t<\/div>\n\t\t\t\t<\/div>\n\t\t\t\t<\/div>\n\t\t\t\t\t<\/div>\n\t\t\t\t<\/div>\n\t\t<div class=\"elementor-element elementor-element-ccc6988 e-flex e-con-boxed e-con e-parent\" data-id=\"ccc6988\" data-element_type=\"container\" data-settings=\"{&quot;_ha_eqh_enable&quot;:false}\">\n\t\t\t\t\t<div class=\"e-con-inner\">\n\t\t<div class=\"elementor-element elementor-element-18f99af e-con-full e-flex e-con e-parent\" data-id=\"18f99af\" data-element_type=\"container\" data-settings=\"{&quot;_ha_eqh_enable&quot;:false}\">\n\t\t\t\t<div class=\"elementor-element elementor-element-9c444e2 elementor-widget elementor-widget-text-editor\" data-id=\"9c444e2\" data-element_type=\"widget\" data-widget_type=\"text-editor.default\">\n\t\t\t\t<div class=\"elementor-widget-container\">\n\t\t\t\t\t\t\t\t\t<p>Entre los expertos que asistieron al Challenge se encontraban dise\u00f1adores de moda como Jorge Duque y M\u00f3nica Holgu\u00edn; dise\u00f1adores de interiores como Mar\u00eda Andrea Vernaza, Andrea \u00c1lvarez y Nicolle Szapiro; artistas, psic\u00f3logas expertas en Conscious Discipline como Laura Angulo y Lina Paredes, educadores como el rector del Gimnasio Moderno, V\u00edctor G\u00f3mez, del Sabio Caldas, Santiago Espinosa y el vicerrector acad\u00e9mico del CESA, Juan Carlos Aponte y la rectora del Gimnasio Los Portales. (Vea aqu\u00ed los testimonios).<\/p>\t\t\t\t\t\t\t\t<\/div>\n\t\t\t\t<\/div>\n\t\t\t\t<\/div>\n\t\t<div class=\"elementor-element elementor-element-9c98ec9 e-con-full e-flex e-con e-parent\" data-id=\"9c98ec9\" data-element_type=\"container\" data-settings=\"{&quot;_ha_eqh_enable&quot;:false}\">\n\t\t\t\t<div class=\"elementor-element elementor-element-38dec5b elementor-widget elementor-widget-image\" data-id=\"38dec5b\" data-element_type=\"widget\" data-widget_type=\"image.default\">\n\t\t\t\t<div class=\"elementor-widget-container\">\n\t\t\t\t\t\t\t\t\t\t\t\t\t\t\t<img decoding=\"async\" width=\"800\" height=\"532\" src=\"https:\/\/i0.wp.com\/fundacionprema.org\/ws\/wp-content\/uploads\/2023\/08\/Challenge-1.jpg?fit=800%2C532&amp;ssl=1\" class=\"attachment-large size-large wp-image-1690\" alt=\"\" srcset=\"https:\/\/i0.wp.com\/fundacionprema.org\/ws\/wp-content\/uploads\/2023\/08\/Challenge-1.jpg?w=1500&amp;ssl=1 1500w, https:\/\/i0.wp.com\/fundacionprema.org\/ws\/wp-content\/uploads\/2023\/08\/Challenge-1.jpg?resize=300%2C200&amp;ssl=1 300w, https:\/\/i0.wp.com\/fundacionprema.org\/ws\/wp-content\/uploads\/2023\/08\/Challenge-1.jpg?resize=1024%2C681&amp;ssl=1 1024w, https:\/\/i0.wp.com\/fundacionprema.org\/ws\/wp-content\/uploads\/2023\/08\/Challenge-1.jpg?resize=768%2C511&amp;ssl=1 768w\" sizes=\"(max-width: 800px) 100vw, 800px\" \/>\t\t\t\t\t\t\t\t\t\t\t\t\t\t\t<\/div>\n\t\t\t\t<\/div>\n\t\t\t\t<\/div>\n\t\t\t\t\t<\/div>\n\t\t\t\t<\/div>\n\t\t<div class=\"elementor-element elementor-element-d913f95 e-flex e-con-boxed e-con e-parent\" data-id=\"d913f95\" data-element_type=\"container\" data-settings=\"{&quot;_ha_eqh_enable&quot;:false}\">\n\t\t\t\t\t<div class=\"e-con-inner\">\n\t\t<div class=\"elementor-element elementor-element-7f4ae97 e-con-full e-flex e-con e-parent\" data-id=\"7f4ae97\" data-element_type=\"container\" data-settings=\"{&quot;_ha_eqh_enable&quot;:false}\">\n\t\t\t\t<div class=\"elementor-element elementor-element-7d7055b elementor-widget elementor-widget-text-editor\" data-id=\"7d7055b\" data-element_type=\"widget\" data-widget_type=\"text-editor.default\">\n\t\t\t\t<div class=\"elementor-widget-container\">\n\t\t\t\t\t\t\t\t\t<p>Tambi\u00e9n hicieron parte del grupo, m\u00e1s de 30 profesionales de la Fundaci\u00f3n Cardioinfantil, sumados a arquitectos, aliados y donantes del proyecto, entre ellos representantes de las firmas constructoras Amarilo y Cuzesar, y la Cl\u00ednica de Arquitectura y Dise\u00f1o de la Universidad de Los Andes que ser\u00e1 la encargada de recoger todas las ideas y convertirlas en una propuesta para desarrollar el proyecto. (Vea aqu\u00ed <a href=\"https:\/\/youtu.be\/IcVfqkFnBlU\">\u00bfC\u00f3mo construir con mayor empat\u00eda?<\/a>)<\/p>\t\t\t\t\t\t\t\t<\/div>\n\t\t\t\t<\/div>\n\t\t\t\t<\/div>\n\t\t<div class=\"elementor-element elementor-element-73d592e e-con-full e-flex e-con e-parent\" data-id=\"73d592e\" data-element_type=\"container\" data-settings=\"{&quot;_ha_eqh_enable&quot;:false}\">\n\t\t\t\t<div class=\"elementor-element elementor-element-9a174d2 elementor-widget elementor-widget-image\" data-id=\"9a174d2\" data-element_type=\"widget\" data-widget_type=\"image.default\">\n\t\t\t\t<div class=\"elementor-widget-container\">\n\t\t\t\t\t\t\t\t\t\t\t\t\t\t\t<img loading=\"lazy\" decoding=\"async\" width=\"800\" height=\"532\" src=\"https:\/\/i0.wp.com\/fundacionprema.org\/ws\/wp-content\/uploads\/2023\/08\/Challenge-2.jpg?fit=800%2C532&amp;ssl=1\" class=\"attachment-large size-large wp-image-1709\" alt=\"\" srcset=\"https:\/\/i0.wp.com\/fundacionprema.org\/ws\/wp-content\/uploads\/2023\/08\/Challenge-2.jpg?w=1500&amp;ssl=1 1500w, https:\/\/i0.wp.com\/fundacionprema.org\/ws\/wp-content\/uploads\/2023\/08\/Challenge-2.jpg?resize=300%2C200&amp;ssl=1 300w, https:\/\/i0.wp.com\/fundacionprema.org\/ws\/wp-content\/uploads\/2023\/08\/Challenge-2.jpg?resize=1024%2C681&amp;ssl=1 1024w, https:\/\/i0.wp.com\/fundacionprema.org\/ws\/wp-content\/uploads\/2023\/08\/Challenge-2.jpg?resize=768%2C511&amp;ssl=1 768w\" sizes=\"(max-width: 800px) 100vw, 800px\" \/>\t\t\t\t\t\t\t\t\t\t\t\t\t\t\t<\/div>\n\t\t\t\t<\/div>\n\t\t\t\t<\/div>\n\t\t\t\t\t<\/div>\n\t\t\t\t<\/div>\n\t\t\t\t<\/div>\n\t\t","protected":false},"excerpt":{"rendered":"<p>Challenge Fundaci\u00f3n PREMA Centro de Regulaci\u00f3n Emocional para Adultos Convocados por la Fundaci\u00f3n PREMA, se reunieron en el Centro C\u00edvico de la Universidad de los Andes, cerca de 100 expertos de diferentes disciplinas que contribuyeron con sus ideas y talento para cocrear el que ser\u00e1 el primer Centro de Regulaci\u00f3n Emocional para Adultos, que se [&hellip;]<\/p>\n","protected":false},"author":1,"featured_media":0,"parent":0,"menu_order":0,"comment_status":"closed","ping_status":"closed","template":"","meta":{"footnotes":""},"class_list":["post-1676","page","type-page","status-publish","hentry"],"jetpack_sharing_enabled":true,"_links":{"self":[{"href":"https:\/\/fundacionprema.org\/ws\/wp-json\/wp\/v2\/pages\/1676","targetHints":{"allow":["GET"]}}],"collection":[{"href":"https:\/\/fundacionprema.org\/ws\/wp-json\/wp\/v2\/pages"}],"about":[{"href":"https:\/\/fundacionprema.org\/ws\/wp-json\/wp\/v2\/types\/page"}],"author":[{"embeddable":true,"href":"https:\/\/fundacionprema.org\/ws\/wp-json\/wp\/v2\/users\/1"}],"replies":[{"embeddable":true,"href":"https:\/\/fundacionprema.org\/ws\/wp-json\/wp\/v2\/comments?post=1676"}],"version-history":[{"count":37,"href":"https:\/\/fundacionprema.org\/ws\/wp-json\/wp\/v2\/pages\/1676\/revisions"}],"predecessor-version":[{"id":1718,"href":"https:\/\/fundacionprema.org\/ws\/wp-json\/wp\/v2\/pages\/1676\/revisions\/1718"}],"wp:attachment":[{"href":"https:\/\/fundacionprema.org\/ws\/wp-json\/wp\/v2\/media?parent=1676"}],"curies":[{"name":"wp","href":"https:\/\/api.w.org\/{rel}","templated":true}]}}