{"id":625,"date":"2023-06-08T16:20:09","date_gmt":"2023-06-08T21:20:09","guid":{"rendered":"https:\/\/fundacionprema.org\/ws\/?page_id=625"},"modified":"2023-09-26T06:07:08","modified_gmt":"2023-09-26T11:07:08","slug":"que-hacemos","status":"publish","type":"page","link":"https:\/\/fundacionprema.org\/ws\/que-hacemos\/","title":{"rendered":"\u00bfQue Hacemos?"},"content":{"rendered":"\t\t<div data-elementor-type=\"wp-page\" data-elementor-id=\"625\" class=\"elementor elementor-625\" data-elementor-settings=\"{&quot;ha_cmc_init_switcher&quot;:&quot;no&quot;}\" data-elementor-post-type=\"page\">\n\t\t\t\t<div class=\"elementor-element elementor-element-272f5fe e-con-full e-flex e-con e-parent\" data-id=\"272f5fe\" data-element_type=\"container\" data-settings=\"{&quot;background_background&quot;:&quot;classic&quot;,&quot;_ha_eqh_enable&quot;:false}\">\n\t\t\t\t<div class=\"elementor-element elementor-element-5f2333c elementor-widget elementor-widget-heading\" data-id=\"5f2333c\" data-element_type=\"widget\" data-widget_type=\"heading.default\">\n\t\t\t\t<div class=\"elementor-widget-container\">\n\t\t\t\t\t<h2 class=\"elementor-heading-title elementor-size-default\">\u00bfQue <br>Hacemos?<\/h2>\t\t\t\t<\/div>\n\t\t\t\t<\/div>\n\t\t\t\t<\/div>\n\t\t<div class=\"elementor-element elementor-element-70522b0 e-flex e-con-boxed e-con e-parent\" data-id=\"70522b0\" data-element_type=\"container\" data-settings=\"{&quot;_ha_eqh_enable&quot;:false}\">\n\t\t\t\t\t<div class=\"e-con-inner\">\n\t\t\t\t<div class=\"elementor-element elementor-element-7f222ee elementor-widget elementor-widget-heading\" data-id=\"7f222ee\" data-element_type=\"widget\" data-widget_type=\"heading.default\">\n\t\t\t\t<div class=\"elementor-widget-container\">\n\t\t\t\t\t<h2 class=\"elementor-heading-title elementor-size-default\">Nuestra Esencia<\/h2>\t\t\t\t<\/div>\n\t\t\t\t<\/div>\n\t\t\t\t\t<\/div>\n\t\t\t\t<\/div>\n\t\t<div class=\"elementor-element elementor-element-a3bc54d e-flex e-con-boxed e-con e-parent\" data-id=\"a3bc54d\" data-element_type=\"container\" data-settings=\"{&quot;_ha_eqh_enable&quot;:false}\">\n\t\t\t\t\t<div class=\"e-con-inner\">\n\t\t\t\t<div class=\"elementor-element elementor-element-07b1fda elementor-widget elementor-widget-text-editor\" data-id=\"07b1fda\" data-element_type=\"widget\" data-widget_type=\"text-editor.default\">\n\t\t\t\t<div class=\"elementor-widget-container\">\n\t\t\t\t\t\t\t\t\t<strong>En la Fundaci\u00f3n Prema nos dedicamos a la Educaci\u00f3n en Valores<\/strong>\n<strong>Humanos.<\/strong>\n\nEntidad sin \u00e1nimo de lucro, creada hace 10 a\u00f1os con el objetivo de\nconstruir comunidad y crear conciencia a trav\u00e9s de la formaci\u00f3n\nhol\u00edstica en Valores Humanos. Hemos construido 7\n\nCentros L\u00fadicos, donde familias de diferentes comunidades reciben\ngratuitamente un servicio encaminado a lograr influir positivamente en\nel desarrollo integral de los ni\u00f1os y familias que ven en este lugar un\napoyo para su formaci\u00f3n, recreaci\u00f3n y crecimiento con nuestro\nPrograma de Educaci\u00f3n en Valores.\n\nEl 100% de las donaciones recaudadas se invierten en su totalidad en\nproyectos de atenci\u00f3n a los ni\u00f1os en los Centros L\u00fadicos que\nactualmente prestan sus servicios.\t\t\t\t\t\t\t\t<\/div>\n\t\t\t\t<\/div>\n\t\t\t\t\t<\/div>\n\t\t\t\t<\/div>\n\t\t<div class=\"elementor-element elementor-element-c6fca3a e-flex e-con-boxed e-con e-parent\" data-id=\"c6fca3a\" data-element_type=\"container\" data-settings=\"{&quot;_ha_eqh_enable&quot;:false}\">\n\t\t\t\t\t<div class=\"e-con-inner\">\n\t\t\t\t<div class=\"elementor-element elementor-element-45f42ef elementor-widget elementor-widget-heading\" data-id=\"45f42ef\" data-element_type=\"widget\" data-widget_type=\"heading.default\">\n\t\t\t\t<div class=\"elementor-widget-container\">\n\t\t\t\t\t<h2 class=\"elementor-heading-title elementor-size-default\">Haciendo tangible lo intangible<\/h2>\t\t\t\t<\/div>\n\t\t\t\t<\/div>\n\t\t\t\t\t<\/div>\n\t\t\t\t<\/div>\n\t\t<div class=\"elementor-element elementor-element-6a7150b e-flex e-con-boxed e-con e-parent\" data-id=\"6a7150b\" data-element_type=\"container\" data-settings=\"{&quot;_ha_eqh_enable&quot;:false}\">\n\t\t\t\t\t<div class=\"e-con-inner\">\n\t\t\t\t<div class=\"elementor-element elementor-element-5394ea5 elementor-widget elementor-widget-text-editor\" data-id=\"5394ea5\" data-element_type=\"widget\" data-widget_type=\"text-editor.default\">\n\t\t\t\t<div class=\"elementor-widget-container\">\n\t\t\t\t\t\t\t\t\tCuando hablamos de valores no hablamos de conocimientos, saberes,\nhabilidades o experiencias, hablamos de quienes somos (dimensi\u00f3n del\nSER).\n\nPara hacer tangible esto, lo hacemos a trav\u00e9s de un Centro L\u00fadico, un\nespacio de juego don de cada valor se pone en escena por medio de\nuna t\u00e9cnica. Prema trabaja su programa de Educaci\u00f3n por medio de\ncinco valores fundamentales, de los cuales se desprenden todos los\ndem\u00e1s valores y principios que conocemos: Verdad, Rectitud, Paz,\nAmor y No violencia.\t\t\t\t\t\t\t\t<\/div>\n\t\t\t\t<\/div>\n\t\t\t\t\t<\/div>\n\t\t\t\t<\/div>\n\t\t<div class=\"elementor-element elementor-element-7ee536f e-flex e-con-boxed e-con e-parent\" data-id=\"7ee536f\" data-element_type=\"container\" data-settings=\"{&quot;_ha_eqh_enable&quot;:false}\">\n\t\t\t\t\t<div class=\"e-con-inner\">\n\t\t\t\t<div class=\"elementor-element elementor-element-26d7d41 elementor-widget elementor-widget-heading\" data-id=\"26d7d41\" data-element_type=\"widget\" data-widget_type=\"heading.default\">\n\t\t\t\t<div class=\"elementor-widget-container\">\n\t\t\t\t\t<h2 class=\"elementor-heading-title elementor-size-default\">Misi\u00f3n - Ser Para Servir<\/h2>\t\t\t\t<\/div>\n\t\t\t\t<\/div>\n\t\t\t\t\t<\/div>\n\t\t\t\t<\/div>\n\t\t<div class=\"elementor-element elementor-element-2b8e435 e-flex e-con-boxed e-con e-parent\" data-id=\"2b8e435\" data-element_type=\"container\" data-settings=\"{&quot;_ha_eqh_enable&quot;:false}\">\n\t\t\t\t\t<div class=\"e-con-inner\">\n\t\t\t\t<div class=\"elementor-element elementor-element-5dd55ef elementor-widget elementor-widget-text-editor\" data-id=\"5dd55ef\" data-element_type=\"widget\" data-widget_type=\"text-editor.default\">\n\t\t\t\t<div class=\"elementor-widget-container\">\n\t\t\t\t\t\t\t\t\tEl servicio es nuestra misi\u00f3n y se fundamenta en la\ncreaci\u00f3n de proyectos sostenibles basados en la\nEducaci\u00f3n de Valores Humanos, promoviendo la\nresponsabilidad social de instituciones particulares y\ndel Estado.\t\t\t\t\t\t\t\t<\/div>\n\t\t\t\t<\/div>\n\t\t\t\t\t<\/div>\n\t\t\t\t<\/div>\n\t\t<div class=\"elementor-element elementor-element-5f1b9d4 e-flex e-con-boxed e-con e-parent\" data-id=\"5f1b9d4\" data-element_type=\"container\" data-settings=\"{&quot;_ha_eqh_enable&quot;:false}\">\n\t\t\t\t\t<div class=\"e-con-inner\">\n\t\t\t\t<div class=\"elementor-element elementor-element-3640c2e elementor-widget elementor-widget-heading\" data-id=\"3640c2e\" data-element_type=\"widget\" data-widget_type=\"heading.default\">\n\t\t\t\t<div class=\"elementor-widget-container\">\n\t\t\t\t\t<h2 class=\"elementor-heading-title elementor-size-default\">Visi\u00f3n - Educaci\u00f3n En Valores Humanos<\/h2>\t\t\t\t<\/div>\n\t\t\t\t<\/div>\n\t\t\t\t\t<\/div>\n\t\t\t\t<\/div>\n\t\t<div class=\"elementor-element elementor-element-dfffefa e-flex e-con-boxed e-con e-parent\" data-id=\"dfffefa\" data-element_type=\"container\" data-settings=\"{&quot;_ha_eqh_enable&quot;:false}\">\n\t\t\t\t\t<div class=\"e-con-inner\">\n\t\t\t\t<div class=\"elementor-element elementor-element-d87d557 elementor-widget elementor-widget-text-editor\" data-id=\"d87d557\" data-element_type=\"widget\" data-widget_type=\"text-editor.default\">\n\t\t\t\t<div class=\"elementor-widget-container\">\n\t\t\t\t\t\t\t\t\tNuestra visi\u00f3n es incentivar la adopci\u00f3n individual de\nlos Valores Humanos como modelos de actuaci\u00f3n\npermanente en las personas, mejorando as\u00ed la\ncalidad de vida de las familias. Es por esto que d\u00eda a\nd\u00eda trabajamos en proporcionar una Educaci\u00f3n\nfundamentada en Valores, buscando un equilibrio\nf\u00edsico, mental y emocional de los ni\u00f1os, padres y\nmaestros.\t\t\t\t\t\t\t\t<\/div>\n\t\t\t\t<\/div>\n\t\t\t\t\t<\/div>\n\t\t\t\t<\/div>\n\t\t\t\t<\/div>\n\t\t","protected":false},"excerpt":{"rendered":"<p>\u00bfQue Hacemos? Nuestra Esencia En la Fundaci\u00f3n Prema nos dedicamos a la Educaci\u00f3n en Valores Humanos. Entidad sin \u00e1nimo de lucro, creada hace 10 a\u00f1os con el objetivo de construir comunidad y crear conciencia a trav\u00e9s de la formaci\u00f3n hol\u00edstica en Valores Humanos. Hemos construido 7 Centros L\u00fadicos, donde familias de diferentes comunidades reciben gratuitamente [&hellip;]<\/p>\n","protected":false},"author":1,"featured_media":0,"parent":0,"menu_order":0,"comment_status":"closed","ping_status":"closed","template":"","meta":{"footnotes":""},"class_list":["post-625","page","type-page","status-publish","hentry"],"jetpack_sharing_enabled":true,"_links":{"self":[{"href":"https:\/\/fundacionprema.org\/ws\/wp-json\/wp\/v2\/pages\/625","targetHints":{"allow":["GET"]}}],"collection":[{"href":"https:\/\/fundacionprema.org\/ws\/wp-json\/wp\/v2\/pages"}],"about":[{"href":"https:\/\/fundacionprema.org\/ws\/wp-json\/wp\/v2\/types\/page"}],"author":[{"embeddable":true,"href":"https:\/\/fundacionprema.org\/ws\/wp-json\/wp\/v2\/users\/1"}],"replies":[{"embeddable":true,"href":"https:\/\/fundacionprema.org\/ws\/wp-json\/wp\/v2\/comments?post=625"}],"version-history":[{"count":46,"href":"https:\/\/fundacionprema.org\/ws\/wp-json\/wp\/v2\/pages\/625\/revisions"}],"predecessor-version":[{"id":2118,"href":"https:\/\/fundacionprema.org\/ws\/wp-json\/wp\/v2\/pages\/625\/revisions\/2118"}],"wp:attachment":[{"href":"https:\/\/fundacionprema.org\/ws\/wp-json\/wp\/v2\/media?parent=625"}],"curies":[{"name":"wp","href":"https:\/\/api.w.org\/{rel}","templated":true}]}}