{"id":7,"date":"2023-05-15T16:28:40","date_gmt":"2023-05-15T21:28:40","guid":{"rendered":"https:\/\/fundacionprema.org\/ws\/?page_id=7"},"modified":"2023-08-22T15:32:02","modified_gmt":"2023-08-22T20:32:02","slug":"inicio","status":"publish","type":"page","link":"https:\/\/fundacionprema.org\/ws\/","title":{"rendered":"Inicio"},"content":{"rendered":"\t\t<div data-elementor-type=\"wp-page\" data-elementor-id=\"7\" class=\"elementor elementor-7\" data-elementor-settings=\"{&quot;ha_cmc_init_switcher&quot;:&quot;no&quot;}\" data-elementor-post-type=\"page\">\n\t\t\t\t<div class=\"elementor-element elementor-element-13bfcc2 e-con-full e-flex e-con e-parent\" data-id=\"13bfcc2\" data-element_type=\"container\" data-settings=\"{&quot;_ha_eqh_enable&quot;:false}\">\n\t\t\t\t<div class=\"elementor-element elementor-element-4d1bbb5 elementor-widget elementor-widget-ha-slider happy-addon ha-slider\" data-id=\"4d1bbb5\" data-element_type=\"widget\" data-settings=\"{&quot;animation_speed&quot;:500,&quot;autoplay&quot;:&quot;yes&quot;,&quot;autoplay_speed&quot;:3000,&quot;loop&quot;:&quot;yes&quot;,&quot;navigation&quot;:&quot;arrow&quot;}\" data-widget_type=\"ha-slider.default\">\n\t\t\t\t<div class=\"elementor-widget-container\">\n\t\t\t\t\t\n\t\t<div class=\"hajs-slick ha-slick ha-slick--slider\">\n\n\t\t\t\n\t\t\t\t<div class=\"ha-slick-slide slick-slide\">\n\t\t\t\t\t<div class=\"ha-slick-item\">\n\t\t\t\t\t\t\t\t\t\t\t\t\t<img decoding=\"async\" class=\"ha-slick-img\" src=\"https:\/\/i0.wp.com\/fundacionprema.org\/ws\/wp-content\/uploads\/2023\/07\/Cantro-ludico-cardio-infantil-Bogota.jpg?fit=1366%2C600&#038;ssl=1\" alt=\"Centro L\u00fadico Fundaci\u00f3n Cardioinfantil \u2013 La Cardio (Bogot\u00e1 D.C.)\">\n\t\t\t\t\t\t\n\t\t\t\t\t\t\t\t\t\t\t\t\t<div class=\"ha-slick-content\">\n\t\t\t\t\t\t\t\t<h2 class=\"ha-slick-title\">Centro L\u00fadico Fundaci\u00f3n Cardioinfantil \u2013 La Cardio (Bogot\u00e1 D.C.)<\/h2>\t\t\t\t\t\t\t\t\t\t\t\t\t\t\t<\/div>\n\t\t\t\t\t\t\t\t\t\t\t<\/div>\n\t\t\t\t<\/div>\n\n\t\t\t\n\t\t\t\t<div class=\"ha-slick-slide slick-slide\">\n\t\t\t\t\t<div class=\"ha-slick-item\">\n\t\t\t\t\t\t\t\t\t\t\t\t\t<img decoding=\"async\" class=\"ha-slick-img\" src=\"https:\/\/i0.wp.com\/fundacionprema.org\/ws\/wp-content\/uploads\/2023\/05\/banner3.jpg?fit=1280%2C600&#038;ssl=1\" alt=\"Centro L\u00fadico Eje Cafetero (Dosquebradas, Risaralda)\">\n\t\t\t\t\t\t\n\t\t\t\t\t\t\t\t\t\t\t\t\t<div class=\"ha-slick-content\">\n\t\t\t\t\t\t\t\t<h2 class=\"ha-slick-title\">Centro L\u00fadico Eje Cafetero (Dosquebradas, Risaralda)<\/h2>\t\t\t\t\t\t\t\t\t\t\t\t\t\t\t<\/div>\n\t\t\t\t\t\t\t\t\t\t\t<\/div>\n\t\t\t\t<\/div>\n\n\t\t\t\n\t\t\t\t<div class=\"ha-slick-slide slick-slide\">\n\t\t\t\t\t<div class=\"ha-slick-item\">\n\t\t\t\t\t\t\t\t\t\t\t\t\t<img decoding=\"async\" class=\"ha-slick-img\" src=\"https:\/\/i0.wp.com\/fundacionprema.org\/ws\/wp-content\/uploads\/2023\/08\/Centro-de-Regulacion-Emocional-Infantil-La-Cardio-2-1.jpg?fit=1280%2C600&#038;ssl=1\" alt=\"Centro de Regulaci\u00f3n Emocional Infantil.\">\n\t\t\t\t\t\t\n\t\t\t\t\t\t\t\t\t\t\t\t\t<div class=\"ha-slick-content\">\n\t\t\t\t\t\t\t\t<h2 class=\"ha-slick-title\">Centro de Regulaci\u00f3n Emocional Infantil.<\/h2>\t\t\t\t\t\t\t\t\t\t\t\t\t\t\t<\/div>\n\t\t\t\t\t\t\t\t\t\t\t<\/div>\n\t\t\t\t<\/div>\n\n\t\t\t\n\t\t<\/div>\n\n\t\t\t\t\t<button type=\"button\" class=\"slick-prev\"><svg aria-hidden=\"true\" class=\"e-font-icon-svg e-fas-chevron-left\" viewBox=\"0 0 320 512\" xmlns=\"http:\/\/www.w3.org\/2000\/svg\"><path d=\"M34.52 239.03L228.87 44.69c9.37-9.37 24.57-9.37 33.94 0l22.67 22.67c9.36 9.36 9.37 24.52.04 33.9L131.49 256l154.02 154.75c9.34 9.38 9.32 24.54-.04 33.9l-22.67 22.67c-9.37 9.37-24.57 9.37-33.94 0L34.52 272.97c-9.37-9.37-9.37-24.57 0-33.94z\"><\/path><\/svg><\/button>\n\t\t\n\t\t\t\t\t<button type=\"button\" class=\"slick-next\"><svg aria-hidden=\"true\" class=\"e-font-icon-svg e-fas-chevron-right\" viewBox=\"0 0 320 512\" xmlns=\"http:\/\/www.w3.org\/2000\/svg\"><path d=\"M285.476 272.971L91.132 467.314c-9.373 9.373-24.569 9.373-33.941 0l-22.667-22.667c-9.357-9.357-9.375-24.522-.04-33.901L188.505 256 34.484 101.255c-9.335-9.379-9.317-24.544.04-33.901l22.667-22.667c9.373-9.373 24.569-9.373 33.941 0L285.475 239.03c9.373 9.372 9.373 24.568.001 33.941z\"><\/path><\/svg><\/button>\n\t\t\n\t\t\t\t\t\t<\/div>\n\t\t\t\t<\/div>\n\t\t\t\t<\/div>\n\t\t<div class=\"elementor-element elementor-element-73d247c e-flex e-con-boxed e-con e-parent\" data-id=\"73d247c\" data-element_type=\"container\" data-settings=\"{&quot;_ha_eqh_enable&quot;:false}\">\n\t\t\t\t\t<div class=\"e-con-inner\">\n\t\t\t\t<div class=\"elementor-element elementor-element-e2e5b82 elementor-widget elementor-widget-heading\" data-id=\"e2e5b82\" data-element_type=\"widget\" data-widget_type=\"heading.default\">\n\t\t\t\t<div class=\"elementor-widget-container\">\n\t\t\t\t\t<h2 class=\"elementor-heading-title elementor-size-default\">EDUCACI\u00d3N EN VALORES HUMANOS<\/h2>\t\t\t\t<\/div>\n\t\t\t\t<\/div>\n\t\t\t\t\t<\/div>\n\t\t\t\t<\/div>\n\t\t<div class=\"elementor-element elementor-element-d215a13 e-flex e-con-boxed e-con e-parent\" data-id=\"d215a13\" data-element_type=\"container\" data-settings=\"{&quot;_ha_eqh_enable&quot;:false}\">\n\t\t\t\t\t<div class=\"e-con-inner\">\n\t\t\t\t<div class=\"elementor-element elementor-element-f2c0f69 elementor-widget elementor-widget-video\" data-id=\"f2c0f69\" data-element_type=\"widget\" data-settings=\"{&quot;youtube_url&quot;:&quot;https:\\\/\\\/www.youtube.com\\\/watch?v=xnroBUosEAo&quot;,&quot;video_type&quot;:&quot;youtube&quot;,&quot;controls&quot;:&quot;yes&quot;}\" data-widget_type=\"video.default\">\n\t\t\t\t<div class=\"elementor-widget-container\">\n\t\t\t\t\t\t\t<div class=\"elementor-wrapper elementor-open-inline\">\n\t\t\t<div class=\"elementor-video\"><\/div>\t\t<\/div>\n\t\t\t\t\t\t<\/div>\n\t\t\t\t<\/div>\n\t\t\t\t\t<\/div>\n\t\t\t\t<\/div>\n\t\t<div class=\"elementor-element elementor-element-b3cbae1 e-flex e-con-boxed e-con e-parent\" data-id=\"b3cbae1\" data-element_type=\"container\" data-settings=\"{&quot;_ha_eqh_enable&quot;:false}\">\n\t\t\t\t\t<div class=\"e-con-inner\">\n\t\t\t\t<div class=\"elementor-element elementor-element-ae18487 elementor-widget elementor-widget-heading\" data-id=\"ae18487\" data-element_type=\"widget\" id=\"Valores\" data-widget_type=\"heading.default\">\n\t\t\t\t<div class=\"elementor-widget-container\">\n\t\t\t\t\t<h2 class=\"elementor-heading-title elementor-size-default\">VALORES<\/h2>\t\t\t\t<\/div>\n\t\t\t\t<\/div>\n\t\t\t\t\t<\/div>\n\t\t\t\t<\/div>\n\t\t<div class=\"elementor-element elementor-element-bcadae1 e-flex e-con-boxed e-con e-parent\" data-id=\"bcadae1\" data-element_type=\"container\" data-settings=\"{&quot;_ha_eqh_enable&quot;:false}\">\n\t\t\t\t\t<div class=\"e-con-inner\">\n\t\t<div class=\"elementor-element elementor-element-6664316 e-con-full e-flex e-con e-child\" data-id=\"6664316\" data-element_type=\"container\" data-settings=\"{&quot;_ha_eqh_enable&quot;:false}\">\n\t\t\t\t<div class=\"elementor-element elementor-element-53baf88 elementor-widget elementor-widget-image\" data-id=\"53baf88\" data-element_type=\"widget\" data-widget_type=\"image.default\">\n\t\t\t\t<div class=\"elementor-widget-container\">\n\t\t\t\t\t\t\t\t\t\t\t\t\t\t\t\t<a href=\"https:\/\/fundacionprema.org\/ws\/los-5-valores-humanos-amor\/\">\n\t\t\t\t\t\t\t<img fetchpriority=\"high\" decoding=\"async\" width=\"300\" height=\"300\" src=\"https:\/\/fundacionprema.org\/ws\/wp-content\/uploads\/2023\/05\/Icono-del-amor.svg\" class=\"elementor-animation-pulse-grow attachment-large size-large wp-image-93\" alt=\"\" \/>\t\t\t\t\t\t\t\t<\/a>\n\t\t\t\t\t\t\t\t\t\t\t\t\t\t\t<\/div>\n\t\t\t\t<\/div>\n\t\t\t\t<div class=\"elementor-element elementor-element-0cb4860 elementor-widget elementor-widget-heading\" data-id=\"0cb4860\" data-element_type=\"widget\" data-widget_type=\"heading.default\">\n\t\t\t\t<div class=\"elementor-widget-container\">\n\t\t\t\t\t<h1 class=\"elementor-heading-title elementor-size-default\"><a href=\"https:\/\/fundacionprema.org\/ws\/los-5-valores-humanos-amor\/\">Valor<br> del\nAmor<\/a><\/h1>\t\t\t\t<\/div>\n\t\t\t\t<\/div>\n\t\t\t\t<\/div>\n\t\t<div class=\"elementor-element elementor-element-93d9489 e-con-full e-flex e-con e-child\" data-id=\"93d9489\" data-element_type=\"container\" data-settings=\"{&quot;_ha_eqh_enable&quot;:false}\">\n\t\t\t\t<div class=\"elementor-element elementor-element-b9dd591 elementor-widget elementor-widget-image\" data-id=\"b9dd591\" data-element_type=\"widget\" data-widget_type=\"image.default\">\n\t\t\t\t<div class=\"elementor-widget-container\">\n\t\t\t\t\t\t\t\t\t\t\t\t\t\t\t\t<a href=\"https:\/\/fundacionprema.org\/ws\/los-5-valores-humanos-no-violencia\/\">\n\t\t\t\t\t\t\t<img decoding=\"async\" width=\"300\" height=\"300\" src=\"https:\/\/fundacionprema.org\/ws\/wp-content\/uploads\/2023\/05\/Icono-de-la-No-Violencia.svg\" class=\"elementor-animation-pulse-grow attachment-large size-large wp-image-94\" alt=\"\" \/>\t\t\t\t\t\t\t\t<\/a>\n\t\t\t\t\t\t\t\t\t\t\t\t\t\t\t<\/div>\n\t\t\t\t<\/div>\n\t\t\t\t<div class=\"elementor-element elementor-element-15f7cef elementor-widget elementor-widget-heading\" data-id=\"15f7cef\" data-element_type=\"widget\" data-widget_type=\"heading.default\">\n\t\t\t\t<div class=\"elementor-widget-container\">\n\t\t\t\t\t<h1 class=\"elementor-heading-title elementor-size-default\"><a href=\"https:\/\/fundacionprema.org\/ws\/los-5-valores-humanos-no-violencia\/\">Valor de la\nNo Violencia<\/a><\/h1>\t\t\t\t<\/div>\n\t\t\t\t<\/div>\n\t\t\t\t<\/div>\n\t\t<div class=\"elementor-element elementor-element-87514ee e-con-full e-flex e-con e-child\" data-id=\"87514ee\" data-element_type=\"container\" data-settings=\"{&quot;_ha_eqh_enable&quot;:false}\">\n\t\t\t\t<div class=\"elementor-element elementor-element-c48b570 elementor-widget elementor-widget-image\" data-id=\"c48b570\" data-element_type=\"widget\" data-widget_type=\"image.default\">\n\t\t\t\t<div class=\"elementor-widget-container\">\n\t\t\t\t\t\t\t\t\t\t\t\t\t\t\t\t<a href=\"https:\/\/fundacionprema.org\/ws\/los-5-valores-humanos-paz\/\">\n\t\t\t\t\t\t\t<img decoding=\"async\" width=\"300\" height=\"300\" src=\"https:\/\/fundacionprema.org\/ws\/wp-content\/uploads\/2023\/05\/Icono-de-la-paz.svg\" class=\"elementor-animation-pulse-grow attachment-large size-large wp-image-95\" alt=\"\" \/>\t\t\t\t\t\t\t\t<\/a>\n\t\t\t\t\t\t\t\t\t\t\t\t\t\t\t<\/div>\n\t\t\t\t<\/div>\n\t\t\t\t<div class=\"elementor-element elementor-element-17d7a09 elementor-widget elementor-widget-heading\" data-id=\"17d7a09\" data-element_type=\"widget\" data-widget_type=\"heading.default\">\n\t\t\t\t<div class=\"elementor-widget-container\">\n\t\t\t\t\t<h1 class=\"elementor-heading-title elementor-size-default\"><a href=\"https:\/\/fundacionprema.org\/ws\/los-5-valores-humanos-paz\/\">Valor <br>de la\nPaz <\/a><\/h1>\t\t\t\t<\/div>\n\t\t\t\t<\/div>\n\t\t\t\t<\/div>\n\t\t<div class=\"elementor-element elementor-element-0bf0963 e-con-full e-flex e-con e-child\" data-id=\"0bf0963\" data-element_type=\"container\" data-settings=\"{&quot;_ha_eqh_enable&quot;:false}\">\n\t\t\t\t<div class=\"elementor-element elementor-element-7316e8f elementor-widget elementor-widget-image\" data-id=\"7316e8f\" data-element_type=\"widget\" data-widget_type=\"image.default\">\n\t\t\t\t<div class=\"elementor-widget-container\">\n\t\t\t\t\t\t\t\t\t\t\t\t\t\t\t\t<a href=\"https:\/\/fundacionprema.org\/ws\/los-5-valores-humanos-rectitud\/\">\n\t\t\t\t\t\t\t<img loading=\"lazy\" decoding=\"async\" width=\"300\" height=\"300\" src=\"https:\/\/fundacionprema.org\/ws\/wp-content\/uploads\/2023\/05\/Icono-de-la-rectitud.svg\" class=\"elementor-animation-pulse-grow attachment-large size-large wp-image-96\" alt=\"\" \/>\t\t\t\t\t\t\t\t<\/a>\n\t\t\t\t\t\t\t\t\t\t\t\t\t\t\t<\/div>\n\t\t\t\t<\/div>\n\t\t\t\t<div class=\"elementor-element elementor-element-55177c3 elementor-widget elementor-widget-heading\" data-id=\"55177c3\" data-element_type=\"widget\" data-widget_type=\"heading.default\">\n\t\t\t\t<div class=\"elementor-widget-container\">\n\t\t\t\t\t<h1 class=\"elementor-heading-title elementor-size-default\"><a href=\"https:\/\/fundacionprema.org\/ws\/los-5-valores-humanos-rectitud\/\">Valor de la\nRectitud<\/a><\/h1>\t\t\t\t<\/div>\n\t\t\t\t<\/div>\n\t\t\t\t<\/div>\n\t\t<div class=\"elementor-element elementor-element-92bb87e e-con-full e-flex e-con e-child\" data-id=\"92bb87e\" data-element_type=\"container\" data-settings=\"{&quot;_ha_eqh_enable&quot;:false}\">\n\t\t\t\t<div class=\"elementor-element elementor-element-c0b35fe elementor-widget elementor-widget-image\" data-id=\"c0b35fe\" data-element_type=\"widget\" data-widget_type=\"image.default\">\n\t\t\t\t<div class=\"elementor-widget-container\">\n\t\t\t\t\t\t\t\t\t\t\t\t\t\t\t\t<a href=\"https:\/\/fundacionprema.org\/ws\/los-5-valores-humanos-verdad\/\">\n\t\t\t\t\t\t\t<img loading=\"lazy\" decoding=\"async\" width=\"300\" height=\"300\" src=\"https:\/\/fundacionprema.org\/ws\/wp-content\/uploads\/2023\/05\/Icono-de-la-verdad.svg\" class=\"elementor-animation-pulse-grow attachment-large size-large wp-image-97\" alt=\"\" \/>\t\t\t\t\t\t\t\t<\/a>\n\t\t\t\t\t\t\t\t\t\t\t\t\t\t\t<\/div>\n\t\t\t\t<\/div>\n\t\t\t\t<div class=\"elementor-element elementor-element-60c5428 elementor-widget elementor-widget-heading\" data-id=\"60c5428\" data-element_type=\"widget\" data-widget_type=\"heading.default\">\n\t\t\t\t<div class=\"elementor-widget-container\">\n\t\t\t\t\t<h1 class=\"elementor-heading-title elementor-size-default\"><a href=\"https:\/\/fundacionprema.org\/ws\/los-5-valores-humanos-verdad\/\">Valor <br>de la\nVerdad<\/a><\/h1>\t\t\t\t<\/div>\n\t\t\t\t<\/div>\n\t\t\t\t<\/div>\n\t\t\t\t\t<\/div>\n\t\t\t\t<\/div>\n\t\t<div class=\"elementor-element elementor-element-14ca060 e-con-full e-flex e-con e-parent\" data-id=\"14ca060\" data-element_type=\"container\" data-settings=\"{&quot;_ha_eqh_enable&quot;:false}\">\n\t\t<div class=\"elementor-element elementor-element-037f3ed e-con-full e-flex e-con e-child\" data-id=\"037f3ed\" data-element_type=\"container\" data-settings=\"{&quot;background_background&quot;:&quot;classic&quot;,&quot;_ha_eqh_enable&quot;:false}\">\n\t\t\t\t<\/div>\n\t\t<div class=\"elementor-element elementor-element-aa81077 e-con-full e-flex e-con e-child\" data-id=\"aa81077\" data-element_type=\"container\" data-settings=\"{&quot;background_background&quot;:&quot;classic&quot;,&quot;_ha_eqh_enable&quot;:false}\">\n\t\t\t\t<div class=\"elementor-element elementor-element-04f367e elementor-widget elementor-widget-heading\" data-id=\"04f367e\" data-element_type=\"widget\" data-widget_type=\"heading.default\">\n\t\t\t\t<div class=\"elementor-widget-container\">\n\t\t\t\t\t<h1 class=\"elementor-heading-title elementor-size-default\">Centros L\u00fadicos <\/h1>\t\t\t\t<\/div>\n\t\t\t\t<\/div>\n\t\t\t\t<div class=\"elementor-element elementor-element-05cff56 elementor-align-center elementor-widget elementor-widget-button\" data-id=\"05cff56\" data-element_type=\"widget\" data-widget_type=\"button.default\">\n\t\t\t\t<div class=\"elementor-widget-container\">\n\t\t\t\t\t\t\t\t\t<div class=\"elementor-button-wrapper\">\n\t\t\t\t\t<a class=\"elementor-button elementor-button-link elementor-size-sm\" href=\"https:\/\/fundacionprema.org\/ws\/centros-ludicos\">\n\t\t\t\t\t\t<span class=\"elementor-button-content-wrapper\">\n\t\t\t\t\t\t\t\t\t<span class=\"elementor-button-text\">Con\u00f3celos<\/span>\n\t\t\t\t\t<\/span>\n\t\t\t\t\t<\/a>\n\t\t\t\t<\/div>\n\t\t\t\t\t\t\t\t<\/div>\n\t\t\t\t<\/div>\n\t\t\t\t<\/div>\n\t\t\t\t<\/div>\n\t\t<div class=\"elementor-element elementor-element-92a39df e-con-full e-flex e-con e-parent\" data-id=\"92a39df\" data-element_type=\"container\" data-settings=\"{&quot;_ha_eqh_enable&quot;:false}\">\n\t\t<div class=\"elementor-element elementor-element-992591c e-con-full e-flex e-con e-child\" data-id=\"992591c\" data-element_type=\"container\" data-settings=\"{&quot;background_background&quot;:&quot;classic&quot;,&quot;_ha_eqh_enable&quot;:false}\">\n\t\t\t\t<\/div>\n\t\t<div class=\"elementor-element elementor-element-f8fdae9 e-con-full e-flex e-con e-child\" data-id=\"f8fdae9\" data-element_type=\"container\" data-settings=\"{&quot;background_background&quot;:&quot;classic&quot;,&quot;_ha_eqh_enable&quot;:false}\">\n\t\t\t\t<div class=\"elementor-element elementor-element-89e79a3 elementor-widget elementor-widget-heading\" data-id=\"89e79a3\" data-element_type=\"widget\" data-widget_type=\"heading.default\">\n\t\t\t\t<div class=\"elementor-widget-container\">\n\t\t\t\t\t<h1 class=\"elementor-heading-title elementor-size-default\">Sentir<br> \n para Sanar<\/h1>\t\t\t\t<\/div>\n\t\t\t\t<\/div>\n\t\t\t\t<div class=\"elementor-element elementor-element-e1c0b32 elementor-align-center elementor-widget elementor-widget-button\" data-id=\"e1c0b32\" data-element_type=\"widget\" data-widget_type=\"button.default\">\n\t\t\t\t<div class=\"elementor-widget-container\">\n\t\t\t\t\t\t\t\t\t<div class=\"elementor-button-wrapper\">\n\t\t\t\t\t<a class=\"elementor-button elementor-button-link elementor-size-sm\" href=\"https:\/\/fundacionprema.org\/ws\/sentir-para-sanar-el-programa\/\">\n\t\t\t\t\t\t<span class=\"elementor-button-content-wrapper\">\n\t\t\t\t\t\t\t\t\t<span class=\"elementor-button-text\">Con\u00f3celas<\/span>\n\t\t\t\t\t<\/span>\n\t\t\t\t\t<\/a>\n\t\t\t\t<\/div>\n\t\t\t\t\t\t\t\t<\/div>\n\t\t\t\t<\/div>\n\t\t\t\t<\/div>\n\t\t\t\t<\/div>\n\t\t<div class=\"elementor-element elementor-element-c754402 e-flex e-con-boxed e-con e-parent\" data-id=\"c754402\" data-element_type=\"container\" data-settings=\"{&quot;background_background&quot;:&quot;classic&quot;,&quot;_ha_eqh_enable&quot;:false}\">\n\t\t\t\t\t<div class=\"e-con-inner\">\n\t\t\t\t<div class=\"elementor-element elementor-element-2674609 elementor-widget elementor-widget-heading\" data-id=\"2674609\" data-element_type=\"widget\" data-widget_type=\"heading.default\">\n\t\t\t\t<div class=\"elementor-widget-container\">\n\t\t\t\t\t<h1 class=\"elementor-heading-title elementor-size-default\">\u00bfQuieres Ser Parte<br>\nde la Fundaci\u00f3n?\n<\/h1>\t\t\t\t<\/div>\n\t\t\t\t<\/div>\n\t\t\t\t<div class=\"elementor-element elementor-element-17c928c elementor-align-center elementor-widget elementor-widget-button\" data-id=\"17c928c\" data-element_type=\"widget\" data-widget_type=\"button.default\">\n\t\t\t\t<div class=\"elementor-widget-container\">\n\t\t\t\t\t\t\t\t\t<div class=\"elementor-button-wrapper\">\n\t\t\t\t\t<a class=\"elementor-button elementor-button-link elementor-size-sm\" href=\"https:\/\/fundacionprema.org\/ws\/donaciones\/\">\n\t\t\t\t\t\t<span class=\"elementor-button-content-wrapper\">\n\t\t\t\t\t\t\t\t\t<span class=\"elementor-button-text\">Conoce C\u00f3mo Aqu\u00ed<\/span>\n\t\t\t\t\t<\/span>\n\t\t\t\t\t<\/a>\n\t\t\t\t<\/div>\n\t\t\t\t\t\t\t\t<\/div>\n\t\t\t\t<\/div>\n\t\t\t\t\t<\/div>\n\t\t\t\t<\/div>\n\t\t\t\t<\/div>\n\t\t","protected":false},"excerpt":{"rendered":"<p>Centro L\u00fadico Fundaci\u00f3n Cardioinfantil \u2013 La Cardio (Bogot\u00e1 D.C.) Centro L\u00fadico Eje Cafetero (Dosquebradas, Risaralda) Centro de Regulaci\u00f3n Emocional Infantil. EDUCACI\u00d3N EN VALORES HUMANOS VALORES Valor del Amor Valor de la No Violencia Valor de la Paz Valor de la Rectitud Valor de la Verdad Centros L\u00fadicos Con\u00f3celos Sentir para Sanar Con\u00f3celas \u00bfQuieres Ser Parte [&hellip;]<\/p>\n","protected":false},"author":1,"featured_media":0,"parent":0,"menu_order":0,"comment_status":"closed","ping_status":"closed","template":"elementor_header_footer","meta":{"footnotes":""},"class_list":["post-7","page","type-page","status-publish","hentry"],"jetpack_sharing_enabled":true,"_links":{"self":[{"href":"https:\/\/fundacionprema.org\/ws\/wp-json\/wp\/v2\/pages\/7","targetHints":{"allow":["GET"]}}],"collection":[{"href":"https:\/\/fundacionprema.org\/ws\/wp-json\/wp\/v2\/pages"}],"about":[{"href":"https:\/\/fundacionprema.org\/ws\/wp-json\/wp\/v2\/types\/page"}],"author":[{"embeddable":true,"href":"https:\/\/fundacionprema.org\/ws\/wp-json\/wp\/v2\/users\/1"}],"replies":[{"embeddable":true,"href":"https:\/\/fundacionprema.org\/ws\/wp-json\/wp\/v2\/comments?post=7"}],"version-history":[{"count":175,"href":"https:\/\/fundacionprema.org\/ws\/wp-json\/wp\/v2\/pages\/7\/revisions"}],"predecessor-version":[{"id":1765,"href":"https:\/\/fundacionprema.org\/ws\/wp-json\/wp\/v2\/pages\/7\/revisions\/1765"}],"wp:attachment":[{"href":"https:\/\/fundacionprema.org\/ws\/wp-json\/wp\/v2\/media?parent=7"}],"curies":[{"name":"wp","href":"https:\/\/api.w.org\/{rel}","templated":true}]}}