{"id":737,"date":"2023-06-08T17:52:16","date_gmt":"2023-06-08T22:52:16","guid":{"rendered":"https:\/\/fundacionprema.org\/ws\/?page_id=737"},"modified":"2023-08-22T15:23:44","modified_gmt":"2023-08-22T20:23:44","slug":"los-5-valores-humanos-verdad","status":"publish","type":"page","link":"https:\/\/fundacionprema.org\/ws\/los-5-valores-humanos-verdad\/","title":{"rendered":"Los 5 valores humanos Verdad"},"content":{"rendered":"\t\t<div data-elementor-type=\"wp-page\" data-elementor-id=\"737\" class=\"elementor elementor-737\" data-elementor-settings=\"{&quot;ha_cmc_init_switcher&quot;:&quot;no&quot;}\" data-elementor-post-type=\"page\">\n\t\t\t\t<div class=\"elementor-element elementor-element-ae913fb e-con-full e-flex e-con e-parent\" data-id=\"ae913fb\" data-element_type=\"container\" data-settings=\"{&quot;background_background&quot;:&quot;classic&quot;,&quot;_ha_eqh_enable&quot;:false}\">\n\t\t<div class=\"elementor-element elementor-element-7335dd3 e-con-full e-flex e-con e-parent\" data-id=\"7335dd3\" data-element_type=\"container\" data-settings=\"{&quot;background_background&quot;:&quot;classic&quot;,&quot;_ha_eqh_enable&quot;:false}\">\n\t\t\t\t<div class=\"elementor-element elementor-element-ecc0cc6 elementor-widget elementor-widget-heading\" data-id=\"ecc0cc6\" data-element_type=\"widget\" data-widget_type=\"heading.default\">\n\t\t\t\t<div class=\"elementor-widget-container\">\n\t\t\t\t\t<h2 class=\"elementor-heading-title elementor-size-default\">Los<\/h2>\t\t\t\t<\/div>\n\t\t\t\t<\/div>\n\t\t\t\t<div class=\"elementor-element elementor-element-f57700d elementor-widget elementor-widget-heading\" data-id=\"f57700d\" data-element_type=\"widget\" data-widget_type=\"heading.default\">\n\t\t\t\t<div class=\"elementor-widget-container\">\n\t\t\t\t\t<h2 class=\"elementor-heading-title elementor-size-default\">5<\/h2>\t\t\t\t<\/div>\n\t\t\t\t<\/div>\n\t\t\t\t<div class=\"elementor-element elementor-element-26fe2a7 elementor-widget elementor-widget-heading\" data-id=\"26fe2a7\" data-element_type=\"widget\" data-widget_type=\"heading.default\">\n\t\t\t\t<div class=\"elementor-widget-container\">\n\t\t\t\t\t<h2 class=\"elementor-heading-title elementor-size-default\">valores humanos<\/h2>\t\t\t\t<\/div>\n\t\t\t\t<\/div>\n\t\t\t\t<div class=\"elementor-element elementor-element-2171ebe elementor-widget elementor-widget-heading\" data-id=\"2171ebe\" data-element_type=\"widget\" data-widget_type=\"heading.default\">\n\t\t\t\t<div class=\"elementor-widget-container\">\n\t\t\t\t\t<h2 class=\"elementor-heading-title elementor-size-default\">VERDAD<\/h2>\t\t\t\t<\/div>\n\t\t\t\t<\/div>\n\t\t\t\t<\/div>\n\t\t<div class=\"elementor-element elementor-element-5e08a8b e-con-full e-flex e-con e-parent\" data-id=\"5e08a8b\" data-element_type=\"container\" data-settings=\"{&quot;background_background&quot;:&quot;classic&quot;,&quot;_ha_eqh_enable&quot;:false}\">\n\t\t\t\t<div class=\"elementor-element elementor-element-0086d4f elementor-widget elementor-widget-image\" data-id=\"0086d4f\" data-element_type=\"widget\" data-widget_type=\"image.default\">\n\t\t\t\t<div class=\"elementor-widget-container\">\n\t\t\t\t\t\t\t\t\t\t\t\t\t\t\t<img fetchpriority=\"high\" decoding=\"async\" width=\"300\" height=\"300\" src=\"https:\/\/fundacionprema.org\/ws\/wp-content\/uploads\/2023\/05\/Icono-de-la-verdad.svg\" class=\"attachment-large size-large wp-image-97\" alt=\"\" \/>\t\t\t\t\t\t\t\t\t\t\t\t\t\t\t<\/div>\n\t\t\t\t<\/div>\n\t\t\t\t<\/div>\n\t\t\t\t<\/div>\n\t\t<div class=\"elementor-element elementor-element-17e7586 e-flex e-con-boxed e-con e-parent\" data-id=\"17e7586\" data-element_type=\"container\" data-settings=\"{&quot;_ha_eqh_enable&quot;:false}\">\n\t\t\t\t\t<div class=\"e-con-inner\">\n\t\t<div class=\"elementor-element elementor-element-a15b960 e-con-full e-flex e-con e-parent\" data-id=\"a15b960\" data-element_type=\"container\" data-settings=\"{&quot;_ha_eqh_enable&quot;:false}\">\n\t\t\t\t<div class=\"elementor-element elementor-element-9c61f0a elementor-widget elementor-widget-text-editor\" data-id=\"9c61f0a\" data-element_type=\"widget\" data-widget_type=\"text-editor.default\">\n\t\t\t\t<div class=\"elementor-widget-container\">\n\t\t\t\t\t\t\t\t\tEl valor de la verdad se corresponde con el \u00e1rea intelectual, su funci\u00f3n es pensar y luego actuar y la t\u00e9cnica utilizada es la cita.\n\nLa verdad est\u00e1 asociada a los hechos, a la comprensi\u00f3n de todas las personas.\n\n\u201cLa verdad no es simplemente contar los hechos sobre lo que ves, escuchas o sientes. Estas son solo verdades temporales. Los hechos se relacionan con apariencias moment\u00e1neas, mientras que la verdad se relaciona con la realidad. Sigue siendo la misma para todos los tiempos: pasado, presente  futuro no se ve afectado por cambios en el tiempo o lugar. Es eterno sin comienzos siempre existentes es la base y la causa de todo\u201d.  Sathya Sai\n\nSeg\u00fan el PVH, hay dos aspectos relacionados con el valor de la verdad: la verdad relativa y la verdad absoluta.\n\t\t\t\t\t\t\t\t<\/div>\n\t\t\t\t<\/div>\n\t\t\t\t<\/div>\n\t\t<div class=\"elementor-element elementor-element-ac4ece3 e-con-full e-flex e-con e-parent\" data-id=\"ac4ece3\" data-element_type=\"container\" data-settings=\"{&quot;_ha_eqh_enable&quot;:false}\">\n\t\t\t\t<div class=\"elementor-element elementor-element-bbc2b10 elementor-widget elementor-widget-image\" data-id=\"bbc2b10\" data-element_type=\"widget\" data-settings=\"{&quot;ha_floating_fx&quot;:&quot;yes&quot;}\" data-widget_type=\"image.default\">\n\t\t\t\t<div class=\"elementor-widget-container\">\n\t\t\t\t\t\t\t\t\t\t\t\t\t\t\t<img decoding=\"async\" width=\"735\" height=\"957\" src=\"https:\/\/i0.wp.com\/fundacionprema.org\/ws\/wp-content\/uploads\/2023\/06\/Fotos-verdad.png?fit=735%2C957&amp;ssl=1\" class=\"attachment-large size-large wp-image-784\" alt=\"\" srcset=\"https:\/\/i0.wp.com\/fundacionprema.org\/ws\/wp-content\/uploads\/2023\/06\/Fotos-verdad.png?w=735&amp;ssl=1 735w, https:\/\/i0.wp.com\/fundacionprema.org\/ws\/wp-content\/uploads\/2023\/06\/Fotos-verdad.png?resize=230%2C300&amp;ssl=1 230w\" sizes=\"(max-width: 735px) 100vw, 735px\" \/>\t\t\t\t\t\t\t\t\t\t\t\t\t\t\t<\/div>\n\t\t\t\t<\/div>\n\t\t\t\t<\/div>\n\t\t\t\t\t<\/div>\n\t\t\t\t<\/div>\n\t\t<div class=\"elementor-element elementor-element-b6fc194 e-flex e-con-boxed e-con e-parent\" data-id=\"b6fc194\" data-element_type=\"container\" data-settings=\"{&quot;background_background&quot;:&quot;classic&quot;,&quot;_ha_eqh_enable&quot;:false}\">\n\t\t\t\t\t<div class=\"e-con-inner\">\n\t\t\t\t<div class=\"elementor-element elementor-element-728bcdf elementor-widget elementor-widget-text-editor\" data-id=\"728bcdf\" data-element_type=\"widget\" data-widget_type=\"text-editor.default\">\n\t\t\t\t<div class=\"elementor-widget-container\">\n\t\t\t\t\t\t\t\t\t<p><strong>La verdad relativa<\/strong> est\u00e1 sujeta a la percepci\u00f3n de las personas por medio de los sentidos. Corresponde a lo que vemos, o\u00edmos y experimentamos en el mundo material. Esta forma de verdad se relaciona con nuestra experiencia f\u00edsica, mental e intelectual sujeta a cambios.<\/p>\t\t\t\t\t\t\t\t<\/div>\n\t\t\t\t<\/div>\n\t\t\t\t<div class=\"elementor-element elementor-element-a5566f0 elementor-widget elementor-widget-text-editor\" data-id=\"a5566f0\" data-element_type=\"widget\" data-widget_type=\"text-editor.default\">\n\t\t\t\t<div class=\"elementor-widget-container\">\n\t\t\t\t\t\t\t\t\t<p><strong>La verdad absoluta<\/strong> es estable, permanente e inmortal. Representa un principio de vida eterno, es la esencia de nuestro propio ser y del mundo. La causa no manifestada de toda la realidad.<\/p>\t\t\t\t\t\t\t\t<\/div>\n\t\t\t\t<\/div>\n\t\t\t\t<div class=\"elementor-element elementor-element-d2df65f elementor-widget elementor-widget-text-editor\" data-id=\"d2df65f\" data-element_type=\"widget\" data-widget_type=\"text-editor.default\">\n\t\t\t\t<div class=\"elementor-widget-container\">\n\t\t\t\t\t\t\t\t\tEsto lo podemos entender  con la imagen de un \u00e1rbol. El tronco, hojas, flores y frutos representan la forma visible del \u00e1rbol y c\u00f3mo cambia seg\u00fan la estaci\u00f3n. A su vez bajo tierra, oculto a nuestros ojos, est\u00e1n sus ra\u00edces.\nAl cavar podemos darnos cuenta de que las ra\u00edces son la parte que sustenta la vida del \u00e1rbol. As\u00ed sucede con la Verdad Absoluta, es la base y fundamento del mundo fenom\u00e9nico relativo.\n\nHablar de verdad con los ni\u00f1os significa ayudarles a cultivar el di\u00e1logo con ellos mismos y a comprender el papel de la conciencia. Cuando nuestras palabras est\u00e1n en equilibrio con la conciencia, somos personas honestas. \n\t\t\t\t\t\t\t\t<\/div>\n\t\t\t\t<\/div>\n\t\t\t\t\t<\/div>\n\t\t\t\t<\/div>\n\t\t<div class=\"elementor-element elementor-element-53eed1e e-flex e-con-boxed e-con e-parent\" data-id=\"53eed1e\" data-element_type=\"container\" data-settings=\"{&quot;_ha_eqh_enable&quot;:false}\">\n\t\t\t\t\t<div class=\"e-con-inner\">\n\t\t\t\t<div class=\"elementor-element elementor-element-8a6ae9a elementor-widget elementor-widget-heading\" data-id=\"8a6ae9a\" data-element_type=\"widget\" data-widget_type=\"heading.default\">\n\t\t\t\t<div class=\"elementor-widget-container\">\n\t\t\t\t\t<h2 class=\"elementor-heading-title elementor-size-default\">VALORES<\/h2>\t\t\t\t<\/div>\n\t\t\t\t<\/div>\n\t\t\t\t\t<\/div>\n\t\t\t\t<\/div>\n\t\t<div class=\"elementor-element elementor-element-cc744b0 e-flex e-con-boxed e-con e-parent\" data-id=\"cc744b0\" data-element_type=\"container\" data-settings=\"{&quot;_ha_eqh_enable&quot;:false}\">\n\t\t\t\t\t<div class=\"e-con-inner\">\n\t\t<div class=\"elementor-element elementor-element-7cce4ce e-con-full e-flex e-con e-parent\" data-id=\"7cce4ce\" data-element_type=\"container\" data-settings=\"{&quot;_ha_eqh_enable&quot;:false}\">\n\t\t\t\t<div class=\"elementor-element elementor-element-64f8fba elementor-widget elementor-widget-image\" data-id=\"64f8fba\" data-element_type=\"widget\" data-widget_type=\"image.default\">\n\t\t\t\t<div class=\"elementor-widget-container\">\n\t\t\t\t\t\t\t\t\t\t\t\t\t\t\t\t<a href=\"https:\/\/fundacionprema.org\/ws\/los-5-valores-humanos-amor\/\">\n\t\t\t\t\t\t\t<img decoding=\"async\" width=\"300\" height=\"300\" src=\"https:\/\/fundacionprema.org\/ws\/wp-content\/uploads\/2023\/05\/Icono-del-amor.svg\" class=\"elementor-animation-pulse-grow attachment-large size-large wp-image-93\" alt=\"\" \/>\t\t\t\t\t\t\t\t<\/a>\n\t\t\t\t\t\t\t\t\t\t\t\t\t\t\t<\/div>\n\t\t\t\t<\/div>\n\t\t\t\t<div class=\"elementor-element elementor-element-9d78d90 elementor-widget elementor-widget-heading\" data-id=\"9d78d90\" data-element_type=\"widget\" data-widget_type=\"heading.default\">\n\t\t\t\t<div class=\"elementor-widget-container\">\n\t\t\t\t\t<h1 class=\"elementor-heading-title elementor-size-default\"><a href=\"https:\/\/fundacionprema.org\/ws\/los-5-valores-humanos-amor\/\">Valor<br> del\nAmor<\/a><\/h1>\t\t\t\t<\/div>\n\t\t\t\t<\/div>\n\t\t\t\t<\/div>\n\t\t<div class=\"elementor-element elementor-element-c700127 e-con-full e-flex e-con e-parent\" data-id=\"c700127\" data-element_type=\"container\" data-settings=\"{&quot;_ha_eqh_enable&quot;:false}\">\n\t\t\t\t<div class=\"elementor-element elementor-element-3b0114c elementor-widget elementor-widget-image\" data-id=\"3b0114c\" data-element_type=\"widget\" data-widget_type=\"image.default\">\n\t\t\t\t<div class=\"elementor-widget-container\">\n\t\t\t\t\t\t\t\t\t\t\t\t\t\t\t\t<a href=\"https:\/\/fundacionprema.org\/ws\/los-5-valores-humanos-no-violencia\/\">\n\t\t\t\t\t\t\t<img loading=\"lazy\" decoding=\"async\" width=\"300\" height=\"300\" src=\"https:\/\/fundacionprema.org\/ws\/wp-content\/uploads\/2023\/05\/Icono-de-la-No-Violencia.svg\" class=\"elementor-animation-pulse-grow attachment-large size-large wp-image-94\" alt=\"\" \/>\t\t\t\t\t\t\t\t<\/a>\n\t\t\t\t\t\t\t\t\t\t\t\t\t\t\t<\/div>\n\t\t\t\t<\/div>\n\t\t\t\t<div class=\"elementor-element elementor-element-995f88c elementor-widget elementor-widget-heading\" data-id=\"995f88c\" data-element_type=\"widget\" data-widget_type=\"heading.default\">\n\t\t\t\t<div class=\"elementor-widget-container\">\n\t\t\t\t\t<h1 class=\"elementor-heading-title elementor-size-default\"><a href=\"https:\/\/fundacionprema.org\/ws\/los-5-valores-humanos-no-violencia\/\">Valor de la\nNo Violencia<\/a><\/h1>\t\t\t\t<\/div>\n\t\t\t\t<\/div>\n\t\t\t\t<\/div>\n\t\t<div class=\"elementor-element elementor-element-e0517e8 e-con-full e-flex e-con e-parent\" data-id=\"e0517e8\" data-element_type=\"container\" data-settings=\"{&quot;_ha_eqh_enable&quot;:false}\">\n\t\t\t\t<div class=\"elementor-element elementor-element-2cfb9aa elementor-widget elementor-widget-image\" data-id=\"2cfb9aa\" data-element_type=\"widget\" data-widget_type=\"image.default\">\n\t\t\t\t<div class=\"elementor-widget-container\">\n\t\t\t\t\t\t\t\t\t\t\t\t\t\t\t\t<a href=\"https:\/\/fundacionprema.org\/ws\/los-5-valores-humanos-paz\/\">\n\t\t\t\t\t\t\t<img loading=\"lazy\" decoding=\"async\" width=\"300\" height=\"300\" src=\"https:\/\/fundacionprema.org\/ws\/wp-content\/uploads\/2023\/05\/Icono-de-la-paz.svg\" class=\"elementor-animation-pulse-grow attachment-large size-large wp-image-95\" alt=\"\" \/>\t\t\t\t\t\t\t\t<\/a>\n\t\t\t\t\t\t\t\t\t\t\t\t\t\t\t<\/div>\n\t\t\t\t<\/div>\n\t\t\t\t<div class=\"elementor-element elementor-element-803e8e9 elementor-widget elementor-widget-heading\" data-id=\"803e8e9\" data-element_type=\"widget\" data-widget_type=\"heading.default\">\n\t\t\t\t<div class=\"elementor-widget-container\">\n\t\t\t\t\t<h1 class=\"elementor-heading-title elementor-size-default\"><a href=\"https:\/\/fundacionprema.org\/ws\/los-5-valores-humanos-paz\/\">Valor <br>de la\nPaz <\/a><\/h1>\t\t\t\t<\/div>\n\t\t\t\t<\/div>\n\t\t\t\t<\/div>\n\t\t<div class=\"elementor-element elementor-element-29a8130 e-con-full e-flex e-con e-parent\" data-id=\"29a8130\" data-element_type=\"container\" data-settings=\"{&quot;_ha_eqh_enable&quot;:false}\">\n\t\t\t\t<div class=\"elementor-element elementor-element-a6cdc21 elementor-widget elementor-widget-image\" data-id=\"a6cdc21\" data-element_type=\"widget\" data-widget_type=\"image.default\">\n\t\t\t\t<div class=\"elementor-widget-container\">\n\t\t\t\t\t\t\t\t\t\t\t\t\t\t\t\t<a href=\"https:\/\/fundacionprema.org\/ws\/los-5-valores-humanos-rectitud\/\">\n\t\t\t\t\t\t\t<img loading=\"lazy\" decoding=\"async\" width=\"300\" height=\"300\" src=\"https:\/\/fundacionprema.org\/ws\/wp-content\/uploads\/2023\/05\/Icono-de-la-rectitud.svg\" class=\"elementor-animation-pulse-grow attachment-large size-large wp-image-96\" alt=\"\" \/>\t\t\t\t\t\t\t\t<\/a>\n\t\t\t\t\t\t\t\t\t\t\t\t\t\t\t<\/div>\n\t\t\t\t<\/div>\n\t\t\t\t<div class=\"elementor-element elementor-element-10ea973 elementor-widget elementor-widget-heading\" data-id=\"10ea973\" data-element_type=\"widget\" data-widget_type=\"heading.default\">\n\t\t\t\t<div class=\"elementor-widget-container\">\n\t\t\t\t\t<h1 class=\"elementor-heading-title elementor-size-default\"><a href=\"https:\/\/fundacionprema.org\/ws\/los-5-valores-humanos-rectitud\/\">Valor de la\nRectitud<\/a><\/h1>\t\t\t\t<\/div>\n\t\t\t\t<\/div>\n\t\t\t\t<\/div>\n\t\t<div class=\"elementor-element elementor-element-62491ba e-con-full e-flex e-con e-parent\" data-id=\"62491ba\" data-element_type=\"container\" data-settings=\"{&quot;_ha_eqh_enable&quot;:false}\">\n\t\t\t\t<div class=\"elementor-element elementor-element-e15ab52 elementor-widget elementor-widget-image\" data-id=\"e15ab52\" data-element_type=\"widget\" data-widget_type=\"image.default\">\n\t\t\t\t<div class=\"elementor-widget-container\">\n\t\t\t\t\t\t\t\t\t\t\t\t\t\t\t\t<a href=\"https:\/\/fundacionprema.org\/ws\/los-5-valores-humanos-verdad\/\">\n\t\t\t\t\t\t\t<img loading=\"lazy\" decoding=\"async\" width=\"300\" height=\"300\" src=\"https:\/\/fundacionprema.org\/ws\/wp-content\/uploads\/2023\/05\/Icono-de-la-verdad.svg\" class=\"elementor-animation-pulse-grow attachment-large size-large wp-image-97\" alt=\"\" \/>\t\t\t\t\t\t\t\t<\/a>\n\t\t\t\t\t\t\t\t\t\t\t\t\t\t\t<\/div>\n\t\t\t\t<\/div>\n\t\t\t\t<div class=\"elementor-element elementor-element-2c10e35 elementor-widget elementor-widget-heading\" data-id=\"2c10e35\" data-element_type=\"widget\" data-widget_type=\"heading.default\">\n\t\t\t\t<div class=\"elementor-widget-container\">\n\t\t\t\t\t<h1 class=\"elementor-heading-title elementor-size-default\"><a href=\"https:\/\/fundacionprema.org\/ws\/los-5-valores-humanos-verdad\/\">Valor <br>de la\nVerdad<\/a><\/h1>\t\t\t\t<\/div>\n\t\t\t\t<\/div>\n\t\t\t\t<\/div>\n\t\t\t\t\t<\/div>\n\t\t\t\t<\/div>\n\t\t\t\t<\/div>\n\t\t","protected":false},"excerpt":{"rendered":"<p>Los 5 valores humanos VERDAD El valor de la verdad se corresponde con el \u00e1rea intelectual, su funci\u00f3n es pensar y luego actuar y la t\u00e9cnica utilizada es la cita. La verdad est\u00e1 asociada a los hechos, a la comprensi\u00f3n de todas las personas. \u201cLa verdad no es simplemente contar los hechos sobre lo que [&hellip;]<\/p>\n","protected":false},"author":1,"featured_media":0,"parent":0,"menu_order":0,"comment_status":"closed","ping_status":"closed","template":"","meta":{"footnotes":""},"class_list":["post-737","page","type-page","status-publish","hentry"],"jetpack_sharing_enabled":true,"_links":{"self":[{"href":"https:\/\/fundacionprema.org\/ws\/wp-json\/wp\/v2\/pages\/737","targetHints":{"allow":["GET"]}}],"collection":[{"href":"https:\/\/fundacionprema.org\/ws\/wp-json\/wp\/v2\/pages"}],"about":[{"href":"https:\/\/fundacionprema.org\/ws\/wp-json\/wp\/v2\/types\/page"}],"author":[{"embeddable":true,"href":"https:\/\/fundacionprema.org\/ws\/wp-json\/wp\/v2\/users\/1"}],"replies":[{"embeddable":true,"href":"https:\/\/fundacionprema.org\/ws\/wp-json\/wp\/v2\/comments?post=737"}],"version-history":[{"count":86,"href":"https:\/\/fundacionprema.org\/ws\/wp-json\/wp\/v2\/pages\/737\/revisions"}],"predecessor-version":[{"id":1756,"href":"https:\/\/fundacionprema.org\/ws\/wp-json\/wp\/v2\/pages\/737\/revisions\/1756"}],"wp:attachment":[{"href":"https:\/\/fundacionprema.org\/ws\/wp-json\/wp\/v2\/media?parent=737"}],"curies":[{"name":"wp","href":"https:\/\/api.w.org\/{rel}","templated":true}]}}