{"id":837,"date":"2023-06-09T16:26:03","date_gmt":"2023-06-09T21:26:03","guid":{"rendered":"https:\/\/fundacionprema.org\/ws\/?page_id=837"},"modified":"2023-08-22T15:22:49","modified_gmt":"2023-08-22T20:22:49","slug":"los-5-valores-humanos-rectitud","status":"publish","type":"page","link":"https:\/\/fundacionprema.org\/ws\/los-5-valores-humanos-rectitud\/","title":{"rendered":"Los 5 valores humanos Rectitud"},"content":{"rendered":"\t\t<div data-elementor-type=\"wp-page\" data-elementor-id=\"837\" class=\"elementor elementor-837\" data-elementor-settings=\"{&quot;ha_cmc_init_switcher&quot;:&quot;no&quot;}\" data-elementor-post-type=\"page\">\n\t\t\t\t<div class=\"elementor-element elementor-element-e6c4c74 e-con-full e-flex e-con e-parent\" data-id=\"e6c4c74\" data-element_type=\"container\" data-settings=\"{&quot;background_background&quot;:&quot;classic&quot;,&quot;_ha_eqh_enable&quot;:false}\">\n\t\t<div class=\"elementor-element elementor-element-0709a88 e-con-full e-flex e-con e-parent\" data-id=\"0709a88\" data-element_type=\"container\" data-settings=\"{&quot;background_background&quot;:&quot;classic&quot;,&quot;_ha_eqh_enable&quot;:false}\">\n\t\t\t\t<div class=\"elementor-element elementor-element-e3eb4a0 elementor-widget elementor-widget-heading\" data-id=\"e3eb4a0\" data-element_type=\"widget\" data-widget_type=\"heading.default\">\n\t\t\t\t<div class=\"elementor-widget-container\">\n\t\t\t\t\t<h2 class=\"elementor-heading-title elementor-size-default\">Los<\/h2>\t\t\t\t<\/div>\n\t\t\t\t<\/div>\n\t\t\t\t<div class=\"elementor-element elementor-element-5a4b1b7 elementor-widget elementor-widget-heading\" data-id=\"5a4b1b7\" data-element_type=\"widget\" data-widget_type=\"heading.default\">\n\t\t\t\t<div class=\"elementor-widget-container\">\n\t\t\t\t\t<h2 class=\"elementor-heading-title elementor-size-default\">5<\/h2>\t\t\t\t<\/div>\n\t\t\t\t<\/div>\n\t\t\t\t<div class=\"elementor-element elementor-element-683edfa elementor-widget elementor-widget-heading\" data-id=\"683edfa\" data-element_type=\"widget\" data-widget_type=\"heading.default\">\n\t\t\t\t<div class=\"elementor-widget-container\">\n\t\t\t\t\t<h2 class=\"elementor-heading-title elementor-size-default\">valores humanos<\/h2>\t\t\t\t<\/div>\n\t\t\t\t<\/div>\n\t\t\t\t<div class=\"elementor-element elementor-element-30c2e00 elementor-widget elementor-widget-heading\" data-id=\"30c2e00\" data-element_type=\"widget\" data-widget_type=\"heading.default\">\n\t\t\t\t<div class=\"elementor-widget-container\">\n\t\t\t\t\t<h2 class=\"elementor-heading-title elementor-size-default\">RECTITUD<\/h2>\t\t\t\t<\/div>\n\t\t\t\t<\/div>\n\t\t\t\t<\/div>\n\t\t<div class=\"elementor-element elementor-element-cc65d52 e-con-full e-flex e-con e-parent\" data-id=\"cc65d52\" data-element_type=\"container\" data-settings=\"{&quot;background_background&quot;:&quot;classic&quot;,&quot;_ha_eqh_enable&quot;:false}\">\n\t\t\t\t<div class=\"elementor-element elementor-element-173c19d elementor-widget elementor-widget-image\" data-id=\"173c19d\" data-element_type=\"widget\" data-widget_type=\"image.default\">\n\t\t\t\t<div class=\"elementor-widget-container\">\n\t\t\t\t\t\t\t\t\t\t\t\t\t\t\t<img fetchpriority=\"high\" decoding=\"async\" width=\"300\" height=\"300\" src=\"https:\/\/fundacionprema.org\/ws\/wp-content\/uploads\/2023\/05\/Icono-de-la-rectitud.svg\" class=\"attachment-large size-large wp-image-96\" alt=\"\" \/>\t\t\t\t\t\t\t\t\t\t\t\t\t\t\t<\/div>\n\t\t\t\t<\/div>\n\t\t\t\t<\/div>\n\t\t\t\t<\/div>\n\t\t<div class=\"elementor-element elementor-element-17e7586 e-flex e-con-boxed e-con e-parent\" data-id=\"17e7586\" data-element_type=\"container\" data-settings=\"{&quot;_ha_eqh_enable&quot;:false}\">\n\t\t\t\t\t<div class=\"e-con-inner\">\n\t\t<div class=\"elementor-element elementor-element-a15b960 e-con-full e-flex e-con e-parent\" data-id=\"a15b960\" data-element_type=\"container\" data-settings=\"{&quot;_ha_eqh_enable&quot;:false}\">\n\t\t\t\t<div class=\"elementor-element elementor-element-9c61f0a elementor-widget elementor-widget-text-editor\" data-id=\"9c61f0a\" data-element_type=\"widget\" data-widget_type=\"text-editor.default\">\n\t\t\t\t<div class=\"elementor-widget-container\">\n\t\t\t\t\t\t\t\t\tEl valor de la Rectitud se corresponde con el \u00e1rea comportamental, su funci\u00f3n es sentir y la t\u00e9cnica utilizada es el cuento\n\n\u201cLo que emana del coraz\u00f3n como una idea pura, cuando se traduce en acci\u00f3n, se llama Rectitud\u201d.    Sathya Sai\n\nLa Rectitud es esencial en la educaci\u00f3n. Su cumplimiento implica entender entre lo bueno y lo malo, con esto ayudamos al ni\u00f1o a comprender la importancia de las reglas y responsabilidades, activa en ellos las habilidades de autocontrol y autodisciplina. La coherencia entre pensamientos, palabras y acciones son el camino hacia el valor de la rectitud que promueve la acci\u00f3n moral y \u00e9tica.\n\t\t\t\t\t\t\t\t<\/div>\n\t\t\t\t<\/div>\n\t\t\t\t<\/div>\n\t\t<div class=\"elementor-element elementor-element-ac4ece3 e-con-full e-flex e-con e-parent\" data-id=\"ac4ece3\" data-element_type=\"container\" data-settings=\"{&quot;_ha_eqh_enable&quot;:false}\">\n\t\t\t\t<div class=\"elementor-element elementor-element-bbc2b10 elementor-widget elementor-widget-image\" data-id=\"bbc2b10\" data-element_type=\"widget\" data-settings=\"{&quot;ha_floating_fx&quot;:&quot;yes&quot;}\" data-widget_type=\"image.default\">\n\t\t\t\t<div class=\"elementor-widget-container\">\n\t\t\t\t\t\t\t\t\t\t\t\t\t\t\t<img decoding=\"async\" width=\"735\" height=\"957\" src=\"https:\/\/i0.wp.com\/fundacionprema.org\/ws\/wp-content\/uploads\/2023\/06\/Fotos-Rectitud.png?fit=735%2C957&amp;ssl=1\" class=\"attachment-large size-large wp-image-845\" alt=\"\" srcset=\"https:\/\/i0.wp.com\/fundacionprema.org\/ws\/wp-content\/uploads\/2023\/06\/Fotos-Rectitud.png?w=735&amp;ssl=1 735w, https:\/\/i0.wp.com\/fundacionprema.org\/ws\/wp-content\/uploads\/2023\/06\/Fotos-Rectitud.png?resize=230%2C300&amp;ssl=1 230w\" sizes=\"(max-width: 735px) 100vw, 735px\" \/>\t\t\t\t\t\t\t\t\t\t\t\t\t\t\t<\/div>\n\t\t\t\t<\/div>\n\t\t\t\t<\/div>\n\t\t\t\t\t<\/div>\n\t\t\t\t<\/div>\n\t\t<div class=\"elementor-element elementor-element-b6fc194 e-flex e-con-boxed e-con e-parent\" data-id=\"b6fc194\" data-element_type=\"container\" data-settings=\"{&quot;background_background&quot;:&quot;classic&quot;,&quot;_ha_eqh_enable&quot;:false}\">\n\t\t\t\t\t<div class=\"e-con-inner\">\n\t\t\t\t<div class=\"elementor-element elementor-element-728bcdf elementor-widget elementor-widget-text-editor\" data-id=\"728bcdf\" data-element_type=\"widget\" data-widget_type=\"text-editor.default\">\n\t\t\t\t<div class=\"elementor-widget-container\">\n\t\t\t\t\t\t\t\t\t<p>Seg\u00fan el Programa en Valores Humanos, el deber implica m\u00e1s que las propias responsabilidades, compromisos y tareas. El significado de la palabra rectitud est\u00e1 relacionado con la palabra en s\u00e1nscrito Dharma, y esto implica la naturaleza esencial de un ser humano. Es decir, la naturaleza esencial del fuego es quemar y del az\u00facar el dulce. De la misma forma, la naturaleza esencial del ser humano es manifestar y vivir los Valores Humanos.<\/p><p>Para practicar la rectitud debemos tener unidad en palabras y pensamientos. La rectitud se evidencia en los buenos h\u00e1bitos y las buenas acciones.<\/p><p>\u201cCuando el sol sale en las ma\u00f1anas y brilla, la oscuridad retrocede y desaparece. El sol no ejerce ning\u00fan esfuerzo ni empuja la oscuridad, simplemente brilla y la oscuridad recibe\u201d por eso traigamos la luz interior y hablemos bien, escuchemos bien, veamos el bien, hagamos el bien y seamos buenos.\u201d<\/p>\t\t\t\t\t\t\t\t<\/div>\n\t\t\t\t<\/div>\n\t\t\t\t\t<\/div>\n\t\t\t\t<\/div>\n\t\t<div class=\"elementor-element elementor-element-164af56 e-flex e-con-boxed e-con e-parent\" data-id=\"164af56\" data-element_type=\"container\" data-settings=\"{&quot;_ha_eqh_enable&quot;:false}\">\n\t\t\t\t\t<div class=\"e-con-inner\">\n\t\t\t\t<div class=\"elementor-element elementor-element-d6e832c elementor-widget elementor-widget-heading\" data-id=\"d6e832c\" data-element_type=\"widget\" data-widget_type=\"heading.default\">\n\t\t\t\t<div class=\"elementor-widget-container\">\n\t\t\t\t\t<h2 class=\"elementor-heading-title elementor-size-default\">VALORES<\/h2>\t\t\t\t<\/div>\n\t\t\t\t<\/div>\n\t\t\t\t\t<\/div>\n\t\t\t\t<\/div>\n\t\t<div class=\"elementor-element elementor-element-158bd4c e-flex e-con-boxed e-con e-parent\" data-id=\"158bd4c\" data-element_type=\"container\" data-settings=\"{&quot;_ha_eqh_enable&quot;:false}\">\n\t\t\t\t\t<div class=\"e-con-inner\">\n\t\t<div class=\"elementor-element elementor-element-5d392dd e-con-full e-flex e-con e-parent\" data-id=\"5d392dd\" data-element_type=\"container\" data-settings=\"{&quot;_ha_eqh_enable&quot;:false}\">\n\t\t\t\t<div class=\"elementor-element elementor-element-4ba5900 elementor-widget elementor-widget-image\" data-id=\"4ba5900\" data-element_type=\"widget\" data-widget_type=\"image.default\">\n\t\t\t\t<div class=\"elementor-widget-container\">\n\t\t\t\t\t\t\t\t\t\t\t\t\t\t\t\t<a href=\"https:\/\/fundacionprema.org\/ws\/los-5-valores-humanos-amor\/\">\n\t\t\t\t\t\t\t<img decoding=\"async\" width=\"300\" height=\"300\" src=\"https:\/\/fundacionprema.org\/ws\/wp-content\/uploads\/2023\/05\/Icono-del-amor.svg\" class=\"elementor-animation-pulse-grow attachment-large size-large wp-image-93\" alt=\"\" \/>\t\t\t\t\t\t\t\t<\/a>\n\t\t\t\t\t\t\t\t\t\t\t\t\t\t\t<\/div>\n\t\t\t\t<\/div>\n\t\t\t\t<div class=\"elementor-element elementor-element-08ca363 elementor-widget elementor-widget-heading\" data-id=\"08ca363\" data-element_type=\"widget\" data-widget_type=\"heading.default\">\n\t\t\t\t<div class=\"elementor-widget-container\">\n\t\t\t\t\t<h1 class=\"elementor-heading-title elementor-size-default\"><a href=\"https:\/\/fundacionprema.org\/ws\/los-5-valores-humanos-amor\/\">Valor<br> del\nAmor<\/a><\/h1>\t\t\t\t<\/div>\n\t\t\t\t<\/div>\n\t\t\t\t<\/div>\n\t\t<div class=\"elementor-element elementor-element-fe5cef7 e-con-full e-flex e-con e-parent\" data-id=\"fe5cef7\" data-element_type=\"container\" data-settings=\"{&quot;_ha_eqh_enable&quot;:false}\">\n\t\t\t\t<div class=\"elementor-element elementor-element-7bcedb1 elementor-widget elementor-widget-image\" data-id=\"7bcedb1\" data-element_type=\"widget\" data-widget_type=\"image.default\">\n\t\t\t\t<div class=\"elementor-widget-container\">\n\t\t\t\t\t\t\t\t\t\t\t\t\t\t\t\t<a href=\"https:\/\/fundacionprema.org\/ws\/los-5-valores-humanos-no-violencia\/\">\n\t\t\t\t\t\t\t<img loading=\"lazy\" decoding=\"async\" width=\"300\" height=\"300\" src=\"https:\/\/fundacionprema.org\/ws\/wp-content\/uploads\/2023\/05\/Icono-de-la-No-Violencia.svg\" class=\"elementor-animation-pulse-grow attachment-large size-large wp-image-94\" alt=\"\" \/>\t\t\t\t\t\t\t\t<\/a>\n\t\t\t\t\t\t\t\t\t\t\t\t\t\t\t<\/div>\n\t\t\t\t<\/div>\n\t\t\t\t<div class=\"elementor-element elementor-element-62bb51c elementor-widget elementor-widget-heading\" data-id=\"62bb51c\" data-element_type=\"widget\" data-widget_type=\"heading.default\">\n\t\t\t\t<div class=\"elementor-widget-container\">\n\t\t\t\t\t<h1 class=\"elementor-heading-title elementor-size-default\"><a href=\"https:\/\/fundacionprema.org\/ws\/los-5-valores-humanos-no-violencia\/\">Valor de la\nNo Violencia<\/a><\/h1>\t\t\t\t<\/div>\n\t\t\t\t<\/div>\n\t\t\t\t<\/div>\n\t\t<div class=\"elementor-element elementor-element-c7c5afb e-con-full e-flex e-con e-parent\" data-id=\"c7c5afb\" data-element_type=\"container\" data-settings=\"{&quot;_ha_eqh_enable&quot;:false}\">\n\t\t\t\t<div class=\"elementor-element elementor-element-cb92e8d elementor-widget elementor-widget-image\" data-id=\"cb92e8d\" data-element_type=\"widget\" data-widget_type=\"image.default\">\n\t\t\t\t<div class=\"elementor-widget-container\">\n\t\t\t\t\t\t\t\t\t\t\t\t\t\t\t\t<a href=\"https:\/\/fundacionprema.org\/ws\/los-5-valores-humanos-paz\/\">\n\t\t\t\t\t\t\t<img loading=\"lazy\" decoding=\"async\" width=\"300\" height=\"300\" src=\"https:\/\/fundacionprema.org\/ws\/wp-content\/uploads\/2023\/05\/Icono-de-la-paz.svg\" class=\"elementor-animation-pulse-grow attachment-large size-large wp-image-95\" alt=\"\" \/>\t\t\t\t\t\t\t\t<\/a>\n\t\t\t\t\t\t\t\t\t\t\t\t\t\t\t<\/div>\n\t\t\t\t<\/div>\n\t\t\t\t<div class=\"elementor-element elementor-element-f73e6ff elementor-widget elementor-widget-heading\" data-id=\"f73e6ff\" data-element_type=\"widget\" data-widget_type=\"heading.default\">\n\t\t\t\t<div class=\"elementor-widget-container\">\n\t\t\t\t\t<h1 class=\"elementor-heading-title elementor-size-default\"><a href=\"https:\/\/fundacionprema.org\/ws\/los-5-valores-humanos-paz\/\">Valor <br>de la\nPaz <\/a><\/h1>\t\t\t\t<\/div>\n\t\t\t\t<\/div>\n\t\t\t\t<\/div>\n\t\t<div class=\"elementor-element elementor-element-25092e3 e-con-full e-flex e-con e-parent\" data-id=\"25092e3\" data-element_type=\"container\" data-settings=\"{&quot;_ha_eqh_enable&quot;:false}\">\n\t\t\t\t<div class=\"elementor-element elementor-element-4d30613 elementor-widget elementor-widget-image\" data-id=\"4d30613\" data-element_type=\"widget\" data-widget_type=\"image.default\">\n\t\t\t\t<div class=\"elementor-widget-container\">\n\t\t\t\t\t\t\t\t\t\t\t\t\t\t\t\t<a href=\"https:\/\/fundacionprema.org\/ws\/los-5-valores-humanos-rectitud\/\">\n\t\t\t\t\t\t\t<img loading=\"lazy\" decoding=\"async\" width=\"300\" height=\"300\" src=\"https:\/\/fundacionprema.org\/ws\/wp-content\/uploads\/2023\/05\/Icono-de-la-rectitud.svg\" class=\"elementor-animation-pulse-grow attachment-large size-large wp-image-96\" alt=\"\" \/>\t\t\t\t\t\t\t\t<\/a>\n\t\t\t\t\t\t\t\t\t\t\t\t\t\t\t<\/div>\n\t\t\t\t<\/div>\n\t\t\t\t<div class=\"elementor-element elementor-element-e14e891 elementor-widget elementor-widget-heading\" data-id=\"e14e891\" data-element_type=\"widget\" data-widget_type=\"heading.default\">\n\t\t\t\t<div class=\"elementor-widget-container\">\n\t\t\t\t\t<h1 class=\"elementor-heading-title elementor-size-default\"><a href=\"https:\/\/fundacionprema.org\/ws\/los-5-valores-humanos-rectitud\/\">Valor de la\nRectitud<\/a><\/h1>\t\t\t\t<\/div>\n\t\t\t\t<\/div>\n\t\t\t\t<\/div>\n\t\t<div class=\"elementor-element elementor-element-a9939e0 e-con-full e-flex e-con e-parent\" data-id=\"a9939e0\" data-element_type=\"container\" data-settings=\"{&quot;_ha_eqh_enable&quot;:false}\">\n\t\t\t\t<div class=\"elementor-element elementor-element-a7af45d elementor-widget elementor-widget-image\" data-id=\"a7af45d\" data-element_type=\"widget\" data-widget_type=\"image.default\">\n\t\t\t\t<div class=\"elementor-widget-container\">\n\t\t\t\t\t\t\t\t\t\t\t\t\t\t\t\t<a href=\"https:\/\/fundacionprema.org\/ws\/los-5-valores-humanos-verdad\/\">\n\t\t\t\t\t\t\t<img loading=\"lazy\" decoding=\"async\" width=\"300\" height=\"300\" src=\"https:\/\/fundacionprema.org\/ws\/wp-content\/uploads\/2023\/05\/Icono-de-la-verdad.svg\" class=\"elementor-animation-pulse-grow attachment-large size-large wp-image-97\" alt=\"\" \/>\t\t\t\t\t\t\t\t<\/a>\n\t\t\t\t\t\t\t\t\t\t\t\t\t\t\t<\/div>\n\t\t\t\t<\/div>\n\t\t\t\t<div class=\"elementor-element elementor-element-24635a5 elementor-widget elementor-widget-heading\" data-id=\"24635a5\" data-element_type=\"widget\" data-widget_type=\"heading.default\">\n\t\t\t\t<div class=\"elementor-widget-container\">\n\t\t\t\t\t<h1 class=\"elementor-heading-title elementor-size-default\"><a href=\"https:\/\/fundacionprema.org\/ws\/los-5-valores-humanos-verdad\/\">Valor <br>de la\nVerdad<\/a><\/h1>\t\t\t\t<\/div>\n\t\t\t\t<\/div>\n\t\t\t\t<\/div>\n\t\t\t\t\t<\/div>\n\t\t\t\t<\/div>\n\t\t\t\t<\/div>\n\t\t","protected":false},"excerpt":{"rendered":"<p>Los 5 valores humanos RECTITUD El valor de la Rectitud se corresponde con el \u00e1rea comportamental, su funci\u00f3n es sentir y la t\u00e9cnica utilizada es el cuento \u201cLo que emana del coraz\u00f3n como una idea pura, cuando se traduce en acci\u00f3n, se llama Rectitud\u201d. Sathya Sai La Rectitud es esencial en la educaci\u00f3n. Su cumplimiento [&hellip;]<\/p>\n","protected":false},"author":1,"featured_media":0,"parent":0,"menu_order":0,"comment_status":"closed","ping_status":"closed","template":"","meta":{"footnotes":""},"class_list":["post-837","page","type-page","status-publish","hentry"],"jetpack_sharing_enabled":true,"_links":{"self":[{"href":"https:\/\/fundacionprema.org\/ws\/wp-json\/wp\/v2\/pages\/837","targetHints":{"allow":["GET"]}}],"collection":[{"href":"https:\/\/fundacionprema.org\/ws\/wp-json\/wp\/v2\/pages"}],"about":[{"href":"https:\/\/fundacionprema.org\/ws\/wp-json\/wp\/v2\/types\/page"}],"author":[{"embeddable":true,"href":"https:\/\/fundacionprema.org\/ws\/wp-json\/wp\/v2\/users\/1"}],"replies":[{"embeddable":true,"href":"https:\/\/fundacionprema.org\/ws\/wp-json\/wp\/v2\/comments?post=837"}],"version-history":[{"count":22,"href":"https:\/\/fundacionprema.org\/ws\/wp-json\/wp\/v2\/pages\/837\/revisions"}],"predecessor-version":[{"id":1753,"href":"https:\/\/fundacionprema.org\/ws\/wp-json\/wp\/v2\/pages\/837\/revisions\/1753"}],"wp:attachment":[{"href":"https:\/\/fundacionprema.org\/ws\/wp-json\/wp\/v2\/media?parent=837"}],"curies":[{"name":"wp","href":"https:\/\/api.w.org\/{rel}","templated":true}]}}