{"id":853,"date":"2023-06-13T11:39:46","date_gmt":"2023-06-13T16:39:46","guid":{"rendered":"https:\/\/fundacionprema.org\/ws\/?page_id=853"},"modified":"2023-08-22T15:21:51","modified_gmt":"2023-08-22T20:21:51","slug":"los-5-valores-humanos-paz","status":"publish","type":"page","link":"https:\/\/fundacionprema.org\/ws\/los-5-valores-humanos-paz\/","title":{"rendered":"Los 5 valores humanos Paz"},"content":{"rendered":"\t\t<div data-elementor-type=\"wp-page\" data-elementor-id=\"853\" class=\"elementor elementor-853\" data-elementor-settings=\"{&quot;ha_cmc_init_switcher&quot;:&quot;no&quot;}\" data-elementor-post-type=\"page\">\n\t\t\t\t<div class=\"elementor-element elementor-element-cb3b4a0 e-con-full e-flex e-con e-parent\" data-id=\"cb3b4a0\" data-element_type=\"container\" data-settings=\"{&quot;background_background&quot;:&quot;classic&quot;,&quot;_ha_eqh_enable&quot;:false}\">\n\t\t<div class=\"elementor-element elementor-element-7c43328 e-con-full e-flex e-con e-parent\" data-id=\"7c43328\" data-element_type=\"container\" data-settings=\"{&quot;background_background&quot;:&quot;classic&quot;,&quot;_ha_eqh_enable&quot;:false}\">\n\t\t\t\t<div class=\"elementor-element elementor-element-7fd0b59 elementor-widget elementor-widget-heading\" data-id=\"7fd0b59\" data-element_type=\"widget\" data-widget_type=\"heading.default\">\n\t\t\t\t<div class=\"elementor-widget-container\">\n\t\t\t\t\t<h2 class=\"elementor-heading-title elementor-size-default\">Los<\/h2>\t\t\t\t<\/div>\n\t\t\t\t<\/div>\n\t\t\t\t<div class=\"elementor-element elementor-element-7bbc12f elementor-widget elementor-widget-heading\" data-id=\"7bbc12f\" data-element_type=\"widget\" data-widget_type=\"heading.default\">\n\t\t\t\t<div class=\"elementor-widget-container\">\n\t\t\t\t\t<h2 class=\"elementor-heading-title elementor-size-default\">5<\/h2>\t\t\t\t<\/div>\n\t\t\t\t<\/div>\n\t\t\t\t<div class=\"elementor-element elementor-element-f8b0b7f elementor-widget elementor-widget-heading\" data-id=\"f8b0b7f\" data-element_type=\"widget\" data-widget_type=\"heading.default\">\n\t\t\t\t<div class=\"elementor-widget-container\">\n\t\t\t\t\t<h2 class=\"elementor-heading-title elementor-size-default\">valores humanos<\/h2>\t\t\t\t<\/div>\n\t\t\t\t<\/div>\n\t\t\t\t<div class=\"elementor-element elementor-element-d42458a elementor-widget elementor-widget-heading\" data-id=\"d42458a\" data-element_type=\"widget\" data-widget_type=\"heading.default\">\n\t\t\t\t<div class=\"elementor-widget-container\">\n\t\t\t\t\t<h2 class=\"elementor-heading-title elementor-size-default\">PAZ<\/h2>\t\t\t\t<\/div>\n\t\t\t\t<\/div>\n\t\t\t\t<\/div>\n\t\t<div class=\"elementor-element elementor-element-765596b e-con-full e-flex e-con e-parent\" data-id=\"765596b\" data-element_type=\"container\" data-settings=\"{&quot;background_background&quot;:&quot;classic&quot;,&quot;_ha_eqh_enable&quot;:false}\">\n\t\t\t\t<div class=\"elementor-element elementor-element-463db1c elementor-widget elementor-widget-image\" data-id=\"463db1c\" data-element_type=\"widget\" data-widget_type=\"image.default\">\n\t\t\t\t<div class=\"elementor-widget-container\">\n\t\t\t\t\t\t\t\t\t\t\t\t\t\t\t<img fetchpriority=\"high\" decoding=\"async\" width=\"300\" height=\"300\" src=\"https:\/\/fundacionprema.org\/ws\/wp-content\/uploads\/2023\/05\/Icono-de-la-paz.svg\" class=\"attachment-large size-large wp-image-95\" alt=\"\" \/>\t\t\t\t\t\t\t\t\t\t\t\t\t\t\t<\/div>\n\t\t\t\t<\/div>\n\t\t\t\t<\/div>\n\t\t\t\t<\/div>\n\t\t<div class=\"elementor-element elementor-element-17e7586 e-flex e-con-boxed e-con e-parent\" data-id=\"17e7586\" data-element_type=\"container\" data-settings=\"{&quot;_ha_eqh_enable&quot;:false}\">\n\t\t\t\t\t<div class=\"e-con-inner\">\n\t\t<div class=\"elementor-element elementor-element-a15b960 e-con-full e-flex e-con e-parent\" data-id=\"a15b960\" data-element_type=\"container\" data-settings=\"{&quot;_ha_eqh_enable&quot;:false}\">\n\t\t\t\t<div class=\"elementor-element elementor-element-9c61f0a elementor-widget elementor-widget-text-editor\" data-id=\"9c61f0a\" data-element_type=\"widget\" data-widget_type=\"text-editor.default\">\n\t\t\t\t<div class=\"elementor-widget-container\">\n\t\t\t\t\t\t\t\t\t<p>El valor de la paz se corresponde con el \u00e1rea emocional, su funci\u00f3n es expandir conciencia y la t\u00e9cnica utilizada es el silencio,.<\/p><p><em>\u201cLa Paz es lo que todos buscan, pero jam\u00e1s puede ser obtenida del mundo exterior. La acumulaci\u00f3n de riquezas y poder no puede otorgar Paz. La Paz s\u00f3lo puede provenir de la fuente de Paz de nuestro interior\u201d\u00a0<\/em><\/p><p><em>Sathya Sai<\/em><\/p>\t\t\t\t\t\t\t\t<\/div>\n\t\t\t\t<\/div>\n\t\t\t\t<\/div>\n\t\t<div class=\"elementor-element elementor-element-ac4ece3 e-con-full e-flex e-con e-parent\" data-id=\"ac4ece3\" data-element_type=\"container\" data-settings=\"{&quot;_ha_eqh_enable&quot;:false}\">\n\t\t\t\t<div class=\"elementor-element elementor-element-bbc2b10 elementor-widget elementor-widget-image\" data-id=\"bbc2b10\" data-element_type=\"widget\" data-settings=\"{&quot;ha_floating_fx&quot;:&quot;yes&quot;}\" data-widget_type=\"image.default\">\n\t\t\t\t<div class=\"elementor-widget-container\">\n\t\t\t\t\t\t\t\t\t\t\t\t\t\t\t<img decoding=\"async\" width=\"735\" height=\"957\" src=\"https:\/\/i0.wp.com\/fundacionprema.org\/ws\/wp-content\/uploads\/2023\/06\/Fotos-paz.png?fit=735%2C957&amp;ssl=1\" class=\"attachment-large size-large wp-image-905\" alt=\"\" srcset=\"https:\/\/i0.wp.com\/fundacionprema.org\/ws\/wp-content\/uploads\/2023\/06\/Fotos-paz.png?w=735&amp;ssl=1 735w, https:\/\/i0.wp.com\/fundacionprema.org\/ws\/wp-content\/uploads\/2023\/06\/Fotos-paz.png?resize=230%2C300&amp;ssl=1 230w\" sizes=\"(max-width: 735px) 100vw, 735px\" \/>\t\t\t\t\t\t\t\t\t\t\t\t\t\t\t<\/div>\n\t\t\t\t<\/div>\n\t\t\t\t<\/div>\n\t\t\t\t\t<\/div>\n\t\t\t\t<\/div>\n\t\t<div class=\"elementor-element elementor-element-b6fc194 e-flex e-con-boxed e-con e-parent\" data-id=\"b6fc194\" data-element_type=\"container\" data-settings=\"{&quot;background_background&quot;:&quot;classic&quot;,&quot;_ha_eqh_enable&quot;:false}\">\n\t\t\t\t\t<div class=\"e-con-inner\">\n\t\t\t\t<div class=\"elementor-element elementor-element-728bcdf elementor-widget elementor-widget-text-editor\" data-id=\"728bcdf\" data-element_type=\"widget\" data-widget_type=\"text-editor.default\">\n\t\t\t\t<div class=\"elementor-widget-container\">\n\t\t\t\t\t\t\t\t\tLa mente es la forma en la que percibimos las cosas y como consecuencia de nuestra paz interior. Por esto la importancia de un pensamiento positivo hace parte fundamental de un proceso educativo integral. \n\nLa gente suele decir: \u201cQuiero la paz\u201d. Sathya Sai responde: \u201c\u00a1Quita el yo, es decir, el ego, quita el deseo, es decir, los deseos, y te quedas con la Paz!\u201d El papel de la educaci\u00f3n es capacitar a los ni\u00f1os para que mantengan las riendas de sus sentidos y orientarlos para que se expandan del \u201cyo\u201d al \u201cnosotros\u201d. Debemos alentar a los ni\u00f1os a cultivar el amor y una actitud de servicio para todas las personas.\n\nAprender a sentarse en silencio, dedicar tiempo a la tranquilidad durante la jornada escolar o el horario de la casa pueden influir en ellos positivamente. El h\u00e1bito regular de sentarse en silencio no s\u00f3lo nutre la calma interior, sino que tambi\u00e9n desarrolla la concentraci\u00f3n y la memoria y reorienta y transforma las tendencias obstructivas.\n\t\t\t\t\t\t\t\t<\/div>\n\t\t\t\t<\/div>\n\t\t\t\t\t<\/div>\n\t\t\t\t<\/div>\n\t\t<div class=\"elementor-element elementor-element-472a09d e-flex e-con-boxed e-con e-parent\" data-id=\"472a09d\" data-element_type=\"container\" data-settings=\"{&quot;_ha_eqh_enable&quot;:false}\">\n\t\t\t\t\t<div class=\"e-con-inner\">\n\t\t\t\t<div class=\"elementor-element elementor-element-e9c31cf elementor-widget elementor-widget-heading\" data-id=\"e9c31cf\" data-element_type=\"widget\" data-widget_type=\"heading.default\">\n\t\t\t\t<div class=\"elementor-widget-container\">\n\t\t\t\t\t<h2 class=\"elementor-heading-title elementor-size-default\">VALORES<\/h2>\t\t\t\t<\/div>\n\t\t\t\t<\/div>\n\t\t\t\t\t<\/div>\n\t\t\t\t<\/div>\n\t\t<div class=\"elementor-element elementor-element-1d460b6 e-flex e-con-boxed e-con e-parent\" data-id=\"1d460b6\" data-element_type=\"container\" data-settings=\"{&quot;_ha_eqh_enable&quot;:false}\">\n\t\t\t\t\t<div class=\"e-con-inner\">\n\t\t<div class=\"elementor-element elementor-element-d48ae31 e-con-full e-flex e-con e-parent\" data-id=\"d48ae31\" data-element_type=\"container\" data-settings=\"{&quot;_ha_eqh_enable&quot;:false}\">\n\t\t\t\t<div class=\"elementor-element elementor-element-48c8ff0 elementor-widget elementor-widget-image\" data-id=\"48c8ff0\" data-element_type=\"widget\" data-widget_type=\"image.default\">\n\t\t\t\t<div class=\"elementor-widget-container\">\n\t\t\t\t\t\t\t\t\t\t\t\t\t\t\t\t<a href=\"https:\/\/fundacionprema.org\/ws\/los-5-valores-humanos-amor\/\">\n\t\t\t\t\t\t\t<img decoding=\"async\" width=\"300\" height=\"300\" src=\"https:\/\/fundacionprema.org\/ws\/wp-content\/uploads\/2023\/05\/Icono-del-amor.svg\" class=\"elementor-animation-pulse-grow attachment-large size-large wp-image-93\" alt=\"\" \/>\t\t\t\t\t\t\t\t<\/a>\n\t\t\t\t\t\t\t\t\t\t\t\t\t\t\t<\/div>\n\t\t\t\t<\/div>\n\t\t\t\t<div class=\"elementor-element elementor-element-78114dc elementor-widget elementor-widget-heading\" data-id=\"78114dc\" data-element_type=\"widget\" data-widget_type=\"heading.default\">\n\t\t\t\t<div class=\"elementor-widget-container\">\n\t\t\t\t\t<h1 class=\"elementor-heading-title elementor-size-default\"><a href=\"https:\/\/fundacionprema.org\/ws\/los-5-valores-humanos-amor\/\">Valor<br> del\nAmor<\/a><\/h1>\t\t\t\t<\/div>\n\t\t\t\t<\/div>\n\t\t\t\t<\/div>\n\t\t<div class=\"elementor-element elementor-element-9885415 e-con-full e-flex e-con e-parent\" data-id=\"9885415\" data-element_type=\"container\" data-settings=\"{&quot;_ha_eqh_enable&quot;:false}\">\n\t\t\t\t<div class=\"elementor-element elementor-element-0908ddd elementor-widget elementor-widget-image\" data-id=\"0908ddd\" data-element_type=\"widget\" data-widget_type=\"image.default\">\n\t\t\t\t<div class=\"elementor-widget-container\">\n\t\t\t\t\t\t\t\t\t\t\t\t\t\t\t\t<a href=\"https:\/\/fundacionprema.org\/ws\/los-5-valores-humanos-no-violencia\/\">\n\t\t\t\t\t\t\t<img loading=\"lazy\" decoding=\"async\" width=\"300\" height=\"300\" src=\"https:\/\/fundacionprema.org\/ws\/wp-content\/uploads\/2023\/05\/Icono-de-la-No-Violencia.svg\" class=\"elementor-animation-pulse-grow attachment-large size-large wp-image-94\" alt=\"\" \/>\t\t\t\t\t\t\t\t<\/a>\n\t\t\t\t\t\t\t\t\t\t\t\t\t\t\t<\/div>\n\t\t\t\t<\/div>\n\t\t\t\t<div class=\"elementor-element elementor-element-edc5d4f elementor-widget elementor-widget-heading\" data-id=\"edc5d4f\" data-element_type=\"widget\" data-widget_type=\"heading.default\">\n\t\t\t\t<div class=\"elementor-widget-container\">\n\t\t\t\t\t<h1 class=\"elementor-heading-title elementor-size-default\"><a href=\"https:\/\/fundacionprema.org\/ws\/los-5-valores-humanos-no-violencia\/\">Valor de la\nNo Violencia<\/a><\/h1>\t\t\t\t<\/div>\n\t\t\t\t<\/div>\n\t\t\t\t<\/div>\n\t\t<div class=\"elementor-element elementor-element-1087bde e-con-full e-flex e-con e-parent\" data-id=\"1087bde\" data-element_type=\"container\" data-settings=\"{&quot;_ha_eqh_enable&quot;:false}\">\n\t\t\t\t<div class=\"elementor-element elementor-element-4c0fcb6 elementor-widget elementor-widget-image\" data-id=\"4c0fcb6\" data-element_type=\"widget\" data-widget_type=\"image.default\">\n\t\t\t\t<div class=\"elementor-widget-container\">\n\t\t\t\t\t\t\t\t\t\t\t\t\t\t\t\t<a href=\"https:\/\/fundacionprema.org\/ws\/los-5-valores-humanos-paz\/\">\n\t\t\t\t\t\t\t<img loading=\"lazy\" decoding=\"async\" width=\"300\" height=\"300\" src=\"https:\/\/fundacionprema.org\/ws\/wp-content\/uploads\/2023\/05\/Icono-de-la-paz.svg\" class=\"elementor-animation-pulse-grow attachment-large size-large wp-image-95\" alt=\"\" \/>\t\t\t\t\t\t\t\t<\/a>\n\t\t\t\t\t\t\t\t\t\t\t\t\t\t\t<\/div>\n\t\t\t\t<\/div>\n\t\t\t\t<div class=\"elementor-element elementor-element-04a60cb elementor-widget elementor-widget-heading\" data-id=\"04a60cb\" data-element_type=\"widget\" data-widget_type=\"heading.default\">\n\t\t\t\t<div class=\"elementor-widget-container\">\n\t\t\t\t\t<h1 class=\"elementor-heading-title elementor-size-default\"><a href=\"https:\/\/fundacionprema.org\/ws\/los-5-valores-humanos-paz\/\">Valor <br>de la\nPaz <\/a><\/h1>\t\t\t\t<\/div>\n\t\t\t\t<\/div>\n\t\t\t\t<\/div>\n\t\t<div class=\"elementor-element elementor-element-fead0b6 e-con-full e-flex e-con e-parent\" data-id=\"fead0b6\" data-element_type=\"container\" data-settings=\"{&quot;_ha_eqh_enable&quot;:false}\">\n\t\t\t\t<div class=\"elementor-element elementor-element-b4b69e9 elementor-widget elementor-widget-image\" data-id=\"b4b69e9\" data-element_type=\"widget\" data-widget_type=\"image.default\">\n\t\t\t\t<div class=\"elementor-widget-container\">\n\t\t\t\t\t\t\t\t\t\t\t\t\t\t\t\t<a href=\"https:\/\/fundacionprema.org\/ws\/los-5-valores-humanos-rectitud\/\">\n\t\t\t\t\t\t\t<img loading=\"lazy\" decoding=\"async\" width=\"300\" height=\"300\" src=\"https:\/\/fundacionprema.org\/ws\/wp-content\/uploads\/2023\/05\/Icono-de-la-rectitud.svg\" class=\"elementor-animation-pulse-grow attachment-large size-large wp-image-96\" alt=\"\" \/>\t\t\t\t\t\t\t\t<\/a>\n\t\t\t\t\t\t\t\t\t\t\t\t\t\t\t<\/div>\n\t\t\t\t<\/div>\n\t\t\t\t<div class=\"elementor-element elementor-element-b3e21bf elementor-widget elementor-widget-heading\" data-id=\"b3e21bf\" data-element_type=\"widget\" data-widget_type=\"heading.default\">\n\t\t\t\t<div class=\"elementor-widget-container\">\n\t\t\t\t\t<h1 class=\"elementor-heading-title elementor-size-default\"><a href=\"https:\/\/fundacionprema.org\/ws\/los-5-valores-humanos-rectitud\/\">Valor de la\nRectitud<\/a><\/h1>\t\t\t\t<\/div>\n\t\t\t\t<\/div>\n\t\t\t\t<\/div>\n\t\t<div class=\"elementor-element elementor-element-66b9b0c e-con-full e-flex e-con e-parent\" data-id=\"66b9b0c\" data-element_type=\"container\" data-settings=\"{&quot;_ha_eqh_enable&quot;:false}\">\n\t\t\t\t<div class=\"elementor-element elementor-element-1369cb8 elementor-widget elementor-widget-image\" data-id=\"1369cb8\" data-element_type=\"widget\" data-widget_type=\"image.default\">\n\t\t\t\t<div class=\"elementor-widget-container\">\n\t\t\t\t\t\t\t\t\t\t\t\t\t\t\t\t<a href=\"https:\/\/fundacionprema.org\/ws\/los-5-valores-humanos-verdad\/\">\n\t\t\t\t\t\t\t<img loading=\"lazy\" decoding=\"async\" width=\"300\" height=\"300\" src=\"https:\/\/fundacionprema.org\/ws\/wp-content\/uploads\/2023\/05\/Icono-de-la-verdad.svg\" class=\"elementor-animation-pulse-grow attachment-large size-large wp-image-97\" alt=\"\" \/>\t\t\t\t\t\t\t\t<\/a>\n\t\t\t\t\t\t\t\t\t\t\t\t\t\t\t<\/div>\n\t\t\t\t<\/div>\n\t\t\t\t<div class=\"elementor-element elementor-element-65da6c2 elementor-widget elementor-widget-heading\" data-id=\"65da6c2\" data-element_type=\"widget\" data-widget_type=\"heading.default\">\n\t\t\t\t<div class=\"elementor-widget-container\">\n\t\t\t\t\t<h1 class=\"elementor-heading-title elementor-size-default\"><a href=\"https:\/\/fundacionprema.org\/ws\/los-5-valores-humanos-verdad\/\">Valor <br>de la\nVerdad<\/a><\/h1>\t\t\t\t<\/div>\n\t\t\t\t<\/div>\n\t\t\t\t<\/div>\n\t\t\t\t\t<\/div>\n\t\t\t\t<\/div>\n\t\t\t\t<\/div>\n\t\t","protected":false},"excerpt":{"rendered":"<p>Los 5 valores humanos PAZ El valor de la paz se corresponde con el \u00e1rea emocional, su funci\u00f3n es expandir conciencia y la t\u00e9cnica utilizada es el silencio,. \u201cLa Paz es lo que todos buscan, pero jam\u00e1s puede ser obtenida del mundo exterior. La acumulaci\u00f3n de riquezas y poder no puede otorgar Paz. La Paz [&hellip;]<\/p>\n","protected":false},"author":1,"featured_media":0,"parent":0,"menu_order":0,"comment_status":"closed","ping_status":"closed","template":"","meta":{"footnotes":""},"class_list":["post-853","page","type-page","status-publish","hentry"],"jetpack_sharing_enabled":true,"_links":{"self":[{"href":"https:\/\/fundacionprema.org\/ws\/wp-json\/wp\/v2\/pages\/853","targetHints":{"allow":["GET"]}}],"collection":[{"href":"https:\/\/fundacionprema.org\/ws\/wp-json\/wp\/v2\/pages"}],"about":[{"href":"https:\/\/fundacionprema.org\/ws\/wp-json\/wp\/v2\/types\/page"}],"author":[{"embeddable":true,"href":"https:\/\/fundacionprema.org\/ws\/wp-json\/wp\/v2\/users\/1"}],"replies":[{"embeddable":true,"href":"https:\/\/fundacionprema.org\/ws\/wp-json\/wp\/v2\/comments?post=853"}],"version-history":[{"count":37,"href":"https:\/\/fundacionprema.org\/ws\/wp-json\/wp\/v2\/pages\/853\/revisions"}],"predecessor-version":[{"id":1750,"href":"https:\/\/fundacionprema.org\/ws\/wp-json\/wp\/v2\/pages\/853\/revisions\/1750"}],"wp:attachment":[{"href":"https:\/\/fundacionprema.org\/ws\/wp-json\/wp\/v2\/media?parent=853"}],"curies":[{"name":"wp","href":"https:\/\/api.w.org\/{rel}","templated":true}]}}