{"id":879,"date":"2023-06-13T11:51:49","date_gmt":"2023-06-13T16:51:49","guid":{"rendered":"https:\/\/fundacionprema.org\/ws\/?page_id=879"},"modified":"2023-08-22T15:19:57","modified_gmt":"2023-08-22T20:19:57","slug":"los-5-valores-humanos-amor","status":"publish","type":"page","link":"https:\/\/fundacionprema.org\/ws\/los-5-valores-humanos-amor\/","title":{"rendered":"Los 5 valores humanos Amor"},"content":{"rendered":"\t\t<div data-elementor-type=\"wp-page\" data-elementor-id=\"879\" class=\"elementor elementor-879\" data-elementor-settings=\"{&quot;ha_cmc_init_switcher&quot;:&quot;no&quot;}\" data-elementor-post-type=\"page\">\n\t\t\t\t<div class=\"elementor-element elementor-element-b94cfb1 e-con-full e-flex e-con e-parent\" data-id=\"b94cfb1\" data-element_type=\"container\" data-settings=\"{&quot;background_background&quot;:&quot;classic&quot;,&quot;_ha_eqh_enable&quot;:false}\">\n\t\t<div class=\"elementor-element elementor-element-d8094dd e-con-full e-flex e-con e-parent\" data-id=\"d8094dd\" data-element_type=\"container\" data-settings=\"{&quot;background_background&quot;:&quot;classic&quot;,&quot;_ha_eqh_enable&quot;:false}\">\n\t\t\t\t<div class=\"elementor-element elementor-element-a1e47dd elementor-widget elementor-widget-heading\" data-id=\"a1e47dd\" data-element_type=\"widget\" data-widget_type=\"heading.default\">\n\t\t\t\t<div class=\"elementor-widget-container\">\n\t\t\t\t\t<h2 class=\"elementor-heading-title elementor-size-default\">Los<\/h2>\t\t\t\t<\/div>\n\t\t\t\t<\/div>\n\t\t\t\t<div class=\"elementor-element elementor-element-eb8f593 elementor-widget elementor-widget-heading\" data-id=\"eb8f593\" data-element_type=\"widget\" data-widget_type=\"heading.default\">\n\t\t\t\t<div class=\"elementor-widget-container\">\n\t\t\t\t\t<h2 class=\"elementor-heading-title elementor-size-default\">5<\/h2>\t\t\t\t<\/div>\n\t\t\t\t<\/div>\n\t\t\t\t<div class=\"elementor-element elementor-element-8c00b37 elementor-widget elementor-widget-heading\" data-id=\"8c00b37\" data-element_type=\"widget\" data-widget_type=\"heading.default\">\n\t\t\t\t<div class=\"elementor-widget-container\">\n\t\t\t\t\t<h2 class=\"elementor-heading-title elementor-size-default\">valores humanos<\/h2>\t\t\t\t<\/div>\n\t\t\t\t<\/div>\n\t\t\t\t<div class=\"elementor-element elementor-element-405761f elementor-widget elementor-widget-heading\" data-id=\"405761f\" data-element_type=\"widget\" data-widget_type=\"heading.default\">\n\t\t\t\t<div class=\"elementor-widget-container\">\n\t\t\t\t\t<h2 class=\"elementor-heading-title elementor-size-default\">AMOR<\/h2>\t\t\t\t<\/div>\n\t\t\t\t<\/div>\n\t\t\t\t<\/div>\n\t\t<div class=\"elementor-element elementor-element-72ee6be e-con-full e-flex e-con e-parent\" data-id=\"72ee6be\" data-element_type=\"container\" data-settings=\"{&quot;background_background&quot;:&quot;classic&quot;,&quot;_ha_eqh_enable&quot;:false}\">\n\t\t\t\t<div class=\"elementor-element elementor-element-9e49ee5 elementor-widget elementor-widget-image\" data-id=\"9e49ee5\" data-element_type=\"widget\" data-widget_type=\"image.default\">\n\t\t\t\t<div class=\"elementor-widget-container\">\n\t\t\t\t\t\t\t\t\t\t\t\t\t\t\t<img fetchpriority=\"high\" decoding=\"async\" width=\"300\" height=\"300\" src=\"https:\/\/fundacionprema.org\/ws\/wp-content\/uploads\/2023\/05\/Icono-del-amor.svg\" class=\"attachment-large size-large wp-image-93\" alt=\"\" \/>\t\t\t\t\t\t\t\t\t\t\t\t\t\t\t<\/div>\n\t\t\t\t<\/div>\n\t\t\t\t<\/div>\n\t\t\t\t<\/div>\n\t\t<div class=\"elementor-element elementor-element-17e7586 e-flex e-con-boxed e-con e-parent\" data-id=\"17e7586\" data-element_type=\"container\" data-settings=\"{&quot;_ha_eqh_enable&quot;:false}\">\n\t\t\t\t\t<div class=\"e-con-inner\">\n\t\t<div class=\"elementor-element elementor-element-a15b960 e-con-full e-flex e-con e-parent\" data-id=\"a15b960\" data-element_type=\"container\" data-settings=\"{&quot;_ha_eqh_enable&quot;:false}\">\n\t\t\t\t<div class=\"elementor-element elementor-element-9c61f0a elementor-widget elementor-widget-text-editor\" data-id=\"9c61f0a\" data-element_type=\"widget\" data-widget_type=\"text-editor.default\">\n\t\t\t\t<div class=\"elementor-widget-container\">\n\t\t\t\t\t\t\t\t\t<p>El valor del amor se corresponde con el \u00e1rea ps\u00edquica, su funci\u00f3n es el servicio y la t\u00e9cnica utilizada es la m\u00fasica.<\/p><p>El amor no es un concepto, es una EXPERIENCIA, tiene una conexi\u00f3n directa con el coraz\u00f3n pues el amor no es una emoci\u00f3n, es una energ\u00eda sutil pero poderosa.<br \/>El PVH nos gu\u00eda a mirar m\u00e1s profundamente, identificando el amor como una energ\u00eda que une a todas las personas y trae consigo armon\u00eda y alegr\u00eda. Una energ\u00eda que sostiene el mundo.<\/p><p><br \/>Llevar el valor del Amor a la educaci\u00f3n significa sensibilizar al ni\u00f1o hacia el cuidado de los dem\u00e1s, la empat\u00eda y valores como la paciencia y el perd\u00f3n. Aprender que la energ\u00eda amorosa dentro de uno mismo reside en todas las personas, genera conciencia de unidad en la diversidad y fomenta valores como la cooperaci\u00f3n y la solidaridad. As\u00ed como las semillas sembradas en nuestro jard\u00edn necesitan fertilizante, agua y sol, las semillas del amor sembradas en los tiernos corazones de los ni\u00f1os.<\/p><p><em><strong>Nuestra propia naturaleza es el AMOR.<\/strong><\/em><\/p>\t\t\t\t\t\t\t\t<\/div>\n\t\t\t\t<\/div>\n\t\t\t\t<\/div>\n\t\t<div class=\"elementor-element elementor-element-ac4ece3 e-con-full e-flex e-con e-parent\" data-id=\"ac4ece3\" data-element_type=\"container\" data-settings=\"{&quot;_ha_eqh_enable&quot;:false}\">\n\t\t\t\t<div class=\"elementor-element elementor-element-bbc2b10 elementor-widget elementor-widget-image\" data-id=\"bbc2b10\" data-element_type=\"widget\" data-settings=\"{&quot;ha_floating_fx&quot;:&quot;yes&quot;}\" data-widget_type=\"image.default\">\n\t\t\t\t<div class=\"elementor-widget-container\">\n\t\t\t\t\t\t\t\t\t\t\t\t\t\t\t<img decoding=\"async\" width=\"735\" height=\"957\" src=\"https:\/\/i0.wp.com\/fundacionprema.org\/ws\/wp-content\/uploads\/2023\/06\/Fotos-amor.png?fit=735%2C957&amp;ssl=1\" class=\"attachment-large size-large wp-image-897\" alt=\"\" srcset=\"https:\/\/i0.wp.com\/fundacionprema.org\/ws\/wp-content\/uploads\/2023\/06\/Fotos-amor.png?w=735&amp;ssl=1 735w, https:\/\/i0.wp.com\/fundacionprema.org\/ws\/wp-content\/uploads\/2023\/06\/Fotos-amor.png?resize=230%2C300&amp;ssl=1 230w\" sizes=\"(max-width: 735px) 100vw, 735px\" \/>\t\t\t\t\t\t\t\t\t\t\t\t\t\t\t<\/div>\n\t\t\t\t<\/div>\n\t\t\t\t<\/div>\n\t\t\t\t\t<\/div>\n\t\t\t\t<\/div>\n\t\t<div class=\"elementor-element elementor-element-b6fc194 e-flex e-con-boxed e-con e-parent\" data-id=\"b6fc194\" data-element_type=\"container\" data-settings=\"{&quot;background_background&quot;:&quot;classic&quot;,&quot;_ha_eqh_enable&quot;:false}\">\n\t\t\t\t\t<div class=\"e-con-inner\">\n\t\t\t\t<div class=\"elementor-element elementor-element-728bcdf elementor-widget elementor-widget-text-editor\" data-id=\"728bcdf\" data-element_type=\"widget\" data-widget_type=\"text-editor.default\">\n\t\t\t\t<div class=\"elementor-widget-container\">\n\t\t\t\t\t\t\t\t\t<p><strong>EL AMOR EN PALABRAS Y PENSAMIENTOS ES VERDAD<\/strong><br \/>Cuando practicamos y ponemos amor en nuestras palabras, cuando pensamos con amor lo que se manifiesta es VERDAD.<\/p>\t\t\t\t\t\t\t\t<\/div>\n\t\t\t\t<\/div>\n\t\t\t\t<div class=\"elementor-element elementor-element-a5566f0 elementor-widget elementor-widget-text-editor\" data-id=\"a5566f0\" data-element_type=\"widget\" data-widget_type=\"text-editor.default\">\n\t\t\t\t<div class=\"elementor-widget-container\">\n\t\t\t\t\t\t\t\t\t<p><strong>EL AMOR EN EL COMPORTAMIENTO ES RECTITUD<\/strong><br \/>Cuando actuamos con amor, cuando nuestras obras se basan en el amor, el resultado es RECTITUD.<\/p>\t\t\t\t\t\t\t\t<\/div>\n\t\t\t\t<\/div>\n\t\t\t\t<div class=\"elementor-element elementor-element-3e53742 elementor-widget elementor-widget-text-editor\" data-id=\"3e53742\" data-element_type=\"widget\" data-widget_type=\"text-editor.default\">\n\t\t\t\t<div class=\"elementor-widget-container\">\n\t\t\t\t\t\t\t\t\t<p><strong>EL AMOR EN SENTIMIENTO ES PAZ<\/strong><br \/>Cuando sentimos paz en nuestros corazones, cuando sentimos serenidad, trae sentimiento de PAZ.<\/p>\t\t\t\t\t\t\t\t<\/div>\n\t\t\t\t<\/div>\n\t\t\t\t<div class=\"elementor-element elementor-element-5aafd29 elementor-widget elementor-widget-text-editor\" data-id=\"5aafd29\" data-element_type=\"widget\" data-widget_type=\"text-editor.default\">\n\t\t\t\t<div class=\"elementor-widget-container\">\n\t\t\t\t\t\t\t\t\t<p><strong>EL AMOR EN LA COMPRENSI\u00d3N ES LA NO VIOLENCIA<\/strong><br \/>Cuando entendemos con amor interior, cuando toleramos, cuando aceptamos las cosas con amor nuestra actitud en la vida, nuestros pensamientos, nuestras palabras resultan NO VIOLENTOS.<\/p>\t\t\t\t\t\t\t\t<\/div>\n\t\t\t\t<\/div>\n\t\t\t\t\t<\/div>\n\t\t\t\t<\/div>\n\t\t<div class=\"elementor-element elementor-element-7b1b1fd e-flex e-con-boxed e-con e-parent\" data-id=\"7b1b1fd\" data-element_type=\"container\" data-settings=\"{&quot;_ha_eqh_enable&quot;:false}\">\n\t\t\t\t\t<div class=\"e-con-inner\">\n\t\t\t\t<div class=\"elementor-element elementor-element-fe998c5 elementor-widget elementor-widget-heading\" data-id=\"fe998c5\" data-element_type=\"widget\" data-widget_type=\"heading.default\">\n\t\t\t\t<div class=\"elementor-widget-container\">\n\t\t\t\t\t<h2 class=\"elementor-heading-title elementor-size-default\">VALORES<\/h2>\t\t\t\t<\/div>\n\t\t\t\t<\/div>\n\t\t\t\t\t<\/div>\n\t\t\t\t<\/div>\n\t\t<div class=\"elementor-element elementor-element-acf96c6 e-flex e-con-boxed e-con e-parent\" data-id=\"acf96c6\" data-element_type=\"container\" data-settings=\"{&quot;_ha_eqh_enable&quot;:false}\">\n\t\t\t\t\t<div class=\"e-con-inner\">\n\t\t<div class=\"elementor-element elementor-element-b070a41 e-con-full e-flex e-con e-parent\" data-id=\"b070a41\" data-element_type=\"container\" data-settings=\"{&quot;_ha_eqh_enable&quot;:false}\">\n\t\t\t\t<div class=\"elementor-element elementor-element-1b401c0 elementor-widget elementor-widget-image\" data-id=\"1b401c0\" data-element_type=\"widget\" data-widget_type=\"image.default\">\n\t\t\t\t<div class=\"elementor-widget-container\">\n\t\t\t\t\t\t\t\t\t\t\t\t\t\t\t\t<a href=\"https:\/\/fundacionprema.org\/ws\/los-5-valores-humanos-amor\/\">\n\t\t\t\t\t\t\t<img decoding=\"async\" width=\"300\" height=\"300\" src=\"https:\/\/fundacionprema.org\/ws\/wp-content\/uploads\/2023\/05\/Icono-del-amor.svg\" class=\"elementor-animation-pulse-grow attachment-large size-large wp-image-93\" alt=\"\" \/>\t\t\t\t\t\t\t\t<\/a>\n\t\t\t\t\t\t\t\t\t\t\t\t\t\t\t<\/div>\n\t\t\t\t<\/div>\n\t\t\t\t<div class=\"elementor-element elementor-element-b873b22 elementor-widget elementor-widget-heading\" data-id=\"b873b22\" data-element_type=\"widget\" data-widget_type=\"heading.default\">\n\t\t\t\t<div class=\"elementor-widget-container\">\n\t\t\t\t\t<h1 class=\"elementor-heading-title elementor-size-default\"><a href=\"https:\/\/fundacionprema.org\/ws\/los-5-valores-humanos-amor\/\">Valor<br> del\nAmor<\/a><\/h1>\t\t\t\t<\/div>\n\t\t\t\t<\/div>\n\t\t\t\t<\/div>\n\t\t<div class=\"elementor-element elementor-element-4f216bd e-con-full e-flex e-con e-parent\" data-id=\"4f216bd\" data-element_type=\"container\" data-settings=\"{&quot;_ha_eqh_enable&quot;:false}\">\n\t\t\t\t<div class=\"elementor-element elementor-element-1a7055d elementor-widget elementor-widget-image\" data-id=\"1a7055d\" data-element_type=\"widget\" data-widget_type=\"image.default\">\n\t\t\t\t<div class=\"elementor-widget-container\">\n\t\t\t\t\t\t\t\t\t\t\t\t\t\t\t\t<a href=\"https:\/\/fundacionprema.org\/ws\/los-5-valores-humanos-no-violencia\/\">\n\t\t\t\t\t\t\t<img loading=\"lazy\" decoding=\"async\" width=\"300\" height=\"300\" src=\"https:\/\/fundacionprema.org\/ws\/wp-content\/uploads\/2023\/05\/Icono-de-la-No-Violencia.svg\" class=\"elementor-animation-pulse-grow attachment-large size-large wp-image-94\" alt=\"\" \/>\t\t\t\t\t\t\t\t<\/a>\n\t\t\t\t\t\t\t\t\t\t\t\t\t\t\t<\/div>\n\t\t\t\t<\/div>\n\t\t\t\t<div class=\"elementor-element elementor-element-3c4896d elementor-widget elementor-widget-heading\" data-id=\"3c4896d\" data-element_type=\"widget\" data-widget_type=\"heading.default\">\n\t\t\t\t<div class=\"elementor-widget-container\">\n\t\t\t\t\t<h1 class=\"elementor-heading-title elementor-size-default\"><a href=\"https:\/\/fundacionprema.org\/ws\/los-5-valores-humanos-no-violencia\/\">Valor de la\nNo Violencia<\/a><\/h1>\t\t\t\t<\/div>\n\t\t\t\t<\/div>\n\t\t\t\t<\/div>\n\t\t<div class=\"elementor-element elementor-element-d718b1e e-con-full e-flex e-con e-parent\" data-id=\"d718b1e\" data-element_type=\"container\" data-settings=\"{&quot;_ha_eqh_enable&quot;:false}\">\n\t\t\t\t<div class=\"elementor-element elementor-element-d3a94c7 elementor-widget elementor-widget-image\" data-id=\"d3a94c7\" data-element_type=\"widget\" data-widget_type=\"image.default\">\n\t\t\t\t<div class=\"elementor-widget-container\">\n\t\t\t\t\t\t\t\t\t\t\t\t\t\t\t\t<a href=\"https:\/\/fundacionprema.org\/ws\/los-5-valores-humanos-paz\/\">\n\t\t\t\t\t\t\t<img loading=\"lazy\" decoding=\"async\" width=\"300\" height=\"300\" src=\"https:\/\/fundacionprema.org\/ws\/wp-content\/uploads\/2023\/05\/Icono-de-la-paz.svg\" class=\"elementor-animation-pulse-grow attachment-large size-large wp-image-95\" alt=\"\" \/>\t\t\t\t\t\t\t\t<\/a>\n\t\t\t\t\t\t\t\t\t\t\t\t\t\t\t<\/div>\n\t\t\t\t<\/div>\n\t\t\t\t<div class=\"elementor-element elementor-element-5a0656b elementor-widget elementor-widget-heading\" data-id=\"5a0656b\" data-element_type=\"widget\" data-widget_type=\"heading.default\">\n\t\t\t\t<div class=\"elementor-widget-container\">\n\t\t\t\t\t<h1 class=\"elementor-heading-title elementor-size-default\"><a href=\"https:\/\/fundacionprema.org\/ws\/los-5-valores-humanos-paz\/\">Valor <br>de la\nPaz <\/a><\/h1>\t\t\t\t<\/div>\n\t\t\t\t<\/div>\n\t\t\t\t<\/div>\n\t\t<div class=\"elementor-element elementor-element-9d8ca02 e-con-full e-flex e-con e-parent\" data-id=\"9d8ca02\" data-element_type=\"container\" data-settings=\"{&quot;_ha_eqh_enable&quot;:false}\">\n\t\t\t\t<div class=\"elementor-element elementor-element-2d37cbd elementor-widget elementor-widget-image\" data-id=\"2d37cbd\" data-element_type=\"widget\" data-widget_type=\"image.default\">\n\t\t\t\t<div class=\"elementor-widget-container\">\n\t\t\t\t\t\t\t\t\t\t\t\t\t\t\t\t<a href=\"https:\/\/fundacionprema.org\/ws\/los-5-valores-humanos-rectitud\/\">\n\t\t\t\t\t\t\t<img loading=\"lazy\" decoding=\"async\" width=\"300\" height=\"300\" src=\"https:\/\/fundacionprema.org\/ws\/wp-content\/uploads\/2023\/05\/Icono-de-la-rectitud.svg\" class=\"elementor-animation-pulse-grow attachment-large size-large wp-image-96\" alt=\"\" \/>\t\t\t\t\t\t\t\t<\/a>\n\t\t\t\t\t\t\t\t\t\t\t\t\t\t\t<\/div>\n\t\t\t\t<\/div>\n\t\t\t\t<div class=\"elementor-element elementor-element-e6f300a elementor-widget elementor-widget-heading\" data-id=\"e6f300a\" data-element_type=\"widget\" data-widget_type=\"heading.default\">\n\t\t\t\t<div class=\"elementor-widget-container\">\n\t\t\t\t\t<h1 class=\"elementor-heading-title elementor-size-default\"><a href=\"https:\/\/fundacionprema.org\/ws\/los-5-valores-humanos-rectitud\/\">Valor de la\nRectitud<\/a><\/h1>\t\t\t\t<\/div>\n\t\t\t\t<\/div>\n\t\t\t\t<\/div>\n\t\t<div class=\"elementor-element elementor-element-02a50b9 e-con-full e-flex e-con e-parent\" data-id=\"02a50b9\" data-element_type=\"container\" data-settings=\"{&quot;_ha_eqh_enable&quot;:false}\">\n\t\t\t\t<div class=\"elementor-element elementor-element-74980b2 elementor-widget elementor-widget-image\" data-id=\"74980b2\" data-element_type=\"widget\" data-widget_type=\"image.default\">\n\t\t\t\t<div class=\"elementor-widget-container\">\n\t\t\t\t\t\t\t\t\t\t\t\t\t\t\t\t<a href=\"https:\/\/fundacionprema.org\/ws\/los-5-valores-humanos-verdad\/\">\n\t\t\t\t\t\t\t<img loading=\"lazy\" decoding=\"async\" width=\"300\" height=\"300\" src=\"https:\/\/fundacionprema.org\/ws\/wp-content\/uploads\/2023\/05\/Icono-de-la-verdad.svg\" class=\"elementor-animation-pulse-grow attachment-large size-large wp-image-97\" alt=\"\" \/>\t\t\t\t\t\t\t\t<\/a>\n\t\t\t\t\t\t\t\t\t\t\t\t\t\t\t<\/div>\n\t\t\t\t<\/div>\n\t\t\t\t<div class=\"elementor-element elementor-element-829441e elementor-widget elementor-widget-heading\" data-id=\"829441e\" data-element_type=\"widget\" data-widget_type=\"heading.default\">\n\t\t\t\t<div class=\"elementor-widget-container\">\n\t\t\t\t\t<h1 class=\"elementor-heading-title elementor-size-default\"><a href=\"https:\/\/fundacionprema.org\/ws\/los-5-valores-humanos-verdad\/\">Valor <br>de la\nVerdad<\/a><\/h1>\t\t\t\t<\/div>\n\t\t\t\t<\/div>\n\t\t\t\t<\/div>\n\t\t\t\t\t<\/div>\n\t\t\t\t<\/div>\n\t\t\t\t<\/div>\n\t\t","protected":false},"excerpt":{"rendered":"<p>Los 5 valores humanos AMOR El valor del amor se corresponde con el \u00e1rea ps\u00edquica, su funci\u00f3n es el servicio y la t\u00e9cnica utilizada es la m\u00fasica. El amor no es un concepto, es una EXPERIENCIA, tiene una conexi\u00f3n directa con el coraz\u00f3n pues el amor no es una emoci\u00f3n, es una energ\u00eda sutil pero [&hellip;]<\/p>\n","protected":false},"author":1,"featured_media":0,"parent":0,"menu_order":0,"comment_status":"closed","ping_status":"closed","template":"","meta":{"footnotes":""},"class_list":["post-879","page","type-page","status-publish","hentry"],"jetpack_sharing_enabled":true,"_links":{"self":[{"href":"https:\/\/fundacionprema.org\/ws\/wp-json\/wp\/v2\/pages\/879","targetHints":{"allow":["GET"]}}],"collection":[{"href":"https:\/\/fundacionprema.org\/ws\/wp-json\/wp\/v2\/pages"}],"about":[{"href":"https:\/\/fundacionprema.org\/ws\/wp-json\/wp\/v2\/types\/page"}],"author":[{"embeddable":true,"href":"https:\/\/fundacionprema.org\/ws\/wp-json\/wp\/v2\/users\/1"}],"replies":[{"embeddable":true,"href":"https:\/\/fundacionprema.org\/ws\/wp-json\/wp\/v2\/comments?post=879"}],"version-history":[{"count":67,"href":"https:\/\/fundacionprema.org\/ws\/wp-json\/wp\/v2\/pages\/879\/revisions"}],"predecessor-version":[{"id":1741,"href":"https:\/\/fundacionprema.org\/ws\/wp-json\/wp\/v2\/pages\/879\/revisions\/1741"}],"wp:attachment":[{"href":"https:\/\/fundacionprema.org\/ws\/wp-json\/wp\/v2\/media?parent=879"}],"curies":[{"name":"wp","href":"https:\/\/api.w.org\/{rel}","templated":true}]}}