{"id":909,"date":"2023-06-13T16:25:23","date_gmt":"2023-06-13T21:25:23","guid":{"rendered":"https:\/\/fundacionprema.org\/ws\/?page_id=909"},"modified":"2023-08-23T17:33:53","modified_gmt":"2023-08-23T22:33:53","slug":"el-metodo","status":"publish","type":"page","link":"https:\/\/fundacionprema.org\/ws\/el-metodo\/","title":{"rendered":"El Metodo"},"content":{"rendered":"\t\t<div data-elementor-type=\"wp-page\" data-elementor-id=\"909\" class=\"elementor elementor-909\" data-elementor-settings=\"{&quot;ha_cmc_init_switcher&quot;:&quot;no&quot;}\" data-elementor-post-type=\"page\">\n\t\t\t\t<div class=\"elementor-element elementor-element-3e2886f e-con-full e-flex e-con e-parent\" data-id=\"3e2886f\" data-element_type=\"container\" data-settings=\"{&quot;background_background&quot;:&quot;classic&quot;,&quot;_ha_eqh_enable&quot;:false}\">\n\t\t\t\t<div class=\"elementor-element elementor-element-d78249b elementor-widget elementor-widget-heading\" data-id=\"d78249b\" data-element_type=\"widget\" data-widget_type=\"heading.default\">\n\t\t\t\t<div class=\"elementor-widget-container\">\n\t\t\t\t\t<h2 class=\"elementor-heading-title elementor-size-default\">El <br>M\u00e9todo<\/h2>\t\t\t\t<\/div>\n\t\t\t\t<\/div>\n\t\t\t\t<\/div>\n\t\t<div class=\"elementor-element elementor-element-83155ea e-flex e-con-boxed e-con e-parent\" data-id=\"83155ea\" data-element_type=\"container\" data-settings=\"{&quot;_ha_eqh_enable&quot;:false}\">\n\t\t\t\t\t<div class=\"e-con-inner\">\n\t\t\t\t<div class=\"elementor-element elementor-element-9c61f0a elementor-widget elementor-widget-text-editor\" data-id=\"9c61f0a\" data-element_type=\"widget\" data-widget_type=\"text-editor.default\">\n\t\t\t\t<div class=\"elementor-widget-container\">\n\t\t\t\t\t\t\t\t\t<p>El PVH cambia el enfoque de la educaci\u00f3n para resaltar la belleza que hay en el alma humana y que se manifieste con resultado de paz y felicidad.<\/p>\t\t\t\t\t\t\t\t<\/div>\n\t\t\t\t<\/div>\n\t\t\t\t<div class=\"elementor-element elementor-element-bab07c8 elementor-widget elementor-widget-heading\" data-id=\"bab07c8\" data-element_type=\"widget\" data-widget_type=\"heading.default\">\n\t\t\t\t<div class=\"elementor-widget-container\">\n\t\t\t\t\t<h2 class=\"elementor-heading-title elementor-size-default\">El Programa de Valores Humanos es vivencial y transformador.<\/h2>\t\t\t\t<\/div>\n\t\t\t\t<\/div>\n\t\t\t\t<div class=\"elementor-element elementor-element-44bad12 elementor-widget elementor-widget-heading\" data-id=\"44bad12\" data-element_type=\"widget\" data-widget_type=\"heading.default\">\n\t\t\t\t<div class=\"elementor-widget-container\">\n\t\t\t\t\t<h2 class=\"elementor-heading-title elementor-size-default\">Esto es posible gracias a cinco t\u00e9cnicas de ense\u00f1anza, que abarcan cuerpo, mente y alma. Son:\n<\/h2>\t\t\t\t<\/div>\n\t\t\t\t<\/div>\n\t\t\t\t\t<\/div>\n\t\t\t\t<\/div>\n\t\t<div class=\"elementor-element elementor-element-e39993c e-flex e-con-boxed e-con e-parent\" data-id=\"e39993c\" data-element_type=\"container\" data-settings=\"{&quot;_ha_eqh_enable&quot;:false}\">\n\t\t\t\t\t<div class=\"e-con-inner\">\n\t\t<div class=\"elementor-element elementor-element-1d71dc1 e-con-full e-flex e-con e-parent\" data-id=\"1d71dc1\" data-element_type=\"container\" data-settings=\"{&quot;_ha_eqh_enable&quot;:false}\">\n\t\t\t\t<div class=\"elementor-element elementor-element-b20e8ce elementor-widget elementor-widget-image\" data-id=\"b20e8ce\" data-element_type=\"widget\" data-widget_type=\"image.default\">\n\t\t\t\t<div class=\"elementor-widget-container\">\n\t\t\t\t\t\t\t\t\t\t\t\t\t\t\t<img fetchpriority=\"high\" decoding=\"async\" width=\"700\" height=\"700\" src=\"https:\/\/fundacionprema.org\/ws\/wp-content\/uploads\/2023\/06\/Silencio.svg\" class=\"attachment-large size-large wp-image-922\" alt=\"\" \/>\t\t\t\t\t\t\t\t\t\t\t\t\t\t\t<\/div>\n\t\t\t\t<\/div>\n\t\t\t\t<\/div>\n\t\t<div class=\"elementor-element elementor-element-5f4d0d4 e-con-full e-flex e-con e-parent\" data-id=\"5f4d0d4\" data-element_type=\"container\" data-settings=\"{&quot;_ha_eqh_enable&quot;:false}\">\n\t\t\t\t<div class=\"elementor-element elementor-element-c4d6d6b elementor-widget elementor-widget-heading\" data-id=\"c4d6d6b\" data-element_type=\"widget\" data-widget_type=\"heading.default\">\n\t\t\t\t<div class=\"elementor-widget-container\">\n\t\t\t\t\t<h2 class=\"elementor-heading-title elementor-size-default\">Silencio<\/h2>\t\t\t\t<\/div>\n\t\t\t\t<\/div>\n\t\t\t\t<div class=\"elementor-element elementor-element-fa8134e elementor-widget elementor-widget-text-editor\" data-id=\"fa8134e\" data-element_type=\"widget\" data-widget_type=\"text-editor.default\">\n\t\t\t\t<div class=\"elementor-widget-container\">\n\t\t\t\t\t\t\t\t\tSilent Sitting, desarrolla la capacidad de silencio, concentraci\u00f3n, intuici\u00f3n, creatividad y quietud. Permite que la mente gire hacia adentro y permite que los ni\u00f1os se conecten con su verdadera naturaleza.\t\t\t\t\t\t\t\t<\/div>\n\t\t\t\t<\/div>\n\t\t\t\t<\/div>\n\t\t\t\t\t<\/div>\n\t\t\t\t<\/div>\n\t\t<div class=\"elementor-element elementor-element-21388c5 e-flex e-con-boxed e-con e-parent\" data-id=\"21388c5\" data-element_type=\"container\" data-settings=\"{&quot;_ha_eqh_enable&quot;:false}\">\n\t\t\t\t\t<div class=\"e-con-inner\">\n\t\t<div class=\"elementor-element elementor-element-6f325c1 e-con-full e-flex e-con e-parent\" data-id=\"6f325c1\" data-element_type=\"container\" data-settings=\"{&quot;_ha_eqh_enable&quot;:false}\">\n\t\t\t\t<div class=\"elementor-element elementor-element-a32eaf1 elementor-widget elementor-widget-image\" data-id=\"a32eaf1\" data-element_type=\"widget\" data-widget_type=\"image.default\">\n\t\t\t\t<div class=\"elementor-widget-container\">\n\t\t\t\t\t\t\t\t\t\t\t\t\t\t\t<img decoding=\"async\" width=\"700\" height=\"700\" src=\"https:\/\/fundacionprema.org\/ws\/wp-content\/uploads\/2023\/06\/Cuentos.svg\" class=\"attachment-large size-large wp-image-928\" alt=\"\" \/>\t\t\t\t\t\t\t\t\t\t\t\t\t\t\t<\/div>\n\t\t\t\t<\/div>\n\t\t\t\t<\/div>\n\t\t<div class=\"elementor-element elementor-element-697fa9d e-con-full e-flex e-con e-parent\" data-id=\"697fa9d\" data-element_type=\"container\" data-settings=\"{&quot;_ha_eqh_enable&quot;:false}\">\n\t\t\t\t<div class=\"elementor-element elementor-element-780777f elementor-widget elementor-widget-heading\" data-id=\"780777f\" data-element_type=\"widget\" data-widget_type=\"heading.default\">\n\t\t\t\t<div class=\"elementor-widget-container\">\n\t\t\t\t\t<h2 class=\"elementor-heading-title elementor-size-default\">Cuentos<\/h2>\t\t\t\t<\/div>\n\t\t\t\t<\/div>\n\t\t\t\t<div class=\"elementor-element elementor-element-d90f339 elementor-widget elementor-widget-text-editor\" data-id=\"d90f339\" data-element_type=\"widget\" data-widget_type=\"text-editor.default\">\n\t\t\t\t<div class=\"elementor-widget-container\">\n\t\t\t\t\t\t\t\t\tNarrar historias captura la imaginaci\u00f3n, involucrando el \u00e1rea intelectual en un proceso de transformaci\u00f3n y proporcionando modelos de conducta.\t\t\t\t\t\t\t\t<\/div>\n\t\t\t\t<\/div>\n\t\t\t\t<\/div>\n\t\t\t\t\t<\/div>\n\t\t\t\t<\/div>\n\t\t<div class=\"elementor-element elementor-element-cb8cf9a e-flex e-con-boxed e-con e-parent\" data-id=\"cb8cf9a\" data-element_type=\"container\" data-settings=\"{&quot;_ha_eqh_enable&quot;:false}\">\n\t\t\t\t\t<div class=\"e-con-inner\">\n\t\t<div class=\"elementor-element elementor-element-89451ad e-con-full e-flex e-con e-parent\" data-id=\"89451ad\" data-element_type=\"container\" data-settings=\"{&quot;_ha_eqh_enable&quot;:false}\">\n\t\t\t\t<div class=\"elementor-element elementor-element-3857a52 elementor-widget elementor-widget-image\" data-id=\"3857a52\" data-element_type=\"widget\" data-widget_type=\"image.default\">\n\t\t\t\t<div class=\"elementor-widget-container\">\n\t\t\t\t\t\t\t\t\t\t\t\t\t\t\t<img decoding=\"async\" width=\"700\" height=\"700\" src=\"https:\/\/fundacionprema.org\/ws\/wp-content\/uploads\/2023\/06\/Citas.svg\" class=\"attachment-large size-large wp-image-929\" alt=\"\" \/>\t\t\t\t\t\t\t\t\t\t\t\t\t\t\t<\/div>\n\t\t\t\t<\/div>\n\t\t\t\t<\/div>\n\t\t<div class=\"elementor-element elementor-element-06c63b3 e-con-full e-flex e-con e-parent\" data-id=\"06c63b3\" data-element_type=\"container\" data-settings=\"{&quot;_ha_eqh_enable&quot;:false}\">\n\t\t\t\t<div class=\"elementor-element elementor-element-94a1070 elementor-widget elementor-widget-heading\" data-id=\"94a1070\" data-element_type=\"widget\" data-widget_type=\"heading.default\">\n\t\t\t\t<div class=\"elementor-widget-container\">\n\t\t\t\t\t<h2 class=\"elementor-heading-title elementor-size-default\">Citas<\/h2>\t\t\t\t<\/div>\n\t\t\t\t<\/div>\n\t\t\t\t<div class=\"elementor-element elementor-element-d491848 elementor-widget elementor-widget-text-editor\" data-id=\"d491848\" data-element_type=\"widget\" data-widget_type=\"text-editor.default\">\n\t\t\t\t<div class=\"elementor-widget-container\">\n\t\t\t\t\t\t\t\t\t<p>Las citas, dichos y oraciones universales son inspiradoras para los ni\u00f1os, permiten estimular el buen pensamiento y fomentan la reflexi\u00f3n y el sentido com\u00fan.<\/p>\t\t\t\t\t\t\t\t<\/div>\n\t\t\t\t<\/div>\n\t\t\t\t<\/div>\n\t\t\t\t\t<\/div>\n\t\t\t\t<\/div>\n\t\t<div class=\"elementor-element elementor-element-3734c32 e-flex e-con-boxed e-con e-parent\" data-id=\"3734c32\" data-element_type=\"container\" data-settings=\"{&quot;_ha_eqh_enable&quot;:false}\">\n\t\t\t\t\t<div class=\"e-con-inner\">\n\t\t<div class=\"elementor-element elementor-element-7abb292 e-con-full e-flex e-con e-parent\" data-id=\"7abb292\" data-element_type=\"container\" data-settings=\"{&quot;_ha_eqh_enable&quot;:false}\">\n\t\t\t\t<div class=\"elementor-element elementor-element-b7b8ed7 elementor-widget elementor-widget-image\" data-id=\"b7b8ed7\" data-element_type=\"widget\" data-widget_type=\"image.default\">\n\t\t\t\t<div class=\"elementor-widget-container\">\n\t\t\t\t\t\t\t\t\t\t\t\t\t\t\t<img loading=\"lazy\" decoding=\"async\" width=\"700\" height=\"700\" src=\"https:\/\/fundacionprema.org\/ws\/wp-content\/uploads\/2023\/06\/Musica.svg\" class=\"attachment-large size-large wp-image-926\" alt=\"\" \/>\t\t\t\t\t\t\t\t\t\t\t\t\t\t\t<\/div>\n\t\t\t\t<\/div>\n\t\t\t\t<\/div>\n\t\t<div class=\"elementor-element elementor-element-5b661d8 e-con-full e-flex e-con e-parent\" data-id=\"5b661d8\" data-element_type=\"container\" data-settings=\"{&quot;_ha_eqh_enable&quot;:false}\">\n\t\t\t\t<div class=\"elementor-element elementor-element-94e1685 elementor-widget elementor-widget-heading\" data-id=\"94e1685\" data-element_type=\"widget\" data-widget_type=\"heading.default\">\n\t\t\t\t<div class=\"elementor-widget-container\">\n\t\t\t\t\t<h2 class=\"elementor-heading-title elementor-size-default\">M\u00fasica<\/h2>\t\t\t\t<\/div>\n\t\t\t\t<\/div>\n\t\t\t\t<div class=\"elementor-element elementor-element-c9bea00 elementor-widget elementor-widget-text-editor\" data-id=\"c9bea00\" data-element_type=\"widget\" data-widget_type=\"text-editor.default\">\n\t\t\t\t<div class=\"elementor-widget-container\">\n\t\t\t\t\t\t\t\t\t<p>La m\u00fasica habla el idioma del coraz\u00f3n y crea unidad. El canto grupal abre el coraz\u00f3n y promueve la armon\u00eda y la alegr\u00eda.<\/p>\t\t\t\t\t\t\t\t<\/div>\n\t\t\t\t<\/div>\n\t\t\t\t<\/div>\n\t\t\t\t\t<\/div>\n\t\t\t\t<\/div>\n\t\t<div class=\"elementor-element elementor-element-d00e28e e-flex e-con-boxed e-con e-parent\" data-id=\"d00e28e\" data-element_type=\"container\" data-settings=\"{&quot;_ha_eqh_enable&quot;:false}\">\n\t\t\t\t\t<div class=\"e-con-inner\">\n\t\t<div class=\"elementor-element elementor-element-1e5b1f4 e-con-full e-flex e-con e-parent\" data-id=\"1e5b1f4\" data-element_type=\"container\" data-settings=\"{&quot;_ha_eqh_enable&quot;:false}\">\n\t\t\t\t<div class=\"elementor-element elementor-element-ecfea55 elementor-widget elementor-widget-image\" data-id=\"ecfea55\" data-element_type=\"widget\" data-widget_type=\"image.default\">\n\t\t\t\t<div class=\"elementor-widget-container\">\n\t\t\t\t\t\t\t\t\t\t\t\t\t\t\t<img loading=\"lazy\" decoding=\"async\" width=\"700\" height=\"700\" src=\"https:\/\/fundacionprema.org\/ws\/wp-content\/uploads\/2023\/06\/trabajo-en-equipo.svg\" class=\"attachment-large size-large wp-image-930\" alt=\"\" \/>\t\t\t\t\t\t\t\t\t\t\t\t\t\t\t<\/div>\n\t\t\t\t<\/div>\n\t\t\t\t<\/div>\n\t\t<div class=\"elementor-element elementor-element-19cffbf e-con-full e-flex e-con e-parent\" data-id=\"19cffbf\" data-element_type=\"container\" data-settings=\"{&quot;_ha_eqh_enable&quot;:false}\">\n\t\t\t\t<div class=\"elementor-element elementor-element-3a2dd5b elementor-widget elementor-widget-heading\" data-id=\"3a2dd5b\" data-element_type=\"widget\" data-widget_type=\"heading.default\">\n\t\t\t\t<div class=\"elementor-widget-container\">\n\t\t\t\t\t<h2 class=\"elementor-heading-title elementor-size-default\">Trabajo en Equipo<\/h2>\t\t\t\t<\/div>\n\t\t\t\t<\/div>\n\t\t\t\t<div class=\"elementor-element elementor-element-cea761d elementor-widget elementor-widget-text-editor\" data-id=\"cea761d\" data-element_type=\"widget\" data-widget_type=\"text-editor.default\">\n\t\t\t\t<div class=\"elementor-widget-container\">\n\t\t\t\t\t\t\t\t\t<p>El trabajo en equipo permite poner en pr\u00e1ctica los Valores Humanos. Esto crea unidad de pensamientos, palabras y acciones.<\/p>\t\t\t\t\t\t\t\t<\/div>\n\t\t\t\t<\/div>\n\t\t\t\t<\/div>\n\t\t\t\t\t<\/div>\n\t\t\t\t<\/div>\n\t\t<div class=\"elementor-element elementor-element-0b418ab e-flex e-con-boxed e-con e-parent\" data-id=\"0b418ab\" data-element_type=\"container\" data-settings=\"{&quot;_ha_eqh_enable&quot;:false}\">\n\t\t\t\t\t<div class=\"e-con-inner\">\n\t\t\t\t<div class=\"elementor-element elementor-element-e426789 elementor-widget elementor-widget-text-editor\" data-id=\"e426789\" data-element_type=\"widget\" data-widget_type=\"text-editor.default\">\n\t\t\t\t<div class=\"elementor-widget-container\">\n\t\t\t\t\t\t\t\t\t<p><span style=\"color: var( --e-global-color-text ); font-family: var( --e-global-typography-text-font-family ), Sans-serif; font-weight: var( --e-global-typography-text-font-weight ); font-size: 1rem;\">El vivir a trav\u00e9s de los Valores Humanos da como resultado el florecimiento de un car\u00e1cter armonioso, en el que pensamiento, sentimiento y acci\u00f3n est\u00e1n en armon\u00eda, dando como resultado un estado de unidad interior.<\/span><br><\/p>\t\t\t\t\t\t\t\t<\/div>\n\t\t\t\t<\/div>\n\t\t\t\t\t<\/div>\n\t\t\t\t<\/div>\n\t\t<div class=\"elementor-element elementor-element-3aef86b e-flex e-con-boxed e-con e-parent\" data-id=\"3aef86b\" data-element_type=\"container\" data-settings=\"{&quot;background_background&quot;:&quot;classic&quot;,&quot;_ha_eqh_enable&quot;:false}\">\n\t\t\t\t\t<div class=\"e-con-inner\">\n\t\t\t\t<div class=\"elementor-element elementor-element-0a2945c elementor-widget elementor-widget-text-editor\" data-id=\"0a2945c\" data-element_type=\"widget\" data-widget_type=\"text-editor.default\">\n\t\t\t\t<div class=\"elementor-widget-container\">\n\t\t\t\t\t\t\t\t\t<p><em>Existe una forma de llegar a este estado de unidad interior. Una clave que los ni\u00f1os y j\u00f3venes tienen a la mano y que pueden aprender a utilizarla. Deben reconocer el papel del coraz\u00f3n y seguir su consejo amoroso, que fomenta la pureza y la confianza. Cuando el coraz\u00f3n o la conciencia van en sinton\u00eda con nuestros pensamientos, actuamos con virtud y determinaci\u00f3n.<\/em><\/p><p><em>\u201cEl fin de la educaci\u00f3n es el car\u00e1cter\u201d<\/em><br \/><em>Sathya Sai<\/em><\/p>\t\t\t\t\t\t\t\t<\/div>\n\t\t\t\t<\/div>\n\t\t\t\t\t<\/div>\n\t\t\t\t<\/div>\n\t\t\t\t<\/div>\n\t\t","protected":false},"excerpt":{"rendered":"<p>El M\u00e9todo El PVH cambia el enfoque de la educaci\u00f3n para resaltar la belleza que hay en el alma humana y que se manifieste con resultado de paz y felicidad. El Programa de Valores Humanos es vivencial y transformador. Esto es posible gracias a cinco t\u00e9cnicas de ense\u00f1anza, que abarcan cuerpo, mente y alma. Son: [&hellip;]<\/p>\n","protected":false},"author":1,"featured_media":0,"parent":0,"menu_order":0,"comment_status":"closed","ping_status":"closed","template":"","meta":{"footnotes":""},"class_list":["post-909","page","type-page","status-publish","hentry"],"jetpack_sharing_enabled":true,"_links":{"self":[{"href":"https:\/\/fundacionprema.org\/ws\/wp-json\/wp\/v2\/pages\/909","targetHints":{"allow":["GET"]}}],"collection":[{"href":"https:\/\/fundacionprema.org\/ws\/wp-json\/wp\/v2\/pages"}],"about":[{"href":"https:\/\/fundacionprema.org\/ws\/wp-json\/wp\/v2\/types\/page"}],"author":[{"embeddable":true,"href":"https:\/\/fundacionprema.org\/ws\/wp-json\/wp\/v2\/users\/1"}],"replies":[{"embeddable":true,"href":"https:\/\/fundacionprema.org\/ws\/wp-json\/wp\/v2\/comments?post=909"}],"version-history":[{"count":91,"href":"https:\/\/fundacionprema.org\/ws\/wp-json\/wp\/v2\/pages\/909\/revisions"}],"predecessor-version":[{"id":1851,"href":"https:\/\/fundacionprema.org\/ws\/wp-json\/wp\/v2\/pages\/909\/revisions\/1851"}],"wp:attachment":[{"href":"https:\/\/fundacionprema.org\/ws\/wp-json\/wp\/v2\/media?parent=909"}],"curies":[{"name":"wp","href":"https:\/\/api.w.org\/{rel}","templated":true}]}}