{"id":998,"date":"2023-06-15T10:30:26","date_gmt":"2023-06-15T15:30:26","guid":{"rendered":"https:\/\/fundacionprema.org\/ws\/?page_id=998"},"modified":"2023-08-02T16:12:00","modified_gmt":"2023-08-02T21:12:00","slug":"integracion","status":"publish","type":"page","link":"https:\/\/fundacionprema.org\/ws\/integracion\/","title":{"rendered":"Integraci\u00f3n"},"content":{"rendered":"\t\t<div data-elementor-type=\"wp-page\" data-elementor-id=\"998\" class=\"elementor elementor-998\" data-elementor-settings=\"{&quot;ha_cmc_init_switcher&quot;:&quot;no&quot;}\" data-elementor-post-type=\"page\">\n\t\t\t\t<div class=\"elementor-element elementor-element-3e2886f e-con-full e-flex e-con e-parent\" data-id=\"3e2886f\" data-element_type=\"container\" data-settings=\"{&quot;background_background&quot;:&quot;classic&quot;,&quot;_ha_eqh_enable&quot;:false}\">\n\t\t\t\t<div class=\"elementor-element elementor-element-d78249b elementor-widget elementor-widget-heading\" data-id=\"d78249b\" data-element_type=\"widget\" data-widget_type=\"heading.default\">\n\t\t\t\t<div class=\"elementor-widget-container\">\n\t\t\t\t\t<h2 class=\"elementor-heading-title elementor-size-default\">La <br>Integraci\u00f3n<\/h2>\t\t\t\t<\/div>\n\t\t\t\t<\/div>\n\t\t\t\t<\/div>\n\t\t<div class=\"elementor-element elementor-element-83155ea e-flex e-con-boxed e-con e-parent\" data-id=\"83155ea\" data-element_type=\"container\" data-settings=\"{&quot;_ha_eqh_enable&quot;:false}\">\n\t\t\t\t\t<div class=\"e-con-inner\">\n\t\t\t\t<div class=\"elementor-element elementor-element-bab07c8 elementor-widget elementor-widget-heading\" data-id=\"bab07c8\" data-element_type=\"widget\" data-widget_type=\"heading.default\">\n\t\t\t\t<div class=\"elementor-widget-container\">\n\t\t\t\t\t<h2 class=\"elementor-heading-title elementor-size-default\">La verdadera educaci\u00f3n<br> no comienza ni termina en la escuela.<\/h2>\t\t\t\t<\/div>\n\t\t\t\t<\/div>\n\t\t\t\t<div class=\"elementor-element elementor-element-44bad12 elementor-widget elementor-widget-heading\" data-id=\"44bad12\" data-element_type=\"widget\" data-widget_type=\"heading.default\">\n\t\t\t\t<div class=\"elementor-widget-container\">\n\t\t\t\t\t<h2 class=\"elementor-heading-title elementor-size-default\">Es un proceso de aprendizaje de por vida.<\/h2>\t\t\t\t<\/div>\n\t\t\t\t<\/div>\n\t\t\t\t<div class=\"elementor-element elementor-element-9c61f0a elementor-widget elementor-widget-text-editor\" data-id=\"9c61f0a\" data-element_type=\"widget\" data-widget_type=\"text-editor.default\">\n\t\t\t\t<div class=\"elementor-widget-container\">\n\t\t\t\t\t\t\t\t\t<p>\u00a0Los padres y los maestros sientan las bases de este proceso y deben apoyar sus funciones complementarias fomentando los mismos principios en la escuela y en el hogar. Sathya Sai explica esto con el ejemplo de un ni\u00f1o en bicicleta. La rueda trasera hace que la bicicleta se mueva, mientras que la rueda delantera proporciona direcci\u00f3n.<\/p><p>El hogar y la escuela son campos de entrenamiento donde los ni\u00f1os tienen muchas oportunidades de aprender y practicar lo que aprenden. Los padres y maestros son un modelo del que aprender y admirar en todo momento. Por tanto, su capacidad de cooperaci\u00f3n es fundamental para el desarrollo del ni\u00f1o. Cuando los padres y los maestros est\u00e1n involucrados en un proceso de desarrollo basado en valores, pueden transmitir altos ideales a los ni\u00f1os.<\/p>\t\t\t\t\t\t\t\t<\/div>\n\t\t\t\t<\/div>\n\t\t\t\t\t<\/div>\n\t\t\t\t<\/div>\n\t\t<div class=\"elementor-element elementor-element-2e48b62 e-flex e-con-boxed e-con e-parent\" data-id=\"2e48b62\" data-element_type=\"container\" data-settings=\"{&quot;_ha_eqh_enable&quot;:false}\">\n\t\t\t\t\t<div class=\"e-con-inner\">\n\t\t<div class=\"elementor-element elementor-element-62e5366 e-con-full e-flex e-con e-parent\" data-id=\"62e5366\" data-element_type=\"container\" data-settings=\"{&quot;_ha_eqh_enable&quot;:false}\">\n\t\t\t\t<div class=\"elementor-element elementor-element-97fee35 elementor-widget elementor-widget-heading\" data-id=\"97fee35\" data-element_type=\"widget\" data-widget_type=\"heading.default\">\n\t\t\t\t<div class=\"elementor-widget-container\">\n\t\t\t\t\t<h2 class=\"elementor-heading-title elementor-size-default\">Ni\u00f1o<\/h2>\t\t\t\t<\/div>\n\t\t\t\t<\/div>\n\t\t\t\t<div class=\"elementor-element elementor-element-a3d13f2 elementor-widget elementor-widget-text-editor\" data-id=\"a3d13f2\" data-element_type=\"widget\" data-widget_type=\"text-editor.default\">\n\t\t\t\t<div class=\"elementor-widget-container\">\n\t\t\t\t\t\t\t\t\t<i><span style=\"font-weight: 400;\">&#8220;Los ni\u00f1os son como cemento h\u00famedo, lo que les cae encima les impresiona&#8221;<\/span><\/i><span style=\"font-weight: 400;\">dijo Haim Ginott.\u00a0Una declaraci\u00f3n dram\u00e1tica cuando pensamos en cu\u00e1ntas cosas \u201ccaen\u201d e influyen en los ni\u00f1os de hoy.\u00a0No son solo los maestros y los padres los que afectan a los ni\u00f1os, sino su entorno, incluida la televisi\u00f3n e internet, las pel\u00edculas, los videos, los videojuegos y los tel\u00e9fonos celulares, naturalmente, sus compa\u00f1eros.\u00a0La mayor\u00eda de los estudiantes se encuentran bajo una tremenda presi\u00f3n para aprobar los ex\u00e1menes y tener \u00e9xito en sus estudios.\u00a0Al carecer de un proceso educativo orientado al desarrollo del car\u00e1cter, crecen con un conjunto de prioridades y valores falsos.\u00a0Se vuelven &#8220;m\u00e1s grandes y m\u00e1s altos&#8221; sin aprender a lidiar con sus emociones, a relacionarse con los dem\u00e1s y con el mundo en el que viven.\u00a0La mayor\u00eda de los ni\u00f1os aprenden que tener \u00e9xito significa conseguir un buen trabajo y ganar mucho dinero y, excepto en algunos casos, el considerar estar al servicio de los dem\u00e1s est\u00e1 fuera de su alcance.<\/span>\nLa educaci\u00f3n requiere el compromiso de la comunidad en general, ya que su objetivo es lograr los objetivos sociales y mejorar la calidad de vida.\u00a0Las principales partes que contribuyen al \u00e9xito de un proceso educativo son los padres y los profesores.\u00a0El hogar y la escuela son campos de entrenamiento donde los ni\u00f1os tienen muchas oportunidades de aprender y practicar lo que aprenden.\u00a0Los padres y maestros son un modelo del que aprender y admirar en todo momento.\u00a0Por tanto, su capacidad de cooperaci\u00f3n es fundamental para el desarrollo del ni\u00f1o.\u00a0Cuando los padres y los maestros se involucran en un proceso de desarrollo basado en valores, transmitir\u00e1n a los ni\u00f1os sus hallazgos, su determinaci\u00f3n de mejorar y su gusto por aprender.\t\t\t\t\t\t\t\t<\/div>\n\t\t\t\t<\/div>\n\t\t\t\t<\/div>\n\t\t<div class=\"elementor-element elementor-element-ed6ac34 e-con-full e-flex e-con e-parent\" data-id=\"ed6ac34\" data-element_type=\"container\" data-settings=\"{&quot;_ha_eqh_enable&quot;:false}\">\n\t\t\t\t<div class=\"elementor-element elementor-element-176b1ea elementor-widget elementor-widget-image\" data-id=\"176b1ea\" data-element_type=\"widget\" data-widget_type=\"image.default\">\n\t\t\t\t<div class=\"elementor-widget-container\">\n\t\t\t\t\t\t\t\t\t\t\t\t\t\t\t<img fetchpriority=\"high\" decoding=\"async\" width=\"735\" height=\"957\" src=\"https:\/\/i0.wp.com\/fundacionprema.org\/ws\/wp-content\/uploads\/2023\/08\/Nino.png?fit=735%2C957&amp;ssl=1\" class=\"attachment-large size-large wp-image-1554\" alt=\"\" srcset=\"https:\/\/i0.wp.com\/fundacionprema.org\/ws\/wp-content\/uploads\/2023\/08\/Nino.png?w=735&amp;ssl=1 735w, https:\/\/i0.wp.com\/fundacionprema.org\/ws\/wp-content\/uploads\/2023\/08\/Nino.png?resize=230%2C300&amp;ssl=1 230w\" sizes=\"(max-width: 735px) 100vw, 735px\" \/>\t\t\t\t\t\t\t\t\t\t\t\t\t\t\t<\/div>\n\t\t\t\t<\/div>\n\t\t\t\t<\/div>\n\t\t\t\t\t<\/div>\n\t\t\t\t<\/div>\n\t\t<div class=\"elementor-element elementor-element-80b3435 e-flex e-con-boxed e-con e-parent\" data-id=\"80b3435\" data-element_type=\"container\" data-settings=\"{&quot;_ha_eqh_enable&quot;:false}\">\n\t\t\t\t\t<div class=\"e-con-inner\">\n\t\t<div class=\"elementor-element elementor-element-4f2a537 e-con-full e-flex e-con e-parent\" data-id=\"4f2a537\" data-element_type=\"container\" data-settings=\"{&quot;_ha_eqh_enable&quot;:false}\">\n\t\t\t\t<div class=\"elementor-element elementor-element-91d842b elementor-widget elementor-widget-heading\" data-id=\"91d842b\" data-element_type=\"widget\" data-widget_type=\"heading.default\">\n\t\t\t\t<div class=\"elementor-widget-container\">\n\t\t\t\t\t<h2 class=\"elementor-heading-title elementor-size-default\">Los Maestros<\/h2>\t\t\t\t<\/div>\n\t\t\t\t<\/div>\n\t\t\t\t<div class=\"elementor-element elementor-element-9ff90c8 elementor-widget elementor-widget-text-editor\" data-id=\"9ff90c8\" data-element_type=\"widget\" data-widget_type=\"text-editor.default\">\n\t\t\t\t<div class=\"elementor-widget-container\">\n\t\t\t\t\t\t\t\t\tEn el coraz\u00f3n del PVH est\u00e1n los profesores. No solo exponen a los ni\u00f1os al conocimiento acad\u00e9mico, sino que tambi\u00e9n transmiten conocimientos morales, \u00e9ticos y espirituales, al tiempo que animan a sus alumnos a descubrir su potencial oculto y a esforzarse por sacarlo a la luz. Es con este esp\u00edritu que los maestros de ESSVH apoyan a los ni\u00f1os y j\u00f3venes en el cultivo de aptitudes y una variedad de habilidades, pero tambi\u00e9n nobles ideales.\nLos docentes que deseen adoptar un programa educativo basado en valores y, espec\u00edficamente, el PVH, necesariamente deben vivir de acuerdo con los valores del programa. Los valores humanos no se pueden ense\u00f1ar desde detr\u00e1s de un escritorio. Ning\u00fan libro o conferencia puede explicarlos. Cuando los profesores son coherentes con los valores ense\u00f1ados, asumen autoridad y se ganan el respeto. Cuando son respetuosos, atentos, observadores y buenos oyentes, los alumnos apreciar\u00e1n estas mismas virtudes y aprender\u00e1n a expresarlas en cada acto propio.\n\u201cLos profesores son como un tanque de agua y los estudiantes como grifos. Al igual que el agua en el tanque, tambi\u00e9n estar\u00e1 el agua del grifo. Si el agua del tanque es pura, la misma llegar\u00e1 a los grifos &#8220;.\n~ Sathya Sai\n\t\t\t\t\t\t\t\t<\/div>\n\t\t\t\t<\/div>\n\t\t\t\t<\/div>\n\t\t<div class=\"elementor-element elementor-element-d39eedb e-con-full e-flex e-con e-parent\" data-id=\"d39eedb\" data-element_type=\"container\" data-settings=\"{&quot;_ha_eqh_enable&quot;:false}\">\n\t\t\t\t<div class=\"elementor-element elementor-element-942a83b elementor-widget elementor-widget-image\" data-id=\"942a83b\" data-element_type=\"widget\" data-widget_type=\"image.default\">\n\t\t\t\t<div class=\"elementor-widget-container\">\n\t\t\t\t\t\t\t\t\t\t\t\t\t\t\t<img decoding=\"async\" width=\"735\" height=\"957\" src=\"https:\/\/i0.wp.com\/fundacionprema.org\/ws\/wp-content\/uploads\/2023\/06\/LE-maestro.png?fit=735%2C957&amp;ssl=1\" class=\"attachment-large size-large wp-image-1045\" alt=\"\" srcset=\"https:\/\/i0.wp.com\/fundacionprema.org\/ws\/wp-content\/uploads\/2023\/06\/LE-maestro.png?w=735&amp;ssl=1 735w, https:\/\/i0.wp.com\/fundacionprema.org\/ws\/wp-content\/uploads\/2023\/06\/LE-maestro.png?resize=230%2C300&amp;ssl=1 230w\" sizes=\"(max-width: 735px) 100vw, 735px\" \/>\t\t\t\t\t\t\t\t\t\t\t\t\t\t\t<\/div>\n\t\t\t\t<\/div>\n\t\t\t\t<\/div>\n\t\t\t\t\t<\/div>\n\t\t\t\t<\/div>\n\t\t<div class=\"elementor-element elementor-element-6f58c25 e-flex e-con-boxed e-con e-parent\" data-id=\"6f58c25\" data-element_type=\"container\" data-settings=\"{&quot;_ha_eqh_enable&quot;:false}\">\n\t\t\t\t\t<div class=\"e-con-inner\">\n\t\t<div class=\"elementor-element elementor-element-edcdbee e-con-full e-flex e-con e-parent\" data-id=\"edcdbee\" data-element_type=\"container\" data-settings=\"{&quot;_ha_eqh_enable&quot;:false}\">\n\t\t\t\t<div class=\"elementor-element elementor-element-8004340 elementor-widget elementor-widget-heading\" data-id=\"8004340\" data-element_type=\"widget\" data-widget_type=\"heading.default\">\n\t\t\t\t<div class=\"elementor-widget-container\">\n\t\t\t\t\t<h2 class=\"elementor-heading-title elementor-size-default\">Los Padres<\/h2>\t\t\t\t<\/div>\n\t\t\t\t<\/div>\n\t\t\t\t<div class=\"elementor-element elementor-element-2ea2708 elementor-widget elementor-widget-text-editor\" data-id=\"2ea2708\" data-element_type=\"widget\" data-widget_type=\"text-editor.default\">\n\t\t\t\t<div class=\"elementor-widget-container\">\n\t\t\t\t\t\t\t\t\tLa imagen de los padres y maestros que cuidan a los j\u00f3venes de la misma manera que los jardineros cuidan sus flores resiste la prueba del tiempo. El arte de la jardiner\u00eda se nutre del cuidado, la paciencia y la perseverancia, la autodisciplina, la confianza y la visi\u00f3n. Estas mismas cualidades tambi\u00e9n son necesarias para criar y educar a un ni\u00f1o. Los padres y maestros establecen l\u00edmites, con amor pero con firmeza cuando es necesario. Los ni\u00f1os que crecen en una atm\u00f3sfera de trabajo conjunto armonioso, basado en una escala de valores que son la manifestaci\u00f3n natural del coraz\u00f3n humano, se convertir\u00e1n en adultos responsables y seguros de s\u00ed mismos y miembros activos de la sociedad.\nLa influencia de los padres en la mente de los ni\u00f1os es la influencia principal y predominante en sus patrones de personalidad y comportamiento. Los primeros a\u00f1os de vida son los m\u00e1s importantes para el desarrollo del car\u00e1cter. Por tanto, el papel de los padres es vital. Los padres tienen la responsabilidad de ser los principales modelos a seguir para sus hijos. Establecer un ritmo com\u00fan en casa y en clase permitir\u00e1 a los ni\u00f1os avanzar tanto en la escuela como en su vida privada. Los padres que son ejemplos para sus hijos lograr\u00e1n compartir la esencia de los valores humanos a trav\u00e9s de su propia vida.\n\u201cLos ni\u00f1os son generalmente buenos por naturaleza y est\u00e1n dispuestos a cumplir con su deber y brillar bien en los estudios. Una de las causas de su rebeld\u00eda e indisciplina ocasional radica en los ancianos, que dan malos ejemplos de verdad y dominio propio &#8220;.\n~ Sathya Sai\n\t\t\t\t\t\t\t\t<\/div>\n\t\t\t\t<\/div>\n\t\t\t\t<\/div>\n\t\t<div class=\"elementor-element elementor-element-91a6ee7 e-con-full e-flex e-con e-parent\" data-id=\"91a6ee7\" data-element_type=\"container\" data-settings=\"{&quot;_ha_eqh_enable&quot;:false}\">\n\t\t\t\t<div class=\"elementor-element elementor-element-a9ec3a2 elementor-widget elementor-widget-image\" data-id=\"a9ec3a2\" data-element_type=\"widget\" data-widget_type=\"image.default\">\n\t\t\t\t<div class=\"elementor-widget-container\">\n\t\t\t\t\t\t\t\t\t\t\t\t\t\t\t<img decoding=\"async\" width=\"735\" height=\"957\" src=\"https:\/\/i0.wp.com\/fundacionprema.org\/ws\/wp-content\/uploads\/2023\/06\/Padres.png?fit=735%2C957&amp;ssl=1\" class=\"attachment-large size-large wp-image-1055\" alt=\"\" srcset=\"https:\/\/i0.wp.com\/fundacionprema.org\/ws\/wp-content\/uploads\/2023\/06\/Padres.png?w=735&amp;ssl=1 735w, https:\/\/i0.wp.com\/fundacionprema.org\/ws\/wp-content\/uploads\/2023\/06\/Padres.png?resize=230%2C300&amp;ssl=1 230w\" sizes=\"(max-width: 735px) 100vw, 735px\" \/>\t\t\t\t\t\t\t\t\t\t\t\t\t\t\t<\/div>\n\t\t\t\t<\/div>\n\t\t\t\t<\/div>\n\t\t\t\t\t<\/div>\n\t\t\t\t<\/div>\n\t\t\t\t<\/div>\n\t\t","protected":false},"excerpt":{"rendered":"<p>La Integraci\u00f3n La verdadera educaci\u00f3n no comienza ni termina en la escuela. Es un proceso de aprendizaje de por vida. \u00a0Los padres y los maestros sientan las bases de este proceso y deben apoyar sus funciones complementarias fomentando los mismos principios en la escuela y en el hogar. Sathya Sai explica esto con el ejemplo [&hellip;]<\/p>\n","protected":false},"author":1,"featured_media":0,"parent":0,"menu_order":0,"comment_status":"closed","ping_status":"closed","template":"","meta":{"footnotes":""},"class_list":["post-998","page","type-page","status-publish","hentry"],"jetpack_sharing_enabled":true,"_links":{"self":[{"href":"https:\/\/fundacionprema.org\/ws\/wp-json\/wp\/v2\/pages\/998","targetHints":{"allow":["GET"]}}],"collection":[{"href":"https:\/\/fundacionprema.org\/ws\/wp-json\/wp\/v2\/pages"}],"about":[{"href":"https:\/\/fundacionprema.org\/ws\/wp-json\/wp\/v2\/types\/page"}],"author":[{"embeddable":true,"href":"https:\/\/fundacionprema.org\/ws\/wp-json\/wp\/v2\/users\/1"}],"replies":[{"embeddable":true,"href":"https:\/\/fundacionprema.org\/ws\/wp-json\/wp\/v2\/comments?post=998"}],"version-history":[{"count":58,"href":"https:\/\/fundacionprema.org\/ws\/wp-json\/wp\/v2\/pages\/998\/revisions"}],"predecessor-version":[{"id":1557,"href":"https:\/\/fundacionprema.org\/ws\/wp-json\/wp\/v2\/pages\/998\/revisions\/1557"}],"wp:attachment":[{"href":"https:\/\/fundacionprema.org\/ws\/wp-json\/wp\/v2\/media?parent=998"}],"curies":[{"name":"wp","href":"https:\/\/api.w.org\/{rel}","templated":true}]}}